{"id":2460,"date":"2021-12-14T17:35:37","date_gmt":"2021-12-14T15:35:37","guid":{"rendered":"http:\/\/experienciesculturals.cat\/inici\/"},"modified":"2025-03-14T14:41:09","modified_gmt":"2025-03-14T12:41:09","slug":"inici","status":"publish","type":"page","link":"https:\/\/www.experienciesculturals.cat\/es\/","title":{"rendered":"Inicio"},"content":{"rendered":"<p>[et_pb_section fb_built=\u00bb1&#8243; admin_label=\u00bbHeader\u00bb _builder_version=\u00bb4.16&#8243; z_index=\u00bb10&#8243; overflow-x=\u00bbhidden\u00bb custom_padding=\u00bb|||||\u00bb global_colors_info=\u00bb{}\u00bb][et_pb_row column_structure=\u00bb3_5,2_5&#8243; _builder_version=\u00bb4.16&#8243; z_index=\u00bb10&#8243; global_colors_info=\u00bb{}\u00bb][et_pb_column type=\u00bb3_5&#8243; _builder_version=\u00bb4.16&#8243; custom_padding=\u00bb|||\u00bb global_colors_info=\u00bb{}\u00bb custom_padding__hover=\u00bb|||\u00bb][et_pb_text _builder_version=\u00bb4.16&#8243; text_font=\u00bbLato||||||||\u00bb text_font_size=\u00bb20px\u00bb text_line_height=\u00bb1.8em\u00bb header_font=\u00bbPT Serif|700|||||||\u00bb header_font_size=\u00bb80px\u00bb header_line_height=\u00bb1.2em\u00bb text_font_size_tablet=\u00bb\u00bb text_font_size_phone=\u00bb18px\u00bb text_font_size_last_edited=\u00bbon|phone\u00bb header_font_size_tablet=\u00bb60px\u00bb header_font_size_phone=\u00bb36px\u00bb header_font_size_last_edited=\u00bbon|phone\u00bb global_colors_info=\u00bb{}\u00bb]<\/p>\n<h1>Experiencias culturales<\/h1>\n<p><strong>Vive la historia y disfruta del patrimonio!<\/strong><br \/>\nACTIVIDADES PERFECTAS PARA PAREJAS, FAMILIAS Y AMIGOS<br \/>\nQUE LES ENCANTA DESCUBRIR LOS SECRETOS DE NUESTRO PA\u00cdS<br \/>\nCONOCER LA CULTURA Y EL PATRIMONIO ES AMARLOS<\/p>\n<p>[\/et_pb_text][\/et_pb_column][et_pb_column type=\u00bb2_5&#8243; _builder_version=\u00bb4.16&#8243; custom_padding=\u00bb|||\u00bb global_colors_info=\u00bb{}\u00bb custom_padding__hover=\u00bb|||\u00bb][et_pb_image src=\u00bbhttps:\/\/experienciesculturals.cat\/wp-content\/uploads\/2021\/12\/sight-seeing-44.png\u00bb title_text=\u00bbhome\u00bb _builder_version=\u00bb4.16&#8243; background_image=\u00bbhttps:\/\/experienciesculturals.cat\/wp-content\/uploads\/2021\/12\/home-9.jpg\u00bb transform_scale=\u00bb200%|200%\u00bb transform_scale_tablet=\u00bb100%|100%\u00bb transform_scale_phone=\u00bb\u00bb transform_scale_last_edited=\u00bbon|desktop\u00bb transform_translate_tablet=\u00bb\u00bb transform_translate_phone=\u00bb\u00bb transform_translate_last_edited=\u00bbon|desktop\u00bb transform_rotate_tablet=\u00bb\u00bb transform_rotate_phone=\u00bb\u00bb transform_rotate_last_edited=\u00bbon|desktop\u00bb transform_skew_tablet=\u00bb\u00bb transform_skew_phone=\u00bb\u00bb transform_skew_last_edited=\u00bbon|desktop\u00bb transform_origin=\u00bb10%|50%\u00bb transform_origin_tablet=\u00bb\u00bb transform_origin_phone=\u00bb\u00bb transform_origin_last_edited=\u00bbon|desktop\u00bb transform_styles_last_edited=\u00bbon|desktop\u00bb max_width_tablet=\u00bb400px\u00bb max_width_phone=\u00bb\u00bb max_width_last_edited=\u00bbon|desktop\u00bb custom_margin=\u00bb||-80px\u00bb custom_margin_tablet=\u00bb0px|0vw||\u00bb custom_margin_last_edited=\u00bboff|tablet\u00bb transform_styles_tablet=\u00bb\u00bb transform_styles_phone=\u00bb\u00bb global_colors_info=\u00bb{}\u00bb][\/et_pb_image][et_pb_text _builder_version=\u00bb4.16&#8243; text_font=\u00bbLato||||||||\u00bb text_font_size=\u00bb18px\u00bb text_line_height=\u00bb1.8em\u00bb header_font=\u00bb||||||||\u00bb header_2_font=\u00bb||||||||\u00bb header_3_font=\u00bbLato|900|||||||\u00bb header_3_font_size=\u00bb26px\u00bb header_3_line_height=\u00bb1.6em\u00bb background_color=\u00bb#ffffff\u00bb text_orientation=\u00bbjustify\u00bb custom_margin=\u00bb|||-200px\u00bb custom_margin_tablet=\u00bb|||0px\u00bb custom_margin_phone=\u00bb-200px||\u00bb custom_margin_last_edited=\u00bbon|desktop\u00bb custom_padding=\u00bb50px|40px|50px|40px|true|true\u00bb custom_padding_tablet=\u00bb\u00bb custom_padding_phone=\u00bb30px|20px|30px|20px|true|true\u00bb custom_padding_last_edited=\u00bbon|desktop\u00bb text_font_size_tablet=\u00bb\u00bb text_font_size_phone=\u00bb15px\u00bb text_font_size_last_edited=\u00bbon|desktop\u00bb header_3_font_size_tablet=\u00bb20px\u00bb header_3_font_size_phone=\u00bb16px\u00bb header_3_font_size_last_edited=\u00bbon|desktop\u00bb custom_css_main_element=\u00bbposition: relative;\u00bb box_shadow_style=\u00bbpreset3&#8243; text_text_align=\u00bbjustify\u00bb locked=\u00bboff\u00bb global_colors_info=\u00bb{}\u00bb]<\/p>\n<h3>\u00bfTienes curiosidad y ganas de descubrir la comarca de la Selva, Girona, la Costa Brava y su entorno?<\/h3>\n<p>Quieres pasar un buen rato descubriendo <strong>lugares, historias, curiosidades y leyendas<\/strong>? Pues est\u00e1s en el lugar correcto! <strong>Somos expertos en las zonas donde hacemos las visitas, rutas y experiencias culturales.<\/strong> \u00a1Queremos que disfrutes con la historia y el patrimonio, que lo sientas tuyo y que lo vivas!<\/p>\n<p>[\/et_pb_text][\/et_pb_column][\/et_pb_row][et_pb_row column_structure=\u00bb2_5,3_5&#8243; _builder_version=\u00bb4.16&#8243; global_colors_info=\u00bb{}\u00bb][et_pb_column type=\u00bb2_5&#8243; _builder_version=\u00bb4.16&#8243; custom_padding=\u00bb|||\u00bb global_colors_info=\u00bb{}\u00bb custom_padding__hover=\u00bb|||\u00bb][et_pb_image src=\u00bbhttps:\/\/experienciesculturals.cat\/wp-content\/uploads\/2021\/12\/sight-seeing-45.png\u00bb title_text=\u00bbhome-2&#8243; align=\u00bbright\u00bb _builder_version=\u00bb4.16&#8243; background_image=\u00bbhttps:\/\/experienciesculturals.cat\/wp-content\/uploads\/2021\/12\/home-2.jpg\u00bb parallax=\u00bbon\u00bb transform_origin=\u00bb70%|50%\u00bb max_width_tablet=\u00bb400px\u00bb max_width_phone=\u00bb\u00bb max_width_last_edited=\u00bbon|desktop\u00bb custom_margin=\u00bb-440px||-32vw|-260px|false|\u00bb custom_margin_tablet=\u00bb-20vw||0vw|0px\u00bb custom_margin_phone=\u00bb||\u00bb custom_margin_last_edited=\u00bbon|phone\u00bb global_colors_info=\u00bb{}\u00bb][\/et_pb_image][\/et_pb_column][et_pb_column type=\u00bb3_5&#8243; _builder_version=\u00bb4.16&#8243; custom_padding=\u00bb|||\u00bb global_colors_info=\u00bb{}\u00bb custom_padding__hover=\u00bb|||\u00bb][\/et_pb_column][\/et_pb_row][et_pb_row column_structure=\u00bb1_2,1_2&#8243; make_equal=\u00bbon\u00bb padding_top_bottom_link_2=\u00bbtrue\u00bb _builder_version=\u00bb4.16&#8243; width=\u00bb100%\u00bb max_width=\u00bbnone\u00bb global_colors_info=\u00bb{}\u00bb][et_pb_column type=\u00bb1_2&#8243; _builder_version=\u00bb4.16&#8243; custom_padding=\u00bb185px||100px|10vw\u00bb custom_padding_tablet=\u00bb0px|10vw|0px|10vw||true\u00bb custom_padding_phone=\u00bb0px|10vw|0px|10vw||true\u00bb custom_padding_last_edited=\u00bbon|desktop\u00bb custom_css_main_element=\u00bbz-index: 10;\u00bb global_colors_info=\u00bb{}\u00bb custom_padding__hover=\u00bb|||\u00bb][et_pb_image src=\u00bbhttps:\/\/experienciesculturals.cat\/wp-content\/uploads\/2021\/12\/home-3.jpg\u00bb title_text=\u00bbhome-3&#8243; show_bottom_space=\u00bboff\u00bb _builder_version=\u00bb4.16&#8243; transform_scale_tablet=\u00bb\u00bb transform_scale_phone=\u00bb\u00bb transform_scale_last_edited=\u00bbon|desktop\u00bb transform_translate=\u00bb130px|0px\u00bb transform_translate_tablet=\u00bb0px|0px\u00bb transform_translate_phone=\u00bb\u00bb transform_translate_last_edited=\u00bbon|tablet\u00bb transform_translate_linked=\u00bboff\u00bb transform_rotate_tablet=\u00bb\u00bb transform_rotate_phone=\u00bb\u00bb transform_rotate_last_edited=\u00bbon|desktop\u00bb transform_skew_tablet=\u00bb\u00bb transform_skew_phone=\u00bb\u00bb transform_skew_last_edited=\u00bbon|desktop\u00bb transform_origin_tablet=\u00bb\u00bb transform_origin_phone=\u00bb\u00bb transform_origin_last_edited=\u00bbon|desktop\u00bb transform_styles_last_edited=\u00bbon|tablet\u00bb custom_margin=\u00bb|||||\u00bb custom_padding=\u00bb|||||\u00bb transform_styles_tablet=\u00bb\u00bb transform_styles_phone=\u00bb\u00bb border_width_all=\u00bb7px\u00bb border_color_all=\u00bb#ffffff\u00bb box_shadow_style=\u00bbpreset3&#8243; box_shadow_vertical=\u00bb15px\u00bb box_shadow_blur=\u00bb45px\u00bb box_shadow_spread=\u00bb-15px\u00bb box_shadow_color=\u00bbrgba(0,0,0,0.25)\u00bb locked=\u00bboff\u00bb global_colors_info=\u00bb{}\u00bb][\/et_pb_image][\/et_pb_column][et_pb_column type=\u00bb1_2&#8243; _builder_version=\u00bb4.16&#8243; background_color=\u00bb#ac7813&#8243; custom_padding=\u00bb140px|10vw|140px|120px\u00bb custom_padding_tablet=\u00bb60px|10vw|60px|10vw|true|true\u00bb custom_padding_phone=\u00bb60px|10vw|60px|10vw|true|true\u00bb custom_padding_last_edited=\u00bbon|desktop\u00bb global_colors_info=\u00bb{}\u00bb custom_padding__hover=\u00bb|||\u00bb][et_pb_text _builder_version=\u00bb4.16&#8243; text_font=\u00bbLato||||||||\u00bb text_font_size=\u00bb18px\u00bb text_line_height=\u00bb1.8em\u00bb header_font=\u00bb||||||||\u00bb header_2_font=\u00bbPT Serif|700|||||||\u00bb header_2_font_size=\u00bb42px\u00bb header_2_line_height=\u00bb1.2em\u00bb background_layout=\u00bbdark\u00bb width=\u00bb100%\u00bb max_width=\u00bb400px\u00bb max_width_tablet=\u00bb100%\u00bb max_width_phone=\u00bb\u00bb max_width_last_edited=\u00bbon|desktop\u00bb custom_margin=\u00bb|||\u00bb header_2_font_tablet=\u00bb\u00bb header_2_font_phone=\u00bb\u00bb header_2_font_last_edited=\u00bbon|tablet\u00bb header_2_font_size_tablet=\u00bb\u00bb header_2_font_size_phone=\u00bb30px\u00bb header_2_font_size_last_edited=\u00bbon|desktop\u00bb locked=\u00bboff\u00bb global_colors_info=\u00bb{}\u00bb]<\/p>\n<h2>\u00bfQu\u00e9 os proponemos?<\/h2>\n<p>[\/et_pb_text][et_pb_divider color=\u00bb#ffffff\u00bb divider_weight=\u00bb3px\u00bb _builder_version=\u00bb4.16&#8243; width=\u00bb100px\u00bb custom_margin=\u00bb||0px\u00bb global_colors_info=\u00bb{}\u00bb][\/et_pb_divider][et_pb_text _builder_version=\u00bb4.16&#8243; text_font=\u00bbLato||||||||\u00bb text_font_size=\u00bb18px\u00bb text_line_height=\u00bb1.8em\u00bb header_font=\u00bb||||||||\u00bb header_2_font=\u00bbPT Serif||||||||\u00bb header_2_font_size=\u00bb42px\u00bb header_2_line_height=\u00bb1.2em\u00bb text_orientation=\u00bbjustify\u00bb background_layout=\u00bbdark\u00bb width=\u00bb100%\u00bb max_width=\u00bb400px\u00bb max_width_tablet=\u00bb100%\u00bb max_width_phone=\u00bb\u00bb max_width_last_edited=\u00bbon|tablet\u00bb custom_margin=\u00bb|||\u00bb text_font_size_tablet=\u00bb\u00bb text_font_size_phone=\u00bb15px\u00bb text_font_size_last_edited=\u00bbon|desktop\u00bb header_2_font_tablet=\u00bb\u00bb header_2_font_phone=\u00bb\u00bb header_2_font_last_edited=\u00bbon|tablet\u00bb header_2_font_size_tablet=\u00bb\u00bb header_2_font_size_phone=\u00bb30px\u00bb header_2_font_size_last_edited=\u00bbon|desktop\u00bb text_text_align=\u00bbjustify\u00bb locked=\u00bboff\u00bb global_colors_info=\u00bb{}\u00bb]<\/p>\n<h2><\/h2>\n<p>Descubrir nuestro pa\u00eds, disfrutar del patrimonio, inspirarse observando, fotografiar detalles arquitect\u00f3nicos o naturales, pisar el territorio y respirar la naturaleza.<\/p>\n<p>Estas son algunas de les propuestas que os invitamos a hacer con nuestras Experiencias Culturales: Visitas con el arque\u00f3logo, Visitas o Rutas Culturales y Rutas de Descubrimiento.<\/p>\n<p>Con las Experiencias Culturales de Atri Cultura i Patrimoni os ofrecemos un viaje cultural al pasado a trav\u00e9s del patrimonio, la historia y el paisaje de la Selva hist\u00f3rica<\/p>\n<p>[\/et_pb_text][\/et_pb_column][\/et_pb_row][\/et_pb_section][et_pb_section fb_built=\u00bb1&#8243; admin_label=\u00bbSights\u00bb _builder_version=\u00bb4.16&#8243; use_background_color_gradient=\u00bbon\u00bb background_color_gradient_direction=\u00bb90deg\u00bb background_color_gradient_stops=\u00bb#4e4c77 0%|rgba(36,46,66,0.8) 61%\u00bb background_color_gradient_overlays_image=\u00bbon\u00bb background_color_gradient_start=\u00bb#4e4c77&#8243; background_color_gradient_end=\u00bbrgba(36,46,66,0.8)\u00bb background_color_gradient_end_position=\u00bb61%\u00bb background_image=\u00bbhttps:\/\/experienciesculturals.cat\/wp-content\/uploads\/2021\/12\/home-4.jpg\u00bb background_position=\u00bbbottom_center\u00bb custom_padding=\u00bb||0px|||\u00bb global_colors_info=\u00bb{}\u00bb][et_pb_row _builder_version=\u00bb4.16&#8243; _module_preset=\u00bbdefault\u00bb global_colors_info=\u00bb{}\u00bb][et_pb_column type=\u00bb4_4&#8243; _builder_version=\u00bb4.16&#8243; _module_preset=\u00bbdefault\u00bb global_colors_info=\u00bb{}\u00bb][et_pb_text _builder_version=\u00bb4.16&#8243; text_font=\u00bbPT Serif||||||||\u00bb text_font_size=\u00bb28px\u00bb text_line_height=\u00bb1.8em\u00bb background_layout=\u00bbdark\u00bb custom_margin=\u00bb|||||\u00bb custom_margin_phone=\u00bb|||0vw\u00bb custom_margin_last_edited=\u00bboff|desktop\u00bb custom_padding=\u00bb||\u00bb global_colors_info=\u00bb{}\u00bb]<\/p>\n<p>EXPERIENCIAS CULTURALES PARA GRUPOS CON RESERVA PREVIA<\/p>\n<p>[\/et_pb_text][\/et_pb_column][\/et_pb_row][et_pb_row column_structure=\u00bb1_2,1_2&#8243; _builder_version=\u00bb4.16&#8243; global_colors_info=\u00bb{}\u00bb][et_pb_column type=\u00bb1_2&#8243; _builder_version=\u00bb4.16&#8243; custom_padding=\u00bb|||\u00bb global_colors_info=\u00bb{}\u00bb custom_padding__hover=\u00bb|||\u00bb][et_pb_divider show_divider=\u00bboff\u00bb _builder_version=\u00bb4.16&#8243; min_height=\u00bb550px\u00bb min_height_tablet=\u00bb100px\u00bb min_height_phone=\u00bb\u00bb min_height_last_edited=\u00bbon|desktop\u00bb border_width_all=\u00bb40px\u00bb border_color_all=\u00bb#ffd400&#8243; border_width_all_tablet=\u00bb\u00bb border_width_all_phone=\u00bb3px\u00bb border_width_all_last_edited=\u00bbon|desktop\u00bb box_shadow_style=\u00bbpreset1&#8243; box_shadow_blur=\u00bb33px\u00bb box_shadow_spread=\u00bb22px\u00bb box_shadow_color=\u00bb#242e42&#8243; global_colors_info=\u00bb{}\u00bb][\/et_pb_divider][\/et_pb_column][et_pb_column type=\u00bb1_2&#8243; _builder_version=\u00bb4.16&#8243; custom_padding=\u00bb80px||40px||false|false\u00bb custom_padding_tablet=\u00bb0px||\u00bb custom_padding_phone=\u00bb0px||\u00bb custom_padding_last_edited=\u00bbon|desktop\u00bb global_colors_info=\u00bb{}\u00bb custom_padding__hover=\u00bb|||\u00bb][et_pb_text _builder_version=\u00bb4.16&#8243; header_font=\u00bb||||||||\u00bb header_2_font=\u00bbPT Serif|700|||||||\u00bb header_2_font_size=\u00bb120px\u00bb background_layout=\u00bbdark\u00bb custom_margin=\u00bb|||-156px\u00bb custom_margin_tablet=\u00bb-130px|||0px\u00bb custom_margin_phone=\u00bb-50px||\u00bb custom_margin_last_edited=\u00bbon|tablet\u00bb header_2_font_size_tablet=\u00bb80px\u00bb header_2_font_size_phone=\u00bb40px\u00bb header_2_font_size_last_edited=\u00bbon|phone\u00bb header_2_text_shadow_style=\u00bbpreset1&#8243; header_2_text_shadow_color=\u00bbrgba(36,46,66,0.39)\u00bb global_colors_info=\u00bb{}\u00bb]<\/p>\n<h2>Nuestro top<\/h2>\n<p>[\/et_pb_text][et_pb_blurb title=\u00bbCaldes Romana y Medieval con el arque\u00f3logo\u00bb url=\u00bb@ET-DC@eyJkeW5hbWljIjp0cnVlLCJjb250ZW50IjoicG9zdF9saW5rX3VybF9wcm9kdWN0Iiwic2V0dGluZ3MiOnsicG9zdF9pZCI6IjIzMDMifX0=@\u00bb use_icon=\u00bbon\u00bb font_icon=\u00bb&#xe052;||divi||400&#8243; icon_color=\u00bb#93adcf\u00bb icon_placement=\u00bbleft\u00bb image_icon_width=\u00bb26px\u00bb _builder_version=\u00bb4.27.4&#8243; _dynamic_attributes=\u00bburl\u00bb header_font=\u00bbLato|900|||||||\u00bb header_font_size=\u00bb18px\u00bb header_line_height=\u00bb1.4em\u00bb transform_scale_last_edited=\u00bboff|desktop\u00bb transform_translate_last_edited=\u00bboff|desktop\u00bb transform_translate_linked__hover=\u00bboff\u00bb transform_rotate_last_edited=\u00bboff|desktop\u00bb transform_skew_last_edited=\u00bboff|desktop\u00bb transform_origin_last_edited=\u00bboff|desktop\u00bb transform_styles_last_edited=\u00bboff|desktop\u00bb background_layout=\u00bbdark\u00bb custom_margin=\u00bb||8px\u00bb animation=\u00bboff\u00bb hover_enabled=\u00bb0&#8243; icon_font_size=\u00bb26px\u00bb global_colors_info=\u00bb{}\u00bb transform_styles__hover_enabled=\u00bbon\u00bb transform_scale__hover_enabled=\u00bbon\u00bb transform_translate__hover_enabled=\u00bbon\u00bb transform_rotate__hover_enabled=\u00bbon\u00bb transform_skew__hover_enabled=\u00bbon\u00bb transform_origin__hover_enabled=\u00bbon\u00bb transform_translate__hover=\u00bb10px|0px\u00bb sticky_enabled=\u00bb0&#8243; admin_label=\u00bbCaldes Romana y Medieval\u00bb]<\/p>\n<p>Visita Cultural con el arque\u00f3logo<\/p>\n<p>[\/et_pb_blurb][et_pb_blurb title=\u00bbEsencia y secretos de Tossa de Mar\u00bb url=\u00bb@ET-DC@eyJkeW5hbWljIjp0cnVlLCJjb250ZW50IjoicG9zdF9saW5rX3VybF9wcm9kdWN0Iiwic2V0dGluZ3MiOnsicG9zdF9pZCI6IjIxOTIifX0=@\u00bb use_icon=\u00bbon\u00bb font_icon=\u00bb&#xe052;||divi||400&#8243; icon_color=\u00bb#93adcf\u00bb icon_placement=\u00bbleft\u00bb image_icon_width=\u00bb26px\u00bb _builder_version=\u00bb4.27.4&#8243; _dynamic_attributes=\u00bburl\u00bb header_font=\u00bbLato|900|||||||\u00bb header_font_size=\u00bb18px\u00bb header_line_height=\u00bb1.4em\u00bb transform_scale_last_edited=\u00bboff|desktop\u00bb transform_translate_last_edited=\u00bboff|desktop\u00bb transform_translate_linked__hover=\u00bboff\u00bb transform_rotate_last_edited=\u00bboff|desktop\u00bb transform_skew_last_edited=\u00bboff|desktop\u00bb transform_origin_last_edited=\u00bboff|desktop\u00bb transform_styles_last_edited=\u00bboff|desktop\u00bb background_layout=\u00bbdark\u00bb custom_margin=\u00bb||8px\u00bb animation=\u00bboff\u00bb hover_enabled=\u00bb0&#8243; icon_font_size=\u00bb26px\u00bb global_colors_info=\u00bb{}\u00bb transform_styles__hover_enabled=\u00bbon\u00bb transform_scale__hover_enabled=\u00bbon\u00bb transform_translate__hover=\u00bb10px|0px\u00bb transform_translate__hover_enabled=\u00bbon\u00bb transform_rotate__hover_enabled=\u00bbon\u00bb transform_skew__hover_enabled=\u00bbon\u00bb transform_origin__hover_enabled=\u00bbon\u00bb sticky_enabled=\u00bb0&#8243; admin_label=\u00bbEsencia y secretos de Tossa de Mar\u00bb][\/et_pb_blurb][et_pb_blurb title=\u00bbCastillos del Vizcondado de Cabrera\u00bb url=\u00bb@ET-DC@eyJkeW5hbWljIjp0cnVlLCJjb250ZW50IjoicG9zdF9saW5rX3VybF9wcm9kdWN0Iiwic2V0dGluZ3MiOnsicG9zdF9pZCI6IjIzMDcifX0=@\u00bb use_icon=\u00bbon\u00bb font_icon=\u00bb&#xe052;||divi||400&#8243; icon_color=\u00bb#93adcf\u00bb icon_placement=\u00bbleft\u00bb image_icon_width=\u00bb26px\u00bb _builder_version=\u00bb4.27.4&#8243; _dynamic_attributes=\u00bburl\u00bb header_font=\u00bbLato|900|||||||\u00bb header_font_size=\u00bb18px\u00bb header_line_height=\u00bb1.4em\u00bb transform_scale_last_edited=\u00bboff|desktop\u00bb transform_translate_last_edited=\u00bboff|desktop\u00bb transform_translate_linked__hover=\u00bboff\u00bb transform_rotate_last_edited=\u00bboff|desktop\u00bb transform_skew_last_edited=\u00bboff|desktop\u00bb transform_origin_last_edited=\u00bboff|desktop\u00bb transform_styles_last_edited=\u00bboff|desktop\u00bb background_layout=\u00bbdark\u00bb custom_margin=\u00bb||8px\u00bb animation=\u00bboff\u00bb hover_enabled=\u00bb0&#8243; icon_font_size=\u00bb26px\u00bb global_colors_info=\u00bb{}\u00bb transform_styles__hover_enabled=\u00bbon\u00bb transform_scale__hover_enabled=\u00bbon\u00bb transform_translate__hover=\u00bb10px|0px\u00bb transform_translate__hover_enabled=\u00bbon\u00bb transform_rotate__hover_enabled=\u00bbon\u00bb transform_skew__hover_enabled=\u00bbon\u00bb transform_origin__hover_enabled=\u00bbon\u00bb sticky_enabled=\u00bb0&#8243; admin_label=\u00bbCastillos del Vizcondado de Cabrera\u00bb]<\/p>\n<p>Ruta Cultural con el arque\u00f3logo<\/p>\n<p>[\/et_pb_blurb][et_pb_blurb title=\u00bbDescubre Caldes y Vive el termalismo\u00bb url=\u00bbhttps:\/\/www.experienciesculturals.cat\/es\/descobreix-caldes-i-viu-el-termalisme-caldes-de-malavella\/\u00bb use_icon=\u00bbon\u00bb font_icon=\u00bb&#xe052;||divi||400&#8243; icon_color=\u00bb#93adcf\u00bb icon_placement=\u00bbleft\u00bb image_icon_width=\u00bb26px\u00bb _builder_version=\u00bb4.27.4&#8243; header_font=\u00bbLato|900|||||||\u00bb header_font_size=\u00bb18px\u00bb header_line_height=\u00bb1.4em\u00bb transform_scale_last_edited=\u00bboff|desktop\u00bb transform_translate_last_edited=\u00bboff|desktop\u00bb transform_translate_linked__hover=\u00bboff\u00bb transform_rotate_last_edited=\u00bboff|desktop\u00bb transform_skew_last_edited=\u00bboff|desktop\u00bb transform_origin_last_edited=\u00bboff|desktop\u00bb transform_styles_last_edited=\u00bboff|desktop\u00bb background_layout=\u00bbdark\u00bb custom_margin=\u00bb||8px\u00bb animation=\u00bboff\u00bb hover_enabled=\u00bb0&#8243; icon_font_size=\u00bb26px\u00bb global_colors_info=\u00bb{}\u00bb transform_styles__hover_enabled=\u00bbon\u00bb transform_scale__hover_enabled=\u00bbon\u00bb transform_translate__hover=\u00bb10px|0px\u00bb transform_translate__hover_enabled=\u00bbon\u00bb transform_rotate__hover_enabled=\u00bbon\u00bb transform_skew__hover_enabled=\u00bbon\u00bb transform_origin__hover_enabled=\u00bbon\u00bb sticky_enabled=\u00bb0&#8243; admin_label=\u00bbDescubre Caldes y Vive el termalismo\u00bb][\/et_pb_blurb][et_pb_blurb title=\u00bbLos misterios de la Blanes G\u00f3tica\u00bb url=\u00bb@ET-DC@eyJkeW5hbWljIjp0cnVlLCJjb250ZW50IjoicG9zdF9saW5rX3VybF9wcm9kdWN0Iiwic2V0dGluZ3MiOnsicG9zdF9pZCI6IjIxODQifX0=@\u00bb use_icon=\u00bbon\u00bb font_icon=\u00bb&#xe052;||divi||400&#8243; icon_color=\u00bb#93adcf\u00bb icon_placement=\u00bbleft\u00bb image_icon_width=\u00bb26px\u00bb _builder_version=\u00bb4.27.4&#8243; _dynamic_attributes=\u00bburl\u00bb header_font=\u00bbLato|900|||||||\u00bb header_font_size=\u00bb18px\u00bb header_line_height=\u00bb1.4em\u00bb transform_scale_last_edited=\u00bboff|desktop\u00bb transform_translate_last_edited=\u00bboff|desktop\u00bb transform_translate_linked__hover=\u00bboff\u00bb transform_rotate_last_edited=\u00bboff|desktop\u00bb transform_skew_last_edited=\u00bboff|desktop\u00bb transform_origin_last_edited=\u00bboff|desktop\u00bb transform_styles_last_edited=\u00bboff|desktop\u00bb background_layout=\u00bbdark\u00bb custom_margin=\u00bb||8px\u00bb animation=\u00bboff\u00bb hover_enabled=\u00bb0&#8243; icon_font_size=\u00bb26px\u00bb global_colors_info=\u00bb{}\u00bb transform_styles__hover_enabled=\u00bbon\u00bb transform_scale__hover_enabled=\u00bbon\u00bb transform_translate__hover=\u00bb10px|0px\u00bb transform_translate__hover_enabled=\u00bbon\u00bb transform_rotate__hover_enabled=\u00bbon\u00bb transform_skew__hover_enabled=\u00bbon\u00bb transform_origin__hover_enabled=\u00bbon\u00bb sticky_enabled=\u00bb0&#8243; admin_label=\u00bbLos misterios de la Blanes G\u00f3tica\u00bb][\/et_pb_blurb][et_pb_blurb title=\u00bbDescubrimiento del castillo rom\u00e1nico de Farners\u00bb url=\u00bb@ET-DC@eyJkeW5hbWljIjp0cnVlLCJjb250ZW50IjoicG9zdF9saW5rX3VybF9wcm9kdWN0Iiwic2V0dGluZ3MiOnsicG9zdF9pZCI6IjIyMDAifX0=@\u00bb use_icon=\u00bbon\u00bb font_icon=\u00bb&#xe052;||divi||400&#8243; icon_color=\u00bb#93adcf\u00bb icon_placement=\u00bbleft\u00bb image_icon_width=\u00bb26px\u00bb _builder_version=\u00bb4.27.4&#8243; _dynamic_attributes=\u00bburl\u00bb header_font=\u00bbLato|900|||||||\u00bb header_font_size=\u00bb18px\u00bb header_line_height=\u00bb1.4em\u00bb transform_scale_last_edited=\u00bboff|desktop\u00bb transform_translate_last_edited=\u00bboff|desktop\u00bb transform_translate_linked__hover=\u00bboff\u00bb transform_rotate_last_edited=\u00bboff|desktop\u00bb transform_skew_last_edited=\u00bboff|desktop\u00bb transform_origin_last_edited=\u00bboff|desktop\u00bb transform_styles_last_edited=\u00bboff|desktop\u00bb background_layout=\u00bbdark\u00bb custom_margin=\u00bb||8px\u00bb animation=\u00bboff\u00bb hover_enabled=\u00bb0&#8243; icon_font_size=\u00bb26px\u00bb global_colors_info=\u00bb{}\u00bb transform_styles__hover_enabled=\u00bbon\u00bb transform_scale__hover_enabled=\u00bbon\u00bb transform_translate__hover=\u00bb10px|0px\u00bb transform_translate__hover_enabled=\u00bbon\u00bb transform_rotate__hover_enabled=\u00bbon\u00bb transform_skew__hover_enabled=\u00bbon\u00bb transform_origin__hover_enabled=\u00bbon\u00bb sticky_enabled=\u00bb0&#8243; admin_label=\u00bbDescubrimiento del castillo rom\u00e1nico de Farners\u00bb][\/et_pb_blurb][et_pb_blurb title=\u00bbCuriosidades y Patrimonio del Barrio Viejo de Angl\u00e8s\u00bb url=\u00bb@ET-DC@eyJkeW5hbWljIjp0cnVlLCJjb250ZW50IjoicG9zdF9saW5rX3VybF9wcm9kdWN0Iiwic2V0dGluZ3MiOnsicG9zdF9pZCI6IjIzMTEifX0=@\u00bb use_icon=\u00bbon\u00bb font_icon=\u00bb&#xe052;||divi||400&#8243; icon_color=\u00bb#93adcf\u00bb icon_placement=\u00bbleft\u00bb image_icon_width=\u00bb26px\u00bb _builder_version=\u00bb4.27.4&#8243; _dynamic_attributes=\u00bburl\u00bb header_font=\u00bbLato|900|||||||\u00bb header_font_size=\u00bb18px\u00bb header_line_height=\u00bb1.4em\u00bb transform_scale_last_edited=\u00bboff|desktop\u00bb transform_translate_last_edited=\u00bboff|desktop\u00bb transform_translate_linked__hover=\u00bboff\u00bb transform_rotate_last_edited=\u00bboff|desktop\u00bb transform_skew_last_edited=\u00bboff|desktop\u00bb transform_origin_last_edited=\u00bboff|desktop\u00bb transform_styles_last_edited=\u00bboff|desktop\u00bb background_layout=\u00bbdark\u00bb custom_margin=\u00bb||8px\u00bb animation=\u00bboff\u00bb hover_enabled=\u00bb0&#8243; icon_font_size=\u00bb26px\u00bb global_colors_info=\u00bb{}\u00bb transform_styles__hover_enabled=\u00bbon\u00bb transform_scale__hover_enabled=\u00bbon\u00bb transform_translate__hover=\u00bb10px|0px\u00bb transform_translate__hover_enabled=\u00bbon\u00bb transform_rotate__hover_enabled=\u00bbon\u00bb transform_skew__hover_enabled=\u00bbon\u00bb transform_origin__hover_enabled=\u00bbon\u00bb sticky_enabled=\u00bb0&#8243; admin_label=\u00bbCuriosidades y Patrimonio del Barrio Viejo de Angl\u00e8s\u00bb][\/et_pb_blurb][et_pb_blurb title=\u00bbOsor medieval bajo el poder de la mujeres\u00bb url=\u00bb@ET-DC@eyJkeW5hbWljIjp0cnVlLCJjb250ZW50IjoicG9zdF9saW5rX3VybF9wcm9kdWN0Iiwic2V0dGluZ3MiOnsicG9zdF9pZCI6IjIzMTUifX0=@\u00bb use_icon=\u00bbon\u00bb font_icon=\u00bb&#xe052;||divi||400&#8243; icon_color=\u00bb#93adcf\u00bb icon_placement=\u00bbleft\u00bb image_icon_width=\u00bb26px\u00bb _builder_version=\u00bb4.27.4&#8243; _dynamic_attributes=\u00bburl\u00bb header_font=\u00bbLato|900|||||||\u00bb header_font_size=\u00bb18px\u00bb header_line_height=\u00bb1.4em\u00bb transform_scale_last_edited=\u00bboff|desktop\u00bb transform_translate_last_edited=\u00bboff|desktop\u00bb transform_translate_linked__hover=\u00bboff\u00bb transform_rotate_last_edited=\u00bboff|desktop\u00bb transform_skew_last_edited=\u00bboff|desktop\u00bb transform_origin_last_edited=\u00bboff|desktop\u00bb transform_styles_last_edited=\u00bboff|desktop\u00bb background_layout=\u00bbdark\u00bb custom_margin=\u00bb||8px\u00bb animation=\u00bboff\u00bb hover_enabled=\u00bb0&#8243; icon_font_size=\u00bb26px\u00bb global_colors_info=\u00bb{}\u00bb transform_styles__hover_enabled=\u00bbon\u00bb transform_scale__hover_enabled=\u00bbon\u00bb transform_translate__hover=\u00bb10px|0px\u00bb transform_translate__hover_enabled=\u00bbon\u00bb transform_rotate__hover_enabled=\u00bbon\u00bb transform_skew__hover_enabled=\u00bbon\u00bb transform_origin__hover_enabled=\u00bbon\u00bb sticky_enabled=\u00bb0&#8243; admin_label=\u00bbOsor medieval bajo el poder de la mujeres\u00bb][\/et_pb_blurb][et_pb_blurb title=\u00bbDescubramos a los \u00edberos y el Tur\u00f3 Rod\u00f3\u00bb url=\u00bbhttps:\/\/www.experienciesculturals.cat\/es\/visita-cultural-arqueoleg-lloret-costa-brava-girona\/\u00bb use_icon=\u00bbon\u00bb font_icon=\u00bb&#xe052;||divi||400&#8243; icon_color=\u00bb#93adcf\u00bb icon_placement=\u00bbleft\u00bb image_icon_width=\u00bb26px\u00bb _builder_version=\u00bb4.27.4&#8243; header_font=\u00bbLato|900|||||||\u00bb header_font_size=\u00bb18px\u00bb header_line_height=\u00bb1.4em\u00bb transform_scale_last_edited=\u00bboff|desktop\u00bb transform_translate_last_edited=\u00bboff|desktop\u00bb transform_translate_linked__hover=\u00bboff\u00bb transform_rotate_last_edited=\u00bboff|desktop\u00bb transform_skew_last_edited=\u00bboff|desktop\u00bb transform_origin_last_edited=\u00bboff|desktop\u00bb transform_styles_last_edited=\u00bboff|desktop\u00bb background_layout=\u00bbdark\u00bb custom_margin=\u00bb||8px\u00bb animation=\u00bboff\u00bb hover_enabled=\u00bb0&#8243; icon_font_size=\u00bb26px\u00bb global_colors_info=\u00bb{}\u00bb transform_styles__hover_enabled=\u00bbon\u00bb transform_scale__hover_enabled=\u00bbon\u00bb transform_translate__hover=\u00bb10px|0px\u00bb transform_translate__hover_enabled=\u00bbon\u00bb transform_rotate__hover_enabled=\u00bbon\u00bb transform_skew__hover_enabled=\u00bbon\u00bb transform_origin__hover_enabled=\u00bbon\u00bb sticky_enabled=\u00bb0&#8243; admin_label=\u00bbDescubramos a los \u00edberos y el Tur\u00f3 Rod\u00f3\u00bb][\/et_pb_blurb][et_pb_blurb title=\u00bbLlagostera Medieval\u00bb url=\u00bbhttps:\/\/www.experienciesculturals.cat\/visita-cultural-llagostera-vc47\/\u00bb use_icon=\u00bbon\u00bb font_icon=\u00bb&#xe052;||divi||400&#8243; icon_color=\u00bb#93adcf\u00bb icon_placement=\u00bbleft\u00bb image_icon_width=\u00bb26px\u00bb _builder_version=\u00bb4.27.4&#8243; header_font=\u00bbLato|900|||||||\u00bb header_font_size=\u00bb18px\u00bb header_line_height=\u00bb1.4em\u00bb transform_scale_last_edited=\u00bboff|desktop\u00bb transform_translate_last_edited=\u00bboff|desktop\u00bb transform_translate_linked__hover=\u00bboff\u00bb transform_rotate_last_edited=\u00bboff|desktop\u00bb transform_skew_last_edited=\u00bboff|desktop\u00bb transform_origin_last_edited=\u00bboff|desktop\u00bb transform_styles_last_edited=\u00bboff|desktop\u00bb background_layout=\u00bbdark\u00bb custom_margin=\u00bb||8px\u00bb animation=\u00bboff\u00bb hover_enabled=\u00bb0&#8243; icon_font_size=\u00bb26px\u00bb global_colors_info=\u00bb{}\u00bb transform_styles__hover_enabled=\u00bbon\u00bb transform_scale__hover_enabled=\u00bbon\u00bb transform_translate__hover=\u00bb10px|0px\u00bb transform_translate__hover_enabled=\u00bbon\u00bb transform_rotate__hover_enabled=\u00bbon\u00bb transform_skew__hover_enabled=\u00bbon\u00bb transform_origin__hover_enabled=\u00bbon\u00bb sticky_enabled=\u00bb0&#8243; admin_label=\u00bbLlagostera Medieval\u00bb][\/et_pb_blurb][\/et_pb_column][\/et_pb_row][et_pb_row _builder_version=\u00bb4.16&#8243; width=\u00bb100%\u00bb max_width=\u00bbnone\u00bb custom_padding=\u00bb20px||20px||false|false\u00bb global_colors_info=\u00bb{}\u00bb][et_pb_column type=\u00bb4_4&#8243; _builder_version=\u00bb4.16&#8243; custom_padding=\u00bb|||\u00bb global_colors_info=\u00bb{}\u00bb custom_padding__hover=\u00bb|||\u00bb][\/et_pb_column][\/et_pb_row][\/et_pb_section][et_pb_section fb_built=\u00bb1&#8243; admin_label=\u00bbTours\u00bb _builder_version=\u00bb4.16&#8243; global_colors_info=\u00bb{}\u00bb][et_pb_row column_structure=\u00bb2_5,3_5&#8243; _builder_version=\u00bb4.16&#8243; global_colors_info=\u00bb{}\u00bb][et_pb_column type=\u00bb2_5&#8243; _builder_version=\u00bb4.16&#8243; custom_padding=\u00bb|||\u00bb global_colors_info=\u00bb{}\u00bb custom_padding__hover=\u00bb|||\u00bb][et_pb_text _builder_version=\u00bb4.16&#8243; text_font=\u00bb||||||||\u00bb header_font=\u00bb||||||||\u00bb header_2_font=\u00bbPT Serif|700|||||||\u00bb header_2_font_size=\u00bb60px\u00bb header_2_line_height=\u00bb1.2em\u00bb max_width=\u00bb600px\u00bb custom_margin=\u00bb||15px\u00bb header_2_font_size_tablet=\u00bb42px\u00bb header_2_font_size_phone=\u00bb30px\u00bb header_2_font_size_last_edited=\u00bbon|phone\u00bb global_colors_info=\u00bb{}\u00bb]<\/p>\n<h2>Vive la historia y disfruta del patrimonio cultural con las Visitas, Rutas y Experiencias Culturales que programamos o que tenemos en cat\u00e1logo<\/h2>\n<p>[\/et_pb_text][et_pb_divider color=\u00bb#000000&#8243; divider_weight=\u00bb5px\u00bb _builder_version=\u00bb4.16&#8243; width=\u00bb150px\u00bb global_colors_info=\u00bb{}\u00bb][\/et_pb_divider][et_pb_text _builder_version=\u00bb4.16&#8243; text_font=\u00bbLato||||||||\u00bb text_font_size=\u00bb18px\u00bb text_line_height=\u00bb1.8em\u00bb text_font_size_tablet=\u00bb\u00bb text_font_size_phone=\u00bb15px\u00bb text_font_size_last_edited=\u00bbon|desktop\u00bb global_colors_info=\u00bb{}\u00bb]<\/p>\n<p>Propuestas para vivir y descubrir la comarca de la Selva, las Guilleries y el Montseny, Girona y la Costa Brava!<\/p>\n<p>Anualmente realizamos el ciclo <a href=\"https:\/\/experienciesculturals.cat\/visita-ruta-cultural-descobreix-caldes-selva-girona\/\"><strong>\u201cDescubre la Selva: visitas y rutas culturales\u201d<\/strong><\/a>&nbsp; a trav\u00e9s del cual conocer\u00e1s el rico legado hist\u00f3rico, arqueol\u00f3gico y cultural de la comarca de la Selva. De las termas romanas a los castillos medievales, y de las leyendas de bandoleros y \u201ctrabucaires\u201d a los secretos que esconden las piedras.<\/p>\n<p>\u00bfQuieres una visita diferente de verdad? \u00a1Pues no puedes perderte nuestras <a href=\"https:\/\/experienciesculturals.cat\/visites-rutes-culturals-caldes-selva-girona-costabrava-guilleries\/arqueoleg\/\"><strong>visitas culturales con el arque\u00f3logo!;<\/strong><\/a>D\u00e9jate sorprender por las curiosidades de las excavaciones arqueol\u00f3gicas y los hallazgos que se han realizado de la mano del arque\u00f3logo que lo ha excavado. Son visitas \u00fanicas y muy especiales.<\/p>\n<p>[\/et_pb_text][\/et_pb_column][et_pb_column type=\u00bb3_5&#8243; _builder_version=\u00bb4.16&#8243; custom_padding=\u00bb|||\u00bb global_colors_info=\u00bb{}\u00bb custom_padding__hover=\u00bb|||\u00bb][et_pb_image src=\u00bbhttps:\/\/experienciesculturals.cat\/wp-content\/uploads\/2021\/12\/home-5.jpg\u00bb title_text=\u00bbhome-5&#8243; _builder_version=\u00bb4.16&#8243; transform_translate=\u00bb10vw|0px\u00bb transform_translate_linked=\u00bboff\u00bb custom_margin=\u00bb-115px|||||\u00bb custom_margin_tablet=\u00bb20px||\u00bb custom_margin_phone=\u00bb\u00bb custom_margin_last_edited=\u00bbon|desktop\u00bb border_width_all=\u00bb30px\u00bb border_color_all=\u00bb#ffffff\u00bb box_shadow_style=\u00bbpreset3&#8243; box_shadow_horizontal=\u00bb5px\u00bb box_shadow_vertical=\u00bb25px\u00bb box_shadow_blur=\u00bb105px\u00bb box_shadow_spread=\u00bb-30px\u00bb box_shadow_color=\u00bbrgba(0,0,0,0.25)\u00bb global_colors_info=\u00bb{}\u00bb][\/et_pb_image][et_pb_image src=\u00bbhttps:\/\/experienciesculturals.cat\/wp-content\/uploads\/2021\/12\/home-6.jpg\u00bb title_text=\u00bbhome-6&#8243; _builder_version=\u00bb4.16&#8243; max_width=\u00bb400px\u00bb custom_margin=\u00bb-375px||160px|||\u00bb custom_padding=\u00bb|||||\u00bb border_width_all=\u00bb7px\u00bb border_color_all=\u00bb#ffffff\u00bb box_shadow_style=\u00bbpreset3&#8243; box_shadow_vertical=\u00bb56px\u00bb box_shadow_blur=\u00bb65px\u00bb box_shadow_spread=\u00bb-15px\u00bb box_shadow_color=\u00bbrgba(0,0,0,0.4)\u00bb global_colors_info=\u00bb{}\u00bb][\/et_pb_image][et_pb_text _builder_version=\u00bb4.16&#8243; text_font=\u00bbLato||||||||\u00bb text_font_size=\u00bb18px\u00bb text_line_height=\u00bb1.8em\u00bb text_font_size_tablet=\u00bb\u00bb text_font_size_phone=\u00bb15px\u00bb text_font_size_last_edited=\u00bbon|desktop\u00bb global_colors_info=\u00bb{}\u00bb]<\/p>\n<p>Otra actividad son nuestras exclusiva <a href=\"https:\/\/experienciesculturals.cat\/experiencies-culturals-atri\/\"><strong> Experiencias Culturales<\/strong><\/a> para vivir y descubrir la comarca de la Selva de una forma diferente y \u00fanica, de primera mano con los expertos, historiadores y arque\u00f3logos locales, donde combinamos visitas o rutas culturales con actividades l\u00fadicas o gastron\u00f3micas locales.<\/p>\n<p>[\/et_pb_text][\/et_pb_column][\/et_pb_row][et_pb_row column_structure=\u00bb1_4,1_4,1_4,1_4&#8243; _builder_version=\u00bb4.16&#8243; global_colors_info=\u00bb{}\u00bb][et_pb_column type=\u00bb1_4&#8243; _builder_version=\u00bb4.16&#8243; custom_padding=\u00bb|||\u00bb global_colors_info=\u00bb{}\u00bb custom_padding__hover=\u00bb|||\u00bb][et_pb_image src=\u00bbhttps:\/\/experienciesculturals.cat\/wp-content\/uploads\/2021\/12\/Imagen1.jpg\u00bb title_text=\u00bbImagen1&#8243; _builder_version=\u00bb4.16&#8243; global_colors_info=\u00bb{}\u00bb][\/et_pb_image][et_pb_button button_url=\u00bb@ET-DC@eyJkeW5hbWljIjp0cnVlLCJjb250ZW50IjoicG9zdF9saW5rX3VybF9wYWdlIiwic2V0dGluZ3MiOnsicG9zdF9pZCI6IjM3MTUifX0=@\u00bb button_text=\u00bbDetalles\u00bb button_alignment=\u00bbleft\u00bb _builder_version=\u00bb4.16&#8243; _dynamic_attributes=\u00bbbutton_url\u00bb custom_button=\u00bbon\u00bb button_text_size=\u00bb14px\u00bb button_text_color=\u00bb#000000&#8243; button_bg_color=\u00bb#ffc600&#8243; button_border_color=\u00bbrgba(0,0,0,0)\u00bb button_border_radius=\u00bb0px\u00bb button_letter_spacing=\u00bb4px\u00bb button_font=\u00bbLato|700||on|||||\u00bb button_icon=\u00bb&#x24;||divi||400&#8243; custom_margin=\u00bb-50px||\u00bb custom_padding=\u00bb15px|40px|15px|40px|true|true\u00bb box_shadow_style=\u00bbpreset3&#8243; box_shadow_color=\u00bbrgba(0,0,0,0.12)\u00bb locked=\u00bboff\u00bb global_colors_info=\u00bb{}\u00bb][\/et_pb_button][\/et_pb_column][et_pb_column type=\u00bb1_4&#8243; _builder_version=\u00bb4.16&#8243; custom_padding=\u00bb|||\u00bb global_colors_info=\u00bb{}\u00bb custom_padding__hover=\u00bb|||\u00bb][et_pb_blurb title=\u00bbVisitas y rutas culturales\u00bb _builder_version=\u00bb4.16&#8243; header_font=\u00bbLato|700|||||||\u00bb header_font_size=\u00bb16px\u00bb header_line_height=\u00bb1.4em\u00bb body_font=\u00bbLato||||||||\u00bb body_font_size=\u00bb16px\u00bb body_line_height=\u00bb1.6em\u00bb custom_margin=\u00bb||12px|-20px||\u00bb custom_margin_tablet=\u00bb|||0px\u00bb custom_margin_phone=\u00bb\u00bb custom_margin_last_edited=\u00bbon|desktop\u00bb custom_padding=\u00bb||0px|||\u00bb global_colors_info=\u00bb{}\u00bb][\/et_pb_blurb][et_pb_text _builder_version=\u00bb4.16&#8243; _module_preset=\u00bbdefault\u00bb custom_margin=\u00bb|||-18px||\u00bb global_colors_info=\u00bb{}\u00bb]<\/p>\n<p><span>Propuestas para vivir y descubrir! A trav\u00e9s de nuestras visitas y rutas culturales conocer\u00e1s el rico legado hist\u00f3rico, arqueol\u00f3gico y cultural\u00a0<\/span><span>selvatana<\/span><span>\u00a0y gerundense. De las termas romanas en los castillos medievales, y de las leyendas de bandoleros y \u00ab<\/span><span>trabucaires\u00bb<\/span><span>\u00a0a los secretos que esconden las piedras.<\/span><\/p>\n<p>[\/et_pb_text][\/et_pb_column][et_pb_column type=\u00bb1_4&#8243; _builder_version=\u00bb4.16&#8243; custom_padding=\u00bb|||\u00bb global_colors_info=\u00bb{}\u00bb custom_padding__hover=\u00bb|||\u00bb][et_pb_image src=\u00bbhttps:\/\/experienciesculturals.cat\/wp-content\/uploads\/2021\/12\/Tria_quina_Selva_descobrir_atri_cultura.jpg\u00bb title_text=\u00bbTria_quina_Selva_descobrir_atri_cultura\u00bb _builder_version=\u00bb4.16&#8243; locked=\u00bboff\u00bb global_colors_info=\u00bb{}\u00bb][\/et_pb_image][et_pb_button button_url=\u00bb@ET-DC@eyJkeW5hbWljIjp0cnVlLCJjb250ZW50IjoicG9zdF9saW5rX3VybF9wYWdlIiwic2V0dGluZ3MiOnsicG9zdF9pZCI6IjE5MTEifX0=@\u00bb button_text=\u00bbDetalles\u00bb button_alignment=\u00bbleft\u00bb _builder_version=\u00bb4.16&#8243; _dynamic_attributes=\u00bbbutton_url\u00bb custom_button=\u00bbon\u00bb button_text_size=\u00bb14px\u00bb button_text_color=\u00bb#000000&#8243; button_bg_color=\u00bb#ffc600&#8243; button_border_color=\u00bbrgba(0,0,0,0)\u00bb button_border_radius=\u00bb0px\u00bb button_letter_spacing=\u00bb4px\u00bb button_font=\u00bbLato|700||on|||||\u00bb button_icon=\u00bb&#x24;||divi||400&#8243; custom_margin=\u00bb-50px||\u00bb custom_padding=\u00bb15px|40px|15px|40px|true|true\u00bb box_shadow_style=\u00bbpreset3&#8243; box_shadow_color=\u00bbrgba(0,0,0,0.12)\u00bb locked=\u00bboff\u00bb global_colors_info=\u00bb{}\u00bb][\/et_pb_button][\/et_pb_column][et_pb_column type=\u00bb1_4&#8243; _builder_version=\u00bb4.16&#8243; custom_padding=\u00bb|||\u00bb global_colors_info=\u00bb{}\u00bb custom_padding__hover=\u00bb|||\u00bb][et_pb_blurb title=\u00bbElige qu\u00e9 Selva quieres descubrir!\u00bb _builder_version=\u00bb4.16&#8243; header_font=\u00bbLato|700|||||||\u00bb header_font_size=\u00bb16px\u00bb header_line_height=\u00bb1.4em\u00bb body_font=\u00bbLato||||||||\u00bb body_font_size=\u00bb16px\u00bb body_line_height=\u00bb1.6em\u00bb custom_margin=\u00bb||14px|-20px||\u00bb custom_margin_tablet=\u00bb|||0px\u00bb custom_margin_phone=\u00bb\u00bb custom_margin_last_edited=\u00bbon|desktop\u00bb locked=\u00bboff\u00bb global_colors_info=\u00bb{}\u00bb]<\/p>\n<p><span>Aprovecha la promoci\u00f3n 2022 y escoge tu experiencia cultural:<\/span><br \/><span>\u2013 Visitas para grupos reducidos y privados.<\/span><br \/><span>\u2013 Elige d\u00eda y hora.<\/span><br \/><span>\u2013 Escoge zona seg\u00fan actividad: mar, llanura o monta\u00f1a.<\/span><br \/><span>\u2013 Consulta disponibilidad y haz tu reserva!<\/span><\/p>\n<p>[\/et_pb_blurb][et_pb_text _builder_version=\u00bb4.16&#8243; _module_preset=\u00bbdefault\u00bb custom_margin=\u00bb|||-17px||\u00bb global_colors_info=\u00bb{}\u00bb]<\/p>\n<p><span>Aprovecha la promoci\u00f3n 2022 y escoge tu experiencia cultural:<\/span><br \/><span>\u2013 Visitas para grupos reducidos y privados.<\/span><br \/><span>\u2013 Elige d\u00eda y hora.<\/span><br \/><span>\u2013 Escoge zona seg\u00fan actividad: mar, llanura o monta\u00f1a.<\/span><br \/><span>\u2013 Consulta disponibilidad y haz tu reserva!<\/span><\/p>\n<p>[\/et_pb_text][\/et_pb_column][\/et_pb_row][et_pb_row column_structure=\u00bb1_4,1_4,1_4,1_4&#8243; _builder_version=\u00bb4.16&#8243; global_colors_info=\u00bb{}\u00bb][et_pb_column type=\u00bb1_4&#8243; _builder_version=\u00bb4.16&#8243; custom_padding=\u00bb|||\u00bb global_colors_info=\u00bb{}\u00bb custom_padding__hover=\u00bb|||\u00bb][et_pb_image src=\u00bbhttps:\/\/experienciesculturals.cat\/wp-content\/uploads\/2021\/12\/Imagen2.jpg\u00bb title_text=\u00bbImagen2&#8243; _builder_version=\u00bb4.16&#8243; global_colors_info=\u00bb{}\u00bb][\/et_pb_image][et_pb_button button_url=\u00bb@ET-DC@eyJkeW5hbWljIjp0cnVlLCJjb250ZW50IjoicG9zdF9saW5rX3VybF9wYWdlIiwic2V0dGluZ3MiOnsicG9zdF9pZCI6IjIzNzcifX0=@\u00bb button_text=\u00bbDetalles\u00bb button_alignment=\u00bbleft\u00bb _builder_version=\u00bb4.16&#8243; _dynamic_attributes=\u00bbbutton_url\u00bb custom_button=\u00bbon\u00bb button_text_size=\u00bb14px\u00bb button_text_color=\u00bb#000000&#8243; button_bg_color=\u00bb#ffc600&#8243; button_border_color=\u00bbrgba(0,0,0,0)\u00bb button_border_radius=\u00bb0px\u00bb button_letter_spacing=\u00bb4px\u00bb button_font=\u00bbLato|700||on|||||\u00bb button_icon=\u00bb&#x24;||divi||400&#8243; custom_margin=\u00bb-50px||\u00bb custom_padding=\u00bb15px|40px|15px|40px|true|true\u00bb box_shadow_style=\u00bbpreset3&#8243; box_shadow_color=\u00bbrgba(0,0,0,0.12)\u00bb locked=\u00bboff\u00bb global_colors_info=\u00bb{}\u00bb][\/et_pb_button][\/et_pb_column][et_pb_column type=\u00bb1_4&#8243; _builder_version=\u00bb4.16&#8243; custom_padding=\u00bb|||\u00bb global_colors_info=\u00bb{}\u00bb custom_padding__hover=\u00bb|||\u00bb][et_pb_blurb title=\u00bbVisitas y rutas culturales con el arque\u00f3logo\u00bb _builder_version=\u00bb4.16&#8243; header_font=\u00bbLato|700|||||||\u00bb header_font_size=\u00bb16px\u00bb header_line_height=\u00bb1.4em\u00bb body_font=\u00bbLato||||||||\u00bb body_font_size=\u00bb16px\u00bb body_line_height=\u00bb1.6em\u00bb custom_margin=\u00bb||1px|-20px||\u00bb custom_margin_tablet=\u00bb|||0px\u00bb custom_margin_phone=\u00bb\u00bb custom_margin_last_edited=\u00bbon|desktop\u00bb global_colors_info=\u00bb{}\u00bb][\/et_pb_blurb][et_pb_text _builder_version=\u00bb4.16&#8243; _module_preset=\u00bbdefault\u00bb custom_margin=\u00bb|||-18px||\u00bb global_colors_info=\u00bb{}\u00bb]<\/p>\n<p><span>Descubre el patrimonio cultural de la mano del arque\u00f3logo y ver\u00e1s el patrimonio con ojos de cient\u00edfico. Sabes que la arqueolog\u00eda es una ciencia? La palabra arqueolog\u00eda procede del griego\u00a0<\/span><em>archaios<\/em><span><em>\u00a0<\/em>(viejo o antiguo), y de <em>logos<\/em> (ciencia). Todo un mundo para descubrir! Nos acompa\u00f1as?<\/span><\/p>\n<p>[\/et_pb_text][\/et_pb_column][et_pb_column type=\u00bb1_4&#8243; _builder_version=\u00bb4.16&#8243; custom_padding=\u00bb|||\u00bb global_colors_info=\u00bb{}\u00bb custom_padding__hover=\u00bb|||\u00bb][et_pb_image src=\u00bbhttps:\/\/experienciesculturals.cat\/wp-content\/uploads\/2021\/12\/Imagen3b.jpg\u00bb title_text=\u00bbImagen3b\u00bb _builder_version=\u00bb4.16&#8243; locked=\u00bboff\u00bb global_colors_info=\u00bb{}\u00bb][\/et_pb_image][et_pb_button button_url=\u00bbhttps:\/\/experienciesculturals.cat\/descobreix-caldes-de-malavella-i-viu-el-termalisme\/\u00bb button_text=\u00bbDetalles\u00bb button_alignment=\u00bbleft\u00bb _builder_version=\u00bb4.16&#8243; custom_button=\u00bbon\u00bb button_text_size=\u00bb14px\u00bb button_text_color=\u00bb#000000&#8243; button_bg_color=\u00bb#ffc600&#8243; button_border_color=\u00bbrgba(0,0,0,0)\u00bb button_border_radius=\u00bb0px\u00bb button_letter_spacing=\u00bb4px\u00bb button_font=\u00bbLato|700||on|||||\u00bb button_icon=\u00bb&#x24;||divi||400&#8243; custom_margin=\u00bb-50px||\u00bb custom_padding=\u00bb15px|40px|15px|40px|true|true\u00bb box_shadow_style=\u00bbpreset3&#8243; box_shadow_color=\u00bbrgba(0,0,0,0.12)\u00bb locked=\u00bboff\u00bb global_colors_info=\u00bb{}\u00bb][\/et_pb_button][\/et_pb_column][et_pb_column type=\u00bb1_4&#8243; _builder_version=\u00bb4.16&#8243; custom_padding=\u00bb|||\u00bb global_colors_info=\u00bb{}\u00bb custom_padding__hover=\u00bb|||\u00bb][et_pb_blurb title=\u00bbExperiencias Culturales\u00bb _builder_version=\u00bb4.16&#8243; header_font=\u00bbLato|700|||||||\u00bb header_font_size=\u00bb16px\u00bb header_line_height=\u00bb1.4em\u00bb body_font=\u00bbLato||||||||\u00bb body_font_size=\u00bb16px\u00bb body_line_height=\u00bb1.6em\u00bb custom_margin=\u00bb||6px|-20px||\u00bb custom_margin_tablet=\u00bb|||0px\u00bb custom_margin_phone=\u00bb\u00bb custom_margin_last_edited=\u00bbon|desktop\u00bb locked=\u00bboff\u00bb global_colors_info=\u00bb{}\u00bb][\/et_pb_blurb][et_pb_text _builder_version=\u00bb4.16&#8243; _module_preset=\u00bbdefault\u00bb custom_margin=\u00bb|||-17px||\u00bb global_colors_info=\u00bb{}\u00bb]<\/p>\n<p><span>Disfruta con el patrimonio, la historia y sus secretos, v\u00edvelos y h\u00e1ztelos tuyos! Proponemos Experiencias Culturales combinando visitas o rutas culturales con actividades l\u00fadicas o gastron\u00f3micas locales. De los romanos, medievales y segadores hasta una degustaci\u00f3n, un ba\u00f1o termal y una mesa parada!<\/span><\/p>\n<p>[\/et_pb_text][\/et_pb_column][\/et_pb_row][et_pb_row column_structure=\u00bb1_4,1_4,1_4,1_4&#8243; _builder_version=\u00bb4.16&#8243; global_colors_info=\u00bb{}\u00bb][et_pb_column type=\u00bb1_4&#8243; _builder_version=\u00bb4.16&#8243; custom_padding=\u00bb|||\u00bb global_colors_info=\u00bb{}\u00bb custom_padding__hover=\u00bb|||\u00bb][et_pb_image src=\u00bbhttps:\/\/experienciesculturals.cat\/wp-content\/uploads\/2021\/12\/Visites_privades_a_mida_atri_cultura.jpg\u00bb title_text=\u00bbVisites_privades_a_mida_atri_cultura\u00bb _builder_version=\u00bb4.16&#8243; global_colors_info=\u00bb{}\u00bb][\/et_pb_image][et_pb_button button_url=\u00bb@ET-DC@eyJkeW5hbWljIjp0cnVlLCJjb250ZW50IjoicG9zdF9saW5rX3VybF9wYWdlIiwic2V0dGluZ3MiOnsicG9zdF9pZCI6IjI4MTYifX0=@\u00bb button_text=\u00bbDetalles\u00bb button_alignment=\u00bbleft\u00bb _builder_version=\u00bb4.16&#8243; _dynamic_attributes=\u00bbbutton_url\u00bb custom_button=\u00bbon\u00bb button_text_size=\u00bb14px\u00bb button_text_color=\u00bb#000000&#8243; button_bg_color=\u00bb#ffc600&#8243; button_border_color=\u00bbrgba(0,0,0,0)\u00bb button_border_radius=\u00bb0px\u00bb button_letter_spacing=\u00bb4px\u00bb button_font=\u00bbLato|700||on|||||\u00bb button_icon=\u00bb&#x24;||divi||400&#8243; custom_margin=\u00bb-50px||\u00bb custom_padding=\u00bb15px|40px|15px|40px|true|true\u00bb box_shadow_style=\u00bbpreset3&#8243; box_shadow_color=\u00bbrgba(0,0,0,0.12)\u00bb locked=\u00bboff\u00bb global_colors_info=\u00bb{}\u00bb][\/et_pb_button][\/et_pb_column][et_pb_column type=\u00bb1_4&#8243; _builder_version=\u00bb4.16&#8243; custom_padding=\u00bb|||\u00bb global_colors_info=\u00bb{}\u00bb custom_padding__hover=\u00bb|||\u00bb][et_pb_blurb title=\u00bbVisitas a medida con Atri Cultura\u00bb _builder_version=\u00bb4.16&#8243; header_font=\u00bbLato|700|||||||\u00bb header_font_size=\u00bb16px\u00bb header_line_height=\u00bb1.4em\u00bb body_font=\u00bbLato||||||||\u00bb body_font_size=\u00bb16px\u00bb body_line_height=\u00bb1.6em\u00bb custom_margin=\u00bb||5px|-20px||\u00bb custom_margin_tablet=\u00bb|||0px\u00bb custom_margin_phone=\u00bb\u00bb custom_margin_last_edited=\u00bbon|desktop\u00bb global_colors_info=\u00bb{}\u00bb][\/et_pb_blurb][et_pb_text _builder_version=\u00bb4.16&#8243; _module_preset=\u00bbdefault\u00bb custom_margin=\u00bb|||-17px||\u00bb custom_padding=\u00bb|||0px||\u00bb global_colors_info=\u00bb{}\u00bb]<\/p>\n<p><span>Si dese\u00e1is visitas, rutas o experiencias culturales a medida, os las dise\u00f1amos seg\u00fan el tipo de actividad y tem\u00e1tica que quer\u00e1is, el grupo que se\u00e1is, y vuestros intereses, inquietudes y sugerencias. Podemos crear un itinerario donde todo el grupo pueda disfrutar del entorno, del patrimonio y de la historia.<\/span><\/p>\n<p>[\/et_pb_text][\/et_pb_column][et_pb_column type=\u00bb1_4&#8243; _builder_version=\u00bb4.16&#8243; custom_padding=\u00bb|||\u00bb global_colors_info=\u00bb{}\u00bb custom_padding__hover=\u00bb|||\u00bb][et_pb_image src=\u00bbhttps:\/\/experienciesculturals.cat\/wp-content\/uploads\/2021\/12\/Imagen4.jpg\u00bb title_text=\u00bbImagen4&#8243; _builder_version=\u00bb4.16&#8243; locked=\u00bboff\u00bb global_colors_info=\u00bb{}\u00bb][\/et_pb_image][et_pb_button button_url=\u00bbhttps:\/\/experienciesculturals.cat\/endinsat-a-la-vila-termal-de-caldes-de-malavella\/\u00bb button_text=\u00bbDetalles\u00bb button_alignment=\u00bbleft\u00bb disabled_on=\u00bbon|on|on\u00bb _builder_version=\u00bb4.16&#8243; custom_button=\u00bbon\u00bb button_text_size=\u00bb14px\u00bb button_text_color=\u00bb#000000&#8243; button_bg_color=\u00bb#ffc600&#8243; button_border_color=\u00bbrgba(0,0,0,0)\u00bb button_border_radius=\u00bb0px\u00bb button_letter_spacing=\u00bb4px\u00bb button_font=\u00bbLato|700||on|||||\u00bb button_icon=\u00bb&#x24;||divi||400&#8243; custom_margin=\u00bb-50px||\u00bb custom_padding=\u00bb15px|40px|15px|40px|true|true\u00bb box_shadow_style=\u00bbpreset3&#8243; box_shadow_color=\u00bbrgba(0,0,0,0.12)\u00bb disabled=\u00bbon\u00bb locked=\u00bboff\u00bb global_colors_info=\u00bb{}\u00bb][\/et_pb_button][\/et_pb_column][et_pb_column type=\u00bb1_4&#8243; _builder_version=\u00bb4.16&#8243; custom_padding=\u00bb|||\u00bb global_colors_info=\u00bb{}\u00bb custom_padding__hover=\u00bb|||\u00bb][et_pb_blurb title=\u00bbViaje por la historia del pasado: actividades did\u00e1cticas en la Selva\u00bb _builder_version=\u00bb4.16&#8243; header_font=\u00bbLato|700|||||||\u00bb header_font_size=\u00bb16px\u00bb header_line_height=\u00bb1.4em\u00bb body_font=\u00bbLato||||||||\u00bb body_font_size=\u00bb16px\u00bb body_line_height=\u00bb1.6em\u00bb custom_margin=\u00bb||3px|-20px||\u00bb custom_margin_tablet=\u00bb|||0px\u00bb custom_margin_phone=\u00bb\u00bb custom_margin_last_edited=\u00bbon|desktop\u00bb locked=\u00bboff\u00bb global_colors_info=\u00bb{}\u00bb][\/et_pb_blurb][et_pb_text _builder_version=\u00bb4.16&#8243; _module_preset=\u00bbdefault\u00bb custom_margin=\u00bb|||-18px||\u00bb global_colors_info=\u00bb{}\u00bb]<\/p>\n<p><span>En las escuelas e institutos os proponemos conocer el pasado in situ a trav\u00e9s del legado hist\u00f3rico, arqueol\u00f3gico y cultural. Desde los romanos hasta los medievales del Vizcondado de Cabrera, y de los\u00a0<\/span><span>remences<\/span><span>\u00a0y Segadores hasta nuestros d\u00edas.<\/span><\/p>\n<p><span>Algunas<\/span><span>\u00a0actividades son subvencionables dentro del Programa\u00a0<\/span><span>Indika<\/span><span>\u00a0de la Diputaci\u00f3n de Girona<\/span><\/p>\n<p>[\/et_pb_text][\/et_pb_column][\/et_pb_row][\/et_pb_section][et_pb_section fb_built=\u00bb1&#8243; custom_padding_last_edited=\u00bbon|desktop\u00bb admin_label=\u00bbPromo\u00bb _builder_version=\u00bb4.16&#8243; use_background_color_gradient=\u00bbon\u00bb background_color_gradient_stops=\u00bb#afa460 29%|rgba(255,255,255,0) 100%\u00bb background_color_gradient_overlays_image=\u00bbon\u00bb background_color_gradient_start=\u00bb#afa460&#8243; background_color_gradient_start_position=\u00bb29%\u00bb background_color_gradient_end=\u00bbrgba(255,255,255,0)\u00bb background_image=\u00bbhttps:\/\/experienciesculturals.cat\/wp-content\/uploads\/2021\/12\/home-7.jpg\u00bb background_position=\u00bbbottom_center\u00bb custom_padding=\u00bb100px|||||\u00bb custom_padding_tablet=\u00bb\u00bb custom_padding_phone=\u00bb40px||\u00bb global_colors_info=\u00bb{}\u00bb][et_pb_row _builder_version=\u00bb4.16&#8243; locked=\u00bboff\u00bb global_colors_info=\u00bb{}\u00bb][et_pb_column type=\u00bb4_4&#8243; _builder_version=\u00bb4.16&#8243; custom_padding=\u00bb|||\u00bb global_colors_info=\u00bb{}\u00bb custom_padding__hover=\u00bb|||\u00bb][et_pb_text _builder_version=\u00bb4.16&#8243; text_font=\u00bbLato||||||||\u00bb text_font_size=\u00bb22px\u00bb text_line_height=\u00bb1.8em\u00bb header_font=\u00bb||||||||\u00bb header_2_font=\u00bbPT Serif|700|||||||\u00bb header_2_font_size=\u00bb64px\u00bb header_2_line_height=\u00bb1.2em\u00bb text_orientation=\u00bbcenter\u00bb background_layout=\u00bbdark\u00bb width=\u00bb100%\u00bb width_tablet=\u00bb600px\u00bb width_phone=\u00bb400px\u00bb width_last_edited=\u00bbon|phone\u00bb module_alignment=\u00bbcenter\u00bb custom_margin=\u00bb||15px\u00bb text_font_size_tablet=\u00bb\u00bb text_font_size_phone=\u00bb15px\u00bb text_font_size_last_edited=\u00bbon|desktop\u00bb header_2_font_size_tablet=\u00bb44px\u00bb header_2_font_size_phone=\u00bb28px\u00bb header_2_font_size_last_edited=\u00bbon|phone\u00bb locked=\u00bboff\u00bb global_colors_info=\u00bb{}\u00bb]<\/p>\n<h2>\u00bfC\u00f3mo reservar?<\/h2>\n<p>Las actividades pueden ser en fechas programadas, para grupos con reserva previa o experiencias a medida.<\/p>\n<p>Para reservar las visitas, rutas o experiencias culturales lo pod\u00e9is hacer:[\/et_pb_text][\/et_pb_column][\/et_pb_row][et_pb_row column_structure=\u00bb1_3,1_3,1_3&#8243; _builder_version=\u00bb4.16&#8243; _module_preset=\u00bbdefault\u00bb global_colors_info=\u00bb{}\u00bb][et_pb_column type=\u00bb1_3&#8243; _builder_version=\u00bb4.16&#8243; _module_preset=\u00bbdefault\u00bb global_colors_info=\u00bb{}\u00bb][et_pb_button button_url=\u00bbhttps:\/\/experienciesculturals.cat\/es\/contacto\/\u00bb button_text=\u00bbFormulario\u00bb button_alignment=\u00bbcenter\u00bb _builder_version=\u00bb4.16&#8243; custom_button=\u00bbon\u00bb button_text_size=\u00bb14px\u00bb button_bg_color=\u00bb#85550d\u00bb button_border_color=\u00bbrgba(0,0,0,0)\u00bb button_border_radius=\u00bb0px\u00bb button_letter_spacing=\u00bb4px\u00bb button_font=\u00bbLato|700||on|||||\u00bb button_icon=\u00bb&#x24;||divi||400&#8243; background_layout=\u00bbdark\u00bb custom_padding=\u00bb15px|40px|15px|40px|false|true\u00bb locked=\u00bboff\u00bb global_colors_info=\u00bb{}\u00bb][\/et_pb_button][\/et_pb_column][et_pb_column type=\u00bb1_3&#8243; _builder_version=\u00bb4.16&#8243; _module_preset=\u00bbdefault\u00bb global_colors_info=\u00bb{}\u00bb][et_pb_button button_url=\u00bb\/botiga\u00bb button_text=\u00bbTienda\u00bb button_alignment=\u00bbcenter\u00bb admin_label=\u00bbButton\u00bb _builder_version=\u00bb4.16&#8243; custom_button=\u00bbon\u00bb button_text_size=\u00bb14px\u00bb button_bg_color=\u00bb#85550d\u00bb button_border_color=\u00bbrgba(0,0,0,0)\u00bb button_border_radius=\u00bb0px\u00bb button_letter_spacing=\u00bb4px\u00bb button_font=\u00bbLato|700||on|||||\u00bb button_icon=\u00bb&#x24;||divi||400&#8243; background_layout=\u00bbdark\u00bb custom_padding=\u00bb15px|40px|15px|40px|false|true\u00bb locked=\u00bboff\u00bb global_colors_info=\u00bb{}\u00bb][\/et_pb_button][\/et_pb_column][et_pb_column type=\u00bb1_3&#8243; _builder_version=\u00bb4.16&#8243; _module_preset=\u00bbdefault\u00bb global_colors_info=\u00bb{}\u00bb][et_pb_button button_url=\u00bbhttps:\/\/experienciesculturals.cat\/val-regal-atri-cultura\/\u00bb button_text=\u00bbVale regalo\u00bb button_alignment=\u00bbcenter\u00bb _builder_version=\u00bb4.16&#8243; custom_button=\u00bbon\u00bb button_text_size=\u00bb14px\u00bb button_bg_color=\u00bb#85550d\u00bb button_border_color=\u00bbrgba(0,0,0,0)\u00bb button_border_radius=\u00bb0px\u00bb button_letter_spacing=\u00bb4px\u00bb button_font=\u00bbLato|700||on|||||\u00bb button_icon=\u00bb&#x24;||divi||400&#8243; background_layout=\u00bbdark\u00bb custom_padding=\u00bb15px|40px|15px|40px|false|true\u00bb locked=\u00bboff\u00bb global_colors_info=\u00bb{}\u00bb][\/et_pb_button][\/et_pb_column][\/et_pb_row][et_pb_row _builder_version=\u00bb4.16&#8243; _module_preset=\u00bbdefault\u00bb global_colors_info=\u00bb{}\u00bb][et_pb_column type=\u00bb4_4&#8243; _builder_version=\u00bb4.16&#8243; _module_preset=\u00bbdefault\u00bb global_colors_info=\u00bb{}\u00bb][et_pb_text _builder_version=\u00bb4.16&#8243; text_font=\u00bbLato||||||||\u00bb text_font_size=\u00bb22px\u00bb text_line_height=\u00bb1.8em\u00bb header_font=\u00bb||||||||\u00bb header_2_font=\u00bbPT Serif|700|||||||\u00bb header_2_font_size=\u00bb64px\u00bb header_2_line_height=\u00bb1.2em\u00bb text_orientation=\u00bbcenter\u00bb background_layout=\u00bbdark\u00bb width=\u00bb100%\u00bb width_tablet=\u00bb600px\u00bb width_phone=\u00bb400px\u00bb width_last_edited=\u00bbon|phone\u00bb module_alignment=\u00bbcenter\u00bb custom_margin=\u00bb||15px\u00bb text_font_size_tablet=\u00bb\u00bb text_font_size_phone=\u00bb15px\u00bb text_font_size_last_edited=\u00bbon|desktop\u00bb header_2_font_size_tablet=\u00bb44px\u00bb header_2_font_size_phone=\u00bb28px\u00bb header_2_font_size_last_edited=\u00bbon|phone\u00bb locked=\u00bboff\u00bb global_colors_info=\u00bb{}\u00bb]**Haciendo estas actividades est\u00e1is apoyando a peque\u00f1as empresas familiares, como nosotros, a la vez que dais a conocer la historia y la cultura de nuestro pa\u00eds.[\/et_pb_text][\/et_pb_column][\/et_pb_row][et_pb_row _builder_version=\u00bb4.16&#8243; width=\u00bb100%\u00bb max_width=\u00bbnone\u00bb locked=\u00bboff\u00bb global_colors_info=\u00bb{}\u00bb][et_pb_column type=\u00bb4_4&#8243; _builder_version=\u00bb4.16&#8243; custom_padding=\u00bb|||\u00bb global_colors_info=\u00bb{}\u00bb custom_padding__hover=\u00bb|||\u00bb][et_pb_image src=\u00bbhttps:\/\/experienciesculturals.cat\/wp-content\/uploads\/2021\/12\/sight-seeing-49.png\u00bb show_bottom_space=\u00bboff\u00bb force_fullwidth=\u00bbon\u00bb _builder_version=\u00bb4.16&#8243; custom_margin=\u00bb||\u00bb global_colors_info=\u00bb{}\u00bb][\/et_pb_image][\/et_pb_column][\/et_pb_row][\/et_pb_section][et_pb_section fb_built=\u00bb1&#8243; admin_label=\u00bbFAQ\u00bb _builder_version=\u00bb4.16&#8243; global_colors_info=\u00bb{}\u00bb][et_pb_row column_structure=\u00bb1_2,1_2&#8243; _builder_version=\u00bb4.16&#8243; max_width=\u00bb1600px\u00bb module_alignment=\u00bbcenter\u00bb module_alignment_tablet=\u00bbleft\u00bb module_alignment_phone=\u00bbleft\u00bb module_alignment_last_edited=\u00bbon|phone\u00bb global_colors_info=\u00bb{}\u00bb][et_pb_column type=\u00bb1_2&#8243; _builder_version=\u00bb4.16&#8243; custom_padding=\u00bb|||\u00bb global_colors_info=\u00bb{}\u00bb custom_padding__hover=\u00bb|||\u00bb][et_pb_image src=\u00bbhttps:\/\/experienciesculturals.cat\/wp-content\/uploads\/2021\/12\/home-8.jpg\u00bb title_text=\u00bbhome-8&#8243; _builder_version=\u00bb4.16&#8243; custom_margin=\u00bb|||-5vw\u00bb custom_margin_tablet=\u00bb\u00bb custom_margin_phone=\u00bb|||0vw\u00bb custom_margin_last_edited=\u00bbon|desktop\u00bb custom_padding=\u00bb|||||\u00bb border_width_all=\u00bb7px\u00bb border_color_all=\u00bb#ffffff\u00bb box_shadow_style=\u00bbpreset3&#8243; box_shadow_vertical=\u00bb15px\u00bb box_shadow_blur=\u00bb45px\u00bb box_shadow_spread=\u00bb-15px\u00bb box_shadow_color=\u00bbrgba(0,0,0,0.25)\u00bb global_colors_info=\u00bb{}\u00bb][\/et_pb_image][\/et_pb_column][et_pb_column type=\u00bb1_2&#8243; _builder_version=\u00bb4.16&#8243; custom_padding=\u00bb|||\u00bb custom_padding_tablet=\u00bb|||8vw\u00bb custom_padding_phone=\u00bb|||8vw\u00bb custom_padding_last_edited=\u00bbon|desktop\u00bb global_colors_info=\u00bb{}\u00bb custom_padding__hover=\u00bb|||\u00bb][et_pb_text _builder_version=\u00bb4.16&#8243; text_font=\u00bb||||||||\u00bb header_font=\u00bb||||||||\u00bb header_2_font=\u00bbPT Serif|700|||||||\u00bb header_2_font_size=\u00bb60px\u00bb header_2_line_height=\u00bb1.2em\u00bb max_width=\u00bb600px\u00bb custom_margin=\u00bb||15px\u00bb header_2_font_size_tablet=\u00bb42px\u00bb header_2_font_size_phone=\u00bb30px\u00bb header_2_font_size_last_edited=\u00bbon|tablet\u00bb locked=\u00bboff\u00bb global_colors_info=\u00bb{}\u00bb]<\/p>\n<h3>Calendario<\/h3>\n<p>[\/et_pb_text][et_pb_text _builder_version=\u00bb4.16&#8243; text_font=\u00bb||||||||\u00bb header_font=\u00bb||||||||\u00bb header_2_font=\u00bbPT Serif|700|||||||\u00bb header_2_font_size=\u00bb60px\u00bb header_2_line_height=\u00bb1.2em\u00bb max_width=\u00bb600px\u00bb custom_margin=\u00bb||15px\u00bb header_2_font_size_tablet=\u00bb42px\u00bb header_2_font_size_phone=\u00bb30px\u00bb header_2_font_size_last_edited=\u00bbon|tablet\u00bb locked=\u00bboff\u00bb global_colors_info=\u00bb{}\u00bb]<iframe loading=\"lazy\" style=\"border-width: 0px;\" src=\"https:\/\/calendar.google.com\/calendar\/embed?title=Atri%20Cultura%20i%20Patrimoni.%20Descobreix%20la%20Selva%3A%20Visites%20i%20Experi%C3%A8ncies%20Culturals&amp;showPrint=0&amp;showCalendars=0&amp;showTz=0&amp;height=400&amp;wkst=2&amp;bgcolor=%23ffffff&amp;src=atricultura%40gmail.com&amp;color=%2329527A&amp;ctz=Europe%2FAndorra\" width=\"400\" height=\"400\" frameborder=\"0\" scrolling=\"no\"><\/iframe>[\/et_pb_text][\/et_pb_column][\/et_pb_row][et_pb_row column_structure=\u00bb2_5,3_5&#8243; _builder_version=\u00bb4.16&#8243; global_colors_info=\u00bb{}\u00bb][et_pb_column type=\u00bb2_5&#8243; _builder_version=\u00bb4.16&#8243; custom_padding=\u00bb|||\u00bb global_colors_info=\u00bb{}\u00bb custom_padding__hover=\u00bb|||\u00bb][\/et_pb_column][et_pb_column type=\u00bb3_5&#8243; _builder_version=\u00bb4.16&#8243; custom_padding=\u00bb|||\u00bb global_colors_info=\u00bb{}\u00bb custom_padding__hover=\u00bb|||\u00bb][\/et_pb_column][\/et_pb_row][\/et_pb_section]<\/p>\n","protected":false},"excerpt":{"rendered":"<p>Experiencias culturales Vive la historia y disfruta del patrimonio! ACTIVIDADES PERFECTAS PARA PAREJAS, FAMILIAS Y AMIGOS QUE LES ENCANTA DESCUBRIR LOS SECRETOS DE NUESTRO PA\u00cdS CONOCER LA CULTURA Y EL PATRIMONIO ES AMARLOS\u00bfTienes curiosidad y ganas de descubrir la comarca de la Selva, Girona, la Costa Brava y su entorno? Quieres pasar un buen rato [&hellip;]<\/p>\n","protected":false},"author":1,"featured_media":0,"parent":0,"menu_order":0,"comment_status":"closed","ping_status":"closed","template":"","meta":{"_et_pb_use_builder":"on","_et_pb_old_content":"","_et_gb_content_width":"","footnotes":""},"class_list":["post-2460","page","type-page","status-publish","hentry"],"_links":{"self":[{"href":"https:\/\/www.experienciesculturals.cat\/es\/wp-json\/wp\/v2\/pages\/2460","targetHints":{"allow":["GET"]}}],"collection":[{"href":"https:\/\/www.experienciesculturals.cat\/es\/wp-json\/wp\/v2\/pages"}],"about":[{"href":"https:\/\/www.experienciesculturals.cat\/es\/wp-json\/wp\/v2\/types\/page"}],"author":[{"embeddable":true,"href":"https:\/\/www.experienciesculturals.cat\/es\/wp-json\/wp\/v2\/users\/1"}],"replies":[{"embeddable":true,"href":"https:\/\/www.experienciesculturals.cat\/es\/wp-json\/wp\/v2\/comments?post=2460"}],"version-history":[{"count":3,"href":"https:\/\/www.experienciesculturals.cat\/es\/wp-json\/wp\/v2\/pages\/2460\/revisions"}],"predecessor-version":[{"id":5900,"href":"https:\/\/www.experienciesculturals.cat\/es\/wp-json\/wp\/v2\/pages\/2460\/revisions\/5900"}],"wp:attachment":[{"href":"https:\/\/www.experienciesculturals.cat\/es\/wp-json\/wp\/v2\/media?parent=2460"}],"curies":[{"name":"wp","href":"https:\/\/api.w.org\/{rel}","templated":true}]}}