{"id":2530,"date":"2021-12-15T15:14:51","date_gmt":"2021-12-15T13:14:51","guid":{"rendered":"http:\/\/experienciesculturals.cat\/informacio-i-reserves\/"},"modified":"2025-05-27T11:06:27","modified_gmt":"2025-05-27T09:06:27","slug":"informacio-i-reserves","status":"publish","type":"page","link":"https:\/\/www.experienciesculturals.cat\/es\/informacio-i-reserves\/","title":{"rendered":"Informaci\u00f3n y Reservas"},"content":{"rendered":"<p>[et_pb_section fb_built=\u00bb1&#8243; custom_padding_last_edited=\u00bbon|desktop\u00bb admin_label=\u00bbHeader\u00bb _builder_version=\u00bb4.16&#8243; background_color=\u00bb#242e42&#8243; background_image=\u00bbhttps:\/\/experienciesculturals.cat\/wp-content\/uploads\/2021\/12\/rocas-dark.jpg\u00bb background_size=\u00bbcontain\u00bb background_position=\u00bbtop_center\u00bb custom_padding=\u00bb||0px||false|false\u00bb custom_padding_tablet=\u00bb0px||5vw\u00bb custom_padding_phone=\u00bb\u00bb box_shadow_vertical_tablet=\u00bb\u00bb box_shadow_vertical_phone=\u00bb\u00bb box_shadow_vertical_last_edited=\u00bbon|tablet\u00bb locked=\u00bboff\u00bb global_colors_info=\u00bb{}\u00bb][et_pb_row _builder_version=\u00bb4.16&#8243; module_alignment=\u00bbcenter\u00bb locked=\u00bboff\u00bb global_colors_info=\u00bb{}\u00bb][et_pb_column type=\u00bb4_4&#8243; _builder_version=\u00bb4.16&#8243; custom_padding=\u00bb|||\u00bb global_colors_info=\u00bb{}\u00bb custom_padding__hover=\u00bb|||\u00bb][et_pb_text _builder_version=\u00bb4.16&#8243; text_font=\u00bbLato||||||||\u00bb text_font_size=\u00bb22px\u00bb text_line_height=\u00bb1.8em\u00bb header_font=\u00bbPT Serif|700|||||||\u00bb header_font_size=\u00bb80px\u00bb header_line_height=\u00bb1.2em\u00bb background_layout=\u00bbdark\u00bb text_font_size_tablet=\u00bb\u00bb text_font_size_phone=\u00bb18px\u00bb text_font_size_last_edited=\u00bbon|phone\u00bb header_font_size_tablet=\u00bb60px\u00bb header_font_size_phone=\u00bb36px\u00bb header_font_size_last_edited=\u00bbon|phone\u00bb global_colors_info=\u00bb{}\u00bb]<\/p>\n<h1>Informaci\u00f3n y Reservas<\/h1>\n<p>[\/et_pb_text][et_pb_divider color=\u00bb#ffffff\u00bb divider_weight=\u00bb5px\u00bb _builder_version=\u00bb4.16&#8243; max_width=\u00bb100px\u00bb locked=\u00bboff\u00bb global_colors_info=\u00bb{}\u00bb][\/et_pb_divider][\/et_pb_column][\/et_pb_row][\/et_pb_section][et_pb_section fb_built=\u00bb1&#8243; admin_label=\u00bbPromo\u00bb _builder_version=\u00bb4.16&#8243; global_colors_info=\u00bb{}\u00bb][et_pb_row _builder_version=\u00bb4.16&#8243; locked=\u00bboff\u00bb global_colors_info=\u00bb{}\u00bb][et_pb_column type=\u00bb4_4&#8243; _builder_version=\u00bb4.16&#8243; custom_padding=\u00bb|||\u00bb global_colors_info=\u00bb{}\u00bb custom_padding__hover=\u00bb|||\u00bb][et_pb_text _builder_version=\u00bb4.27.4&#8243; text_font=\u00bbLato||||||||\u00bb text_font_size=\u00bb18px\u00bb text_line_height=\u00bb1.8em\u00bb header_font=\u00bb||||||||\u00bb header_2_font=\u00bb||||||||\u00bb header_3_font=\u00bbLato|900|||||||\u00bb header_3_font_size=\u00bb26px\u00bb header_3_line_height=\u00bb1.6em\u00bb background_color=\u00bb#ffffff\u00bb text_orientation=\u00bbjustify\u00bb max_width=\u00bb100%\u00bb module_alignment=\u00bbcenter\u00bb custom_margin_tablet=\u00bb|||0px\u00bb custom_margin_phone=\u00bb-200px||\u00bb custom_margin_last_edited=\u00bboff|desktop\u00bb custom_padding=\u00bb50px|40px|50px|40px|true|true\u00bb custom_padding_tablet=\u00bb\u00bb custom_padding_phone=\u00bb30px|20px|30px|20px|true|true\u00bb custom_padding_last_edited=\u00bbon|desktop\u00bb hover_enabled=\u00bb0&#8243; text_font_size_tablet=\u00bb\u00bb text_font_size_phone=\u00bb15px\u00bb text_font_size_last_edited=\u00bbon|desktop\u00bb header_3_font_size_tablet=\u00bb20px\u00bb header_3_font_size_phone=\u00bb16px\u00bb header_3_font_size_last_edited=\u00bbon|desktop\u00bb custom_css_main_element=\u00bbposition: relative;\u00bb box_shadow_style=\u00bbpreset3&#8243; box_shadow_blur=\u00bb100px\u00bb box_shadow_color=\u00bbrgba(0,0,0,0.12)\u00bb text_text_align=\u00bbjustify\u00bb locked=\u00bboff\u00bb global_colors_info=\u00bb{}\u00bb sticky_enabled=\u00bb0&#8243;]<\/p>\n<h3>\u00a1VISITAS, RUTAS Y EXPERIENCIAS CULTURALES: DESCUBRE Y VIVE LA HISTORIA!<\/h3>\n<p style=\"text-align: justify;\">En la actualidad realizamos varias visitas y rutas culturales programadas, concertadas o para grupos privados, y disponemos de varias experiencias culturales dentro del ciclo DESCUBRE LA SELVA o la promoci\u00f3n ESCOGE QU\u00c9 SELVA QUIERES DESCUBRIR. Las Experiencias Culturales son propuestas diversas donde se combinan visitas o rutas culturales con actividades l\u00fadicas o gastron\u00f3micas locales. \u00a1Conocer el pa\u00eds y su cultura es amarlo!<\/p>\n<p style=\"text-align: justify;\"><a href=\"http:\/\/www.atri.cat\"><img loading=\"lazy\" decoding=\"async\" class=\"aligncenter wp-image-674 size-full\" src=\"https:\/\/experienciesculturals.cat\/wp-content\/uploads\/2016\/06\/2020_logo_ExperienciesCulturals.jpg\" alt=\"2020_logo_ExperienciesCulturals\" width=\"571\" height=\"163\" srcset=\"https:\/\/www.experienciesculturals.cat\/wp-content\/uploads\/2016\/06\/2020_logo_ExperienciesCulturals.jpg 571w, https:\/\/www.experienciesculturals.cat\/wp-content\/uploads\/2016\/06\/2020_logo_ExperienciesCulturals-300x86.jpg 300w, https:\/\/www.experienciesculturals.cat\/wp-content\/uploads\/2016\/06\/2020_logo_ExperienciesCulturals-100x29.jpg 100w, https:\/\/www.experienciesculturals.cat\/wp-content\/uploads\/2016\/06\/2020_logo_ExperienciesCulturals-150x43.jpg 150w, https:\/\/www.experienciesculturals.cat\/wp-content\/uploads\/2016\/06\/2020_logo_ExperienciesCulturals-200x57.jpg 200w, https:\/\/www.experienciesculturals.cat\/wp-content\/uploads\/2016\/06\/2020_logo_ExperienciesCulturals-450x128.jpg 450w\" sizes=\"(max-width: 571px) 100vw, 571px\" \/><\/a><\/p>\n<p>Estas Visitas, Rutas i Experiencias Culturales se pueden realizar en los d\u00edas publicitados, para grupos privados con reserva previa y como vales regalo.<\/p>\n<h3><strong>1) \u00bfC\u00d3MO HACER LA COMPRA de una actividad o del vale regalo a trav\u00e9s de la tienda virtual?<\/strong><\/h3>\n<p><strong>Para comprar una Experiencia Cultural o actividad disponibles en la tienda, para consumo propio o para hacer un Vale Regalo:<\/strong><\/p>\n<ol>\n<li>Visitad la web, seleccionad la actividad que m\u00e1s os interese y metedla en el carrito.<\/li>\n<li>Si es para un vale regalo, recordad rellenar el apartado \u00abinformaci\u00f3n adicional\u00bb con un texto breve para incluir. Ejemplo: Para Laura y familia, de parte de sus amigos (M\u00e1x. 125 caracteres para incluir en el vale regalo). Si es en una fecha concreta que ya nos hab\u00e9is reservado, tambi\u00e9n la incluiremos. Si no, indicaremos hasta cuando tiene validez y que se debe hacer la reserva con cierta antelaci\u00f3n. 3. Para dudas o m\u00e1s informaci\u00f3n, enviad un correo electr\u00f3nico a info@atri.cat o bien llamad a los tel\u00e9fonos 972.470.735 \/ 603.643.525<\/li>\n<li>El sistema de pago de las actividades es por transferencia bancaria.<\/li>\n<li>La compra de la experiencia o del vale regalo se considerar\u00e1 formalizada una vez efectuado el ingreso.<\/li>\n<li>Si quer\u00e9is recibir un vale regalo en formato PDF en vuestro buz\u00f3n de correo electr\u00f3nico, mejor enviadnos un correo electr\u00f3nico con el comprobante de pago a info@atri.cat. Recibir\u00e9is un vale regalo en formato PDF en vuestro buz\u00f3n de correo electr\u00f3nico dentro de las 72h posteriores como m\u00e1ximo, para que pod\u00e1is regalarlo a quien quer\u00e1is.<\/li>\n<li>Cuando realices tu pago directamente a nuestra cuenta bancaria. Por favor, utiliza el n\u00famero de pedido como referencia de pago. Si antes de hacer la compra quieres consultar o reservar d\u00eda y hora de la actividad, primero ponte en contacto con nosotros para confirmar la disponibilidad.<\/li>\n<li>Si la compra es para un vale regalo. Si no env\u00edas el justificante de haber realizado la transferencia empezaremos a procesar tu pedido para enviarte el vale. Los vales regalo caducan el 30\/11 del a\u00f1o natural en que se han emitido (excepto los adquiridos entre el 1 y el 31 de diciembre, que caducan el 31 de diciembre del a\u00f1o natural siguiente).<\/li>\n<li>Una vez finalizada la compra, en caso de ser un vale regalo, recibir\u00e9is el vale en formato PDF en vuestro buz\u00f3n de correo electr\u00f3nico dentro de las 72h posteriores como m\u00e1ximo, para que pod\u00e1is regalarlo a quien quer\u00e1is. En el apartado de informaci\u00f3n adicional a\u00f1adid el texto que quer\u00e9is en el \u00abvale regalo\u00bb (m\u00e1x. 125 caracteres).<\/li>\n<\/ol>\n<p><strong>Para canjear el Vale (para consumo propio o para Vale Regalo:<\/strong><\/p>\n<ol>\n<li>Los destinatarios del Vale deber\u00e1n contactar con nosotros por tel\u00e9fono o por correo electr\u00f3nico para realizar la reserva de la fecha de la actividad. Los vales regalo incluyen una referencia que el beneficiario deber\u00e1 facilitarnos al hacer la reserva.<\/li>\n<li>Los vales regalo tienen validez hasta el 30\/11 del a\u00f1o en curso.<\/li>\n<li>Pod\u00e9is consultar la informaci\u00f3n legal y las condiciones de Atri Cultura i Patrimoni SLU en el siguiente apartado: <a href=\"https:\/\/www.experienciesculturals.cat\/es\/informacio-i-reserves\/\">https:\/\/www.experienciesculturals.cat\/es\/informacio-i-reserves\/<\/a><\/li>\n<\/ol>\n<h3><strong>2) \u00bfC\u00d3MO HACER LAS INSCRIPCIONES de las actividades programadas si no est\u00e1n activadas en la tienda virtual?<\/strong><\/h3>\n<ol>\n<li>Para hacer las actividades programadas se necesita inscripci\u00f3n previa.<\/li>\n<li>Las plazas son limitadas y por orden de inscripci\u00f3n.<\/li>\n<li>Las inscripciones se pueden hacer hasta 24h antes del inicio de la actividad, siempre que haya plazas disponibles.<\/li>\n<li>Las inscripciones se pueden hacer enviando un correo electr\u00f3nico a info@atri.cat o bien llamando a los tel\u00e9fonos 972.470.735 \/ 603.643.525<\/li>\n<li>Para hacer la inscripci\u00f3n se debe indicar (por tel\u00e9fono o correo electr\u00f3nico):\n<ul>\n<li>Actividad que se quiere realizar<\/li>\n<li>Fecha de la actividad<\/li>\n<li>Nombre y apellidos de la persona que hace la reserva, tel\u00e9fono m\u00f3vil de contacto y correo electr\u00f3nico.<\/li>\n<li>Del resto de inscritos: nombre y apellidos de las personas a inscribir (especificar n\u00famero de adultos, y si hay ni\u00f1os, cuantos y su edad)<\/li>\n<li>Se enviar\u00e1 un correo electr\u00f3nico confirmando la reserva e indicando c\u00f3mo hacer el pago por transferencia bancaria.<\/li>\n<li>Se establece la transferencia bancaria como sistema de pago de las actividades.<\/li>\n<li>La reserva se considerar\u00e1 formalizada una vez efectuado el ingreso. Debe enviarse el comprobante del pago a info@atri.cat<\/li>\n<li>Las plazas se prereservar\u00e1n durante 24h. Si pasado este plazo no hemos recibido la confirmaci\u00f3n del pago, quedar\u00e1n liberadas.<\/li>\n<li>Una vez recibido el comprobante de pago se enviar\u00e1 un correo indicando el punto de encuentro.<\/li>\n<\/ul>\n<\/li>\n<li>Si la actividad a realizar se halla incluida en el portal Experience Catalunya pod\u00e9is hacer directamente la inscripci\u00f3n desde el enlace de cada Experiencia Cultural donde pone HAZ TU RESERVA. Cuando cliqu\u00e9is se abrir\u00e1 el aplicativo de Experience Catalunya, portal de comercializaci\u00f3n de la <a href=\"http:\/\/act.gencat.cat\/\" target=\"_blank\" rel=\"noopener\">Ag\u00e8ncia Catalana de Turisme<\/a> (Generalitat de Catalunya), a trav\u00e9s del cual se hace la reserva y el pago.<\/li>\n<li>El d\u00eda de la actividad, solamente deber\u00e9is llevar el correo electr\u00f3nico de confirmaci\u00f3n.<\/li>\n<\/ol>\n<h3><strong>3) \u00bfC\u00d3MO HACER LA RESERVA de una actividad en cat\u00e1logo de un grupo particular o privado (amigos, parejas, familias, asociaciones, escuelas, grupos de jubilados, etc.) no disponible en la tienda online?<\/strong><\/h3>\n<ol>\n<li>La reserva se puede hacer enviando un correo electr\u00f3nico a info@atri.cat o bien llamando a los tel\u00e9fonos 972.470.735 \/ 603.643.525 y solicitando un presupuesto a medida.<\/li>\n<li>Para hacer la reserva y el presupuesto del grupo se debe indicar (por tel\u00e9fono o correo electr\u00f3nico):\n<ul>\n<li>Actividad que se quiere realizar.<\/li>\n<li>Fecha de la actividad y n\u00famero de participantes.<\/li>\n<li>Nombre y apellidos de la persona que hace la reserva, tel\u00e9fono m\u00f3vil de contacto y correo electr\u00f3nico.<\/li>\n<li>Indicar datos fiscales si se necesita factura (empresa, asociaci\u00f3n, agencia de viajes, escuela, etc.)<\/li>\n<li>Se enviar\u00e1 un correo electr\u00f3nico confirmando la reserva e indicando c\u00f3mo hacer el pago por transferencia bancaria.<\/li>\n<li>Se establece la transferencia bancaria como sistema de pago de las actividades.<\/li>\n<li>La reserva se considerar\u00e1 formalizada una vez efectuado el ingreso. Debe enviarse el comprobante del pago a info@atri.cat<\/li>\n<li>Una vez recibido el comprobante de pago se enviar\u00e1 un correo indicando el punto de encuentro.<\/li>\n<\/ul>\n<\/li>\n<li>El d\u00eda de la actividad, solamente deber\u00e9is llevar el correo electr\u00f3nico de confirmaci\u00f3n.<\/li>\n<\/ol>\n<h3><strong>4) \u00bfC\u00d3MO HACER LA COMPRA DE LA PROMOCI\u00d3N \u00abEscoge qu\u00e9 Selva quieres descubrir!\u00bb o del ciclo \u00abDescubre la Selva\u00bb?<\/strong><\/h3>\n<h4><strong>4.1) Para comprar o reservar las actividades de la promoci\u00f3n \u00abESCOGE QU\u00c9 SELVA QUIERES DESCUBRIR!\u00bb:<\/strong><\/h4>\n<ul>\n<li>Para comprar una Experiencia Cultural de la promoci\u00f3n \u00abEscoge qu\u00e9 Selva quieres descubrir\u00bb lo podr\u00e1s hacer a trav\u00e9s de la tienda en l\u00ednea de esta web. En el apartado 1 de esta secci\u00f3n encontrar\u00e1s todos los detalles e informaci\u00f3n.<\/li>\n<\/ul>\n<h4><strong>4.2) Para comprar o reservar las actividades del ciclo \u00abVISITAS Y RUTAS CULTURALES: DESCUBRE LA SELVA\u00bb:<\/strong><\/h4>\n<ul>\n<li>Si est\u00e1n activadas en la tienda en l\u00ednea podr\u00e1s hacer la compra directamente como se explica en el apartado 1 de esta secci\u00f3n (actividades activadas en la tienda virtual o en l\u00ednea)<\/li>\n<li>Si no est\u00e1n activadas en la tienda en l\u00ednea podr\u00e1s hacer la compra como se explica en el apartado 2 de esta secci\u00f3n (actividades no activadas en la tienda virtual o en l\u00ednea)<\/li>\n<\/ul>\n<p>[\/et_pb_text][et_pb_text disabled_on=\u00bbon|on|on\u00bb _builder_version=\u00bb4.16&#8243; text_font=\u00bbLato||||||||\u00bb text_font_size=\u00bb18px\u00bb text_line_height=\u00bb1.8em\u00bb header_font=\u00bb||||||||\u00bb header_2_font=\u00bb||||||||\u00bb header_3_font=\u00bbLato|900|||||||\u00bb header_3_font_size=\u00bb26px\u00bb header_3_line_height=\u00bb1.6em\u00bb background_color=\u00bb#ffffff\u00bb text_orientation=\u00bbjustify\u00bb max_width=\u00bb100%\u00bb module_alignment=\u00bbcenter\u00bb custom_margin_tablet=\u00bb|||0px\u00bb custom_margin_phone=\u00bb-200px||\u00bb custom_margin_last_edited=\u00bboff|desktop\u00bb custom_padding=\u00bb50px|40px|50px|40px|true|true\u00bb custom_padding_tablet=\u00bb\u00bb custom_padding_phone=\u00bb30px|20px|30px|20px|true|true\u00bb custom_padding_last_edited=\u00bbon|desktop\u00bb text_font_size_tablet=\u00bb\u00bb text_font_size_phone=\u00bb15px\u00bb text_font_size_last_edited=\u00bbon|desktop\u00bb header_3_font_size_tablet=\u00bb20px\u00bb header_3_font_size_phone=\u00bb16px\u00bb header_3_font_size_last_edited=\u00bbon|desktop\u00bb custom_css_main_element=\u00bbposition: relative;\u00bb box_shadow_style=\u00bbpreset3&#8243; box_shadow_blur=\u00bb100px\u00bb box_shadow_color=\u00bbrgba(0,0,0,0.12)\u00bb text_text_align=\u00bbjustify\u00bb disabled=\u00bbon\u00bb locked=\u00bboff\u00bb global_colors_info=\u00bb{}\u00bb]<\/p>\n<h3>CONDICIONES GENERALES DE LA COMPRA<\/h3>\n<p>La adquisici\u00f3n de las actividades realizadas por Atri Cultura i Patrimoni (publicitadas en www.atri.cat o www.experienciesculturals.cat) representa la aceptaci\u00f3n de las siguientes condiciones:<\/p>\n<ul>\n<li>El pago de la visita, ruta o experiencia cultural reservada da acceso a la actividad e incluye la aceptaci\u00f3n de la totalidad de las condiciones de uso de la misma sin reservas.<\/li>\n<li>La organizaci\u00f3n se reserva el derecho de cancelar las visitas por causas imprevistas de fuerza mayor o por razones meteorol\u00f3gicas. En estos casos, se devolver\u00e1 el importe pagado o se cambiar\u00e1 la visita, ruta o experiencia cultural para otro d\u00eda, renunciando el usuario\/cliente a otro tipo de reclamaci\u00f3n.<\/li>\n<li>La admisi\u00f3n queda supeditada al pago previo de la actividad.<\/li>\n<li>Queda totalmente prohibida la filmaci\u00f3n o grabaci\u00f3n de im\u00e1genes o sonidos sin la previa autorizaci\u00f3n escrita del organizador. Quedan reservados todos los derechos de imagen y propiedad intelectual derivados de la actividad.<\/li>\n<li>Los tel\u00e9fonos m\u00f3viles deben estar en posici\u00f3n silencio durante la actividad.<\/li>\n<li>El usuario\/cliente autoriza a la organizaci\u00f3n de la actividad a utilizar cualquier fotograf\u00eda o cualquier otro tipo de archivo de su participaci\u00f3n en esta actividad. En caso contrario, debe enviar un correo electr\u00f3nico a info@atri.cat y especificarlo.<\/li>\n<li>La organizaci\u00f3n no se hace responsable de la compra de los productos que no se hayan adquirido en los puntos de venta oficiales especificados en las web www.atri.cat o www.experienciesculturales.cat<\/li>\n<li>Como titulares de los derechos intelectuales de las visitas, rutas y experiencias culturales que organizamos, creamos y realizamos, ATRI CULTURA I PATRIMONI se reserva la posibilidad de ejercer las acciones legales que correspondan contra los usuarios que violen o infrinjan los derechos de propiedad intelectual y\/o industrial.<\/li>\n<li>El usuario\/cliente no podr\u00e1 explotar o utilizar comercialmente de forma directa o indirecta, total o parcial ninguno de los contenidos de las actividades.<\/li>\n<li>Los contenidos suministrados per ATRI CULTURA I PATRIMONI SLU est\u00e1n sujetos a los derechos de propiedad intelectual e industrial y son titularidad exclusiva de ATRI CULTURA I PATRIMONI SLU o de las personas f\u00edsicas o jur\u00eddicas que se autorice. Mediante la adquisici\u00f3n de un producto o servicio, ATRI CULTURA I PATRIMONI SLU no confiere al adquiriente ning\u00fan derecho de alteraci\u00f3n, explotaci\u00f3n, reproducci\u00f3n, distribuci\u00f3n o comunicaci\u00f3n p\u00fablica sobre el mismo, reservando ATRI CULTURA I PATRIMONI SLU todos estos derechos. La cesi\u00f3n de los citados derechos precisar\u00e1 el previo consentimiento por escrito del titular de los mismos, de manera que el cliente no podr\u00e1 poner a disposici\u00f3n de terceras persones estos contenidos. La propiedad intelectual se extiende, adem\u00e1s del contenido incluido en las actividades, a las webs www.atri.cat y www.experienciesculturales.cat, a sus gr\u00e1ficos, logotipos, dise\u00f1os, textos, im\u00e1genes y c\u00f3digos fuente utilizados para su programaci\u00f3n.<\/li>\n<li>Conforme a lo que establece el art\u00edculo 5 de la LO 15\/1999 de protecci\u00f3n de datos de car\u00e1cter personal, le informamos que sus datos pasar\u00e1n a formar parte de un fichero responsabilidad de nuestra entidad con la finalidad de posibilitar la relaci\u00f3n comercial con usted, para el env\u00edo de los productos adquiridos, as\u00ed como para la remisi\u00f3n de informaci\u00f3n relacionada con nuestros productos y servicios, incluyendo para ello el correo electr\u00f3nico. Podr\u00e1 ejercer sus derechos de acceso, rectificaci\u00f3n, cancelaci\u00f3n y oposici\u00f3n a nuestro domicilio, mediante solicitud por escrito a info@atri.cat, acompa\u00f1ada de la fotocopia de su NIF.<\/li>\n<li>Las presentes condiciones generales se rigen per la normativa vigente y aplicable y son competentes en la resoluci\u00f3n de conflictos los \u00f3rganos jurisdiccionales propios del territorio donde Atri Cultura i Patrimoni SLU tiene el domicilio social.<\/li>\n<\/ul>\n<p>[\/et_pb_text][et_pb_text _builder_version=\u00bb4.16&#8243; text_font=\u00bbLato||||||||\u00bb text_font_size=\u00bb18px\u00bb text_line_height=\u00bb1.8em\u00bb header_font=\u00bb||||||||\u00bb header_2_font=\u00bb||||||||\u00bb header_3_font=\u00bbLato|900|||||||\u00bb header_3_font_size=\u00bb26px\u00bb header_3_line_height=\u00bb1.6em\u00bb background_color=\u00bb#ffffff\u00bb text_orientation=\u00bbjustify\u00bb max_width=\u00bb100%\u00bb module_alignment=\u00bbcenter\u00bb custom_margin_tablet=\u00bb|||0px\u00bb custom_margin_phone=\u00bb-200px||\u00bb custom_margin_last_edited=\u00bboff|desktop\u00bb custom_padding=\u00bb50px|40px|50px|40px|true|true\u00bb custom_padding_tablet=\u00bb\u00bb custom_padding_phone=\u00bb30px|20px|30px|20px|true|true\u00bb custom_padding_last_edited=\u00bbon|desktop\u00bb text_font_size_tablet=\u00bb\u00bb text_font_size_phone=\u00bb15px\u00bb text_font_size_last_edited=\u00bbon|desktop\u00bb header_3_font_size_tablet=\u00bb20px\u00bb header_3_font_size_phone=\u00bb16px\u00bb header_3_font_size_last_edited=\u00bbon|desktop\u00bb custom_css_main_element=\u00bbposition: relative;\u00bb box_shadow_style=\u00bbpreset3&#8243; box_shadow_blur=\u00bb100px\u00bb box_shadow_color=\u00bbrgba(0,0,0,0.12)\u00bb text_text_align=\u00bbjustify\u00bb locked=\u00bboff\u00bb global_colors_info=\u00bb{}\u00bb]<\/p>\n<h3>CALENDARIO DE VISITAS, RUTAS Y EXPERIENCIAS CULTURALES PROGRAMADAS:<\/h3>\n<p><iframe loading=\"lazy\" style=\"border-width: 0;\" src=\"https:\/\/calendar.google.com\/calendar\/embed?title=Atri%20Cultura%20i%20Patrimoni.%20Descobreix%20la%20Selva%3A%20Visites%20i%20Experi%C3%A8ncies%20Culturals&amp;showPrint=0&amp;showCalendars=0&amp;showTz=0&amp;mode=AGENDA&amp;height=400&amp;wkst=2&amp;bgcolor=%23ffffff&amp;src=atricultura%40gmail.com&amp;color=%2329527A&amp;ctz=Europe%2FAndorra\" width=\"600\" height=\"400\" frameborder=\"0\" scrolling=\"no\"><\/iframe><\/p>\n<p><strong>Para mas informaci\u00f3n:<\/strong><br \/>\nAtri Cultura i Patrimoni SLU \/\/ Carrer Nou, 60, 2n \/\/ 17455 Caldes de Malavella (Girona)<br \/>\nTel. 972.470.735 \/ 603.643.525 \/ 620.969.762<br \/>\na\/e: info@atri.cat \/\/ web: <a href=\"http:\/\/www.atri.cat\">www.atri.cat<\/a><\/p>\n<h3>\u00bfQui\u00e9nes somos?<\/h3>\n<p><a href=\"http:\/\/www.atri.cat\"><strong>ATRI CULTURA I PATRIMONI SLU<\/strong><\/a> es una empresa familiar adherida a la <a href=\"http:\/\/www.laselvaturisme.com\/\">Associaci\u00f3 de Turisme la Selva Comarca de l&#8217;Aigua<\/a>, al <a href=\"http:\/\/ca.costabrava.org\/que-fer\/cultura\/empreses\/empreses-dactivitats\/atri-cultura-i-patrimoni-114648\">Club Cultura i Identitat del Patronat de Turisme Costa Brava Girona Pirineus<\/a> y a la <a href=\"http:\/\/act.gencat.cat\/directori-empreses\/entry\/8\/1533\/\">Ag\u00e8ncia Catalana de Turisme<\/a>.<\/p>\n<p><a href=\"http:\/\/www.atri.cat\"><img decoding=\"async\" src=\"\/wp-content\/uploads\/2016\/07\/capsalera_Atri_revisada.jpg\" alt=\"capsalera_Atri_revisada\" style=\"width:100%\"><\/a><\/p>\n<p>ATRI CULTURA I PATRIMONI SLU es una empresa adherida a:<\/p>\n<p><img decoding=\"async\" src=\"\/wp-content\/uploads\/2020\/12\/2020_banner_atricultura_v2.jpg\" alt=\"Atri Cultura i Patrimoni - turisme reserva visita cultural\" style=\"width:100%\">[\/et_pb_text][\/et_pb_column][\/et_pb_row][\/et_pb_section]<\/p>\n","protected":false},"excerpt":{"rendered":"<p>Informaci\u00f3n y Reservas\u00a1VISITAS, RUTAS Y EXPERIENCIAS CULTURALES: DESCUBRE Y VIVE LA HISTORIA! En la actualidad realizamos varias visitas y rutas culturales programadas, concertadas o para grupos privados, y disponemos de varias experiencias culturales dentro del ciclo DESCUBRE LA SELVA o la promoci\u00f3n ESCOGE QU\u00c9 SELVA QUIERES DESCUBRIR. Las Experiencias Culturales son propuestas diversas donde se [&hellip;]<\/p>\n","protected":false},"author":1,"featured_media":0,"parent":0,"menu_order":0,"comment_status":"closed","ping_status":"closed","template":"","meta":{"_et_pb_use_builder":"on","_et_pb_old_content":"","_et_gb_content_width":"","footnotes":""},"class_list":["post-2530","page","type-page","status-publish","hentry"],"_links":{"self":[{"href":"https:\/\/www.experienciesculturals.cat\/es\/wp-json\/wp\/v2\/pages\/2530","targetHints":{"allow":["GET"]}}],"collection":[{"href":"https:\/\/www.experienciesculturals.cat\/es\/wp-json\/wp\/v2\/pages"}],"about":[{"href":"https:\/\/www.experienciesculturals.cat\/es\/wp-json\/wp\/v2\/types\/page"}],"author":[{"embeddable":true,"href":"https:\/\/www.experienciesculturals.cat\/es\/wp-json\/wp\/v2\/users\/1"}],"replies":[{"embeddable":true,"href":"https:\/\/www.experienciesculturals.cat\/es\/wp-json\/wp\/v2\/comments?post=2530"}],"version-history":[{"count":4,"href":"https:\/\/www.experienciesculturals.cat\/es\/wp-json\/wp\/v2\/pages\/2530\/revisions"}],"predecessor-version":[{"id":6019,"href":"https:\/\/www.experienciesculturals.cat\/es\/wp-json\/wp\/v2\/pages\/2530\/revisions\/6019"}],"wp:attachment":[{"href":"https:\/\/www.experienciesculturals.cat\/es\/wp-json\/wp\/v2\/media?parent=2530"}],"curies":[{"name":"wp","href":"https:\/\/api.w.org\/{rel}","templated":true}]}}