{"id":2804,"date":"2021-12-15T16:56:30","date_gmt":"2021-12-15T14:56:30","guid":{"rendered":"http:\/\/experienciesculturals.cat\/turisme-cultural\/"},"modified":"2022-01-04T09:56:07","modified_gmt":"2022-01-04T07:56:07","slug":"turisme-cultural","status":"publish","type":"page","link":"https:\/\/www.experienciesculturals.cat\/es\/turisme-cultural\/","title":{"rendered":"Sobre nosotros"},"content":{"rendered":"<p>[et_pb_section fb_built=\u00bb1&#8243; custom_padding_last_edited=\u00bbon|desktop\u00bb admin_label=\u00bbHeader\u00bb _builder_version=\u00bb4.14.4&#8243; background_color=\u00bbRGBA(255,255,255,0)\u00bb background_color_gradient_start=\u00bbrgba(175,164,96,0.8)\u00bb background_color_gradient_end=\u00bbrgba(255,255,255,0)\u00bb background_image=\u00bbhttp:\/\/experienciesculturals.cat\/wp-content\/uploads\/2021\/12\/home-7.jpg\u00bb background_position=\u00bbbottom_center\u00bb custom_padding=\u00bb||100px||false|false\u00bb custom_padding_tablet=\u00bb0px||5vw\u00bb custom_padding_phone=\u00bb\u00bb hover_enabled=\u00bb0&#8243; box_shadow_vertical_tablet=\u00bb\u00bb box_shadow_vertical_phone=\u00bb\u00bb box_shadow_vertical_last_edited=\u00bbon|tablet\u00bb locked=\u00bboff\u00bb global_colors_info=\u00bb{}\u00bb sticky_enabled=\u00bb0&#8243;][et_pb_row _builder_version=\u00bb3.25&#8243; module_alignment=\u00bbcenter\u00bb locked=\u00bboff\u00bb global_colors_info=\u00bb{}\u00bb][et_pb_column type=\u00bb4_4&#8243; _builder_version=\u00bb3.25&#8243; custom_padding=\u00bb|||\u00bb global_colors_info=\u00bb{}\u00bb custom_padding__hover=\u00bb|||\u00bb][et_pb_text _builder_version=\u00bb4.14.2&#8243; text_font=\u00bbLato||||||||\u00bb text_font_size=\u00bb22px\u00bb text_line_height=\u00bb1.8em\u00bb header_font=\u00bbPT Serif|700|||||||\u00bb header_font_size=\u00bb80px\u00bb header_line_height=\u00bb1.2em\u00bb background_layout=\u00bbdark\u00bb text_font_size_tablet=\u00bb\u00bb text_font_size_phone=\u00bb18px\u00bb text_font_size_last_edited=\u00bbon|phone\u00bb header_font_size_tablet=\u00bb60px\u00bb header_font_size_phone=\u00bb36px\u00bb header_font_size_last_edited=\u00bbon|phone\u00bb global_colors_info=\u00bb{}\u00bb]<\/p>\n<h1>Sobre nosotros<\/h1>\n<p>[\/et_pb_text][et_pb_divider color=\u00bb#ffffff\u00bb divider_weight=\u00bb5px\u00bb _builder_version=\u00bb3.23.3&#8243; max_width=\u00bb100px\u00bb locked=\u00bboff\u00bb global_colors_info=\u00bb{}\u00bb][\/et_pb_divider][\/et_pb_column][\/et_pb_row][\/et_pb_section][et_pb_section fb_built=\u00bb1&#8243; admin_label=\u00bbPromo\u00bb _builder_version=\u00bb3.24&#8243; global_colors_info=\u00bb{}\u00bb][et_pb_row _builder_version=\u00bb3.25&#8243; locked=\u00bboff\u00bb global_colors_info=\u00bb{}\u00bb][et_pb_column type=\u00bb4_4&#8243; _builder_version=\u00bb3.25&#8243; custom_padding=\u00bb|||\u00bb global_colors_info=\u00bb{}\u00bb custom_padding__hover=\u00bb|||\u00bb][et_pb_text _builder_version=\u00bb4.14.2&#8243; text_font=\u00bbLato||||||||\u00bb text_font_size=\u00bb18px\u00bb text_line_height=\u00bb1.8em\u00bb header_font=\u00bb||||||||\u00bb header_2_font=\u00bb||||||||\u00bb header_3_font=\u00bbLato|900|||||||\u00bb header_3_font_size=\u00bb26px\u00bb header_3_line_height=\u00bb1.6em\u00bb background_color=\u00bb#ffffff\u00bb text_orientation=\u00bbjustify\u00bb max_width=\u00bb800px\u00bb module_alignment=\u00bbcenter\u00bb custom_margin_tablet=\u00bb|||0px\u00bb custom_margin_phone=\u00bb-200px||\u00bb custom_margin_last_edited=\u00bboff|desktop\u00bb custom_padding=\u00bb50px|40px|50px|40px|true|true\u00bb custom_padding_tablet=\u00bb\u00bb custom_padding_phone=\u00bb30px|20px|30px|20px|true|true\u00bb custom_padding_last_edited=\u00bbon|desktop\u00bb text_font_size_tablet=\u00bb\u00bb text_font_size_phone=\u00bb15px\u00bb text_font_size_last_edited=\u00bbon|desktop\u00bb header_3_font_size_tablet=\u00bb20px\u00bb header_3_font_size_phone=\u00bb16px\u00bb header_3_font_size_last_edited=\u00bbon|desktop\u00bb custom_css_main_element=\u00bbposition: relative;\u00bb box_shadow_style=\u00bbpreset3&#8243; box_shadow_blur=\u00bb100px\u00bb box_shadow_color=\u00bbrgba(0,0,0,0.12)\u00bb text_text_align=\u00bbjustify\u00bb locked=\u00bboff\u00bb global_colors_info=\u00bb{}\u00bb]<\/p>\n<h3>\u00bfQu\u00e9 hacemos?<\/h3>\n<p>Tienes curiosidad y ganas de descubrir la comarca de <strong>la Selva, Girona, la Costa Brava<\/strong> y sus alrededores? Quieres pasar un buen rato descubriendo lugares, <strong>historias, curiosidades y leyendas<\/strong>? Pues est\u00e1s en el lugar correcto! <strong>Somos expertos en las zonas donde hacemos las visitas, rutas y experiencias culturales<\/strong>. Con nosotros comprobar\u00e1s que conocer nuestro pasado no es tan aburrido y que \u00a0<strong>somos una tierra con una gran historia<\/strong> y un gran futuro.<\/p>\n<p>Queremos que disfrutes con la historia y el patrimonio, que los sientas tuyos y los vivas!<\/p>\n<p><img loading=\"lazy\" decoding=\"async\" class=\"aligncenter wp-image-1143 size-medium\" src=\"http:\/\/experienciesculturals.cat\/wp-content\/uploads\/2016\/06\/portada_EC-185x300.jpg\" alt=\"portada_EC\" width=\"185\" height=\"300\" srcset=\"https:\/\/www.experienciesculturals.cat\/wp-content\/uploads\/2016\/06\/portada_EC-185x300.jpg 185w, https:\/\/www.experienciesculturals.cat\/wp-content\/uploads\/2016\/06\/portada_EC-100x162.jpg 100w, https:\/\/www.experienciesculturals.cat\/wp-content\/uploads\/2016\/06\/portada_EC-150x243.jpg 150w, https:\/\/www.experienciesculturals.cat\/wp-content\/uploads\/2016\/06\/portada_EC-200x324.jpg 200w, https:\/\/www.experienciesculturals.cat\/wp-content\/uploads\/2016\/06\/portada_EC-300x485.jpg 300w, https:\/\/www.experienciesculturals.cat\/wp-content\/uploads\/2016\/06\/portada_EC.jpg 351w\" sizes=\"(max-width: 185px) 100vw, 185px\" \/>[\/et_pb_text][\/et_pb_column][\/et_pb_row][et_pb_row _builder_version=\u00bb3.25&#8243; locked=\u00bboff\u00bb global_colors_info=\u00bb{}\u00bb][et_pb_column type=\u00bb4_4&#8243; _builder_version=\u00bb3.25&#8243; custom_padding=\u00bb|||\u00bb global_colors_info=\u00bb{}\u00bb custom_padding__hover=\u00bb|||\u00bb][et_pb_text _builder_version=\u00bb4.14.2&#8243; text_font=\u00bbLato||||||||\u00bb text_font_size=\u00bb18px\u00bb text_line_height=\u00bb1.8em\u00bb header_font=\u00bb||||||||\u00bb header_2_font=\u00bb||||||||\u00bb header_3_font=\u00bbLato|900|||||||\u00bb header_3_font_size=\u00bb26px\u00bb header_3_line_height=\u00bb1.6em\u00bb background_color=\u00bb#ffffff\u00bb text_orientation=\u00bbjustify\u00bb max_width=\u00bb800px\u00bb module_alignment=\u00bbcenter\u00bb custom_margin_tablet=\u00bb|||0px\u00bb custom_margin_phone=\u00bb-200px||\u00bb custom_margin_last_edited=\u00bboff|desktop\u00bb custom_padding=\u00bb50px|40px|50px|40px|true|true\u00bb custom_padding_tablet=\u00bb\u00bb custom_padding_phone=\u00bb30px|20px|30px|20px|true|true\u00bb custom_padding_last_edited=\u00bbon|desktop\u00bb text_font_size_tablet=\u00bb\u00bb text_font_size_phone=\u00bb15px\u00bb text_font_size_last_edited=\u00bbon|desktop\u00bb header_3_font_size_tablet=\u00bb20px\u00bb header_3_font_size_phone=\u00bb16px\u00bb header_3_font_size_last_edited=\u00bbon|desktop\u00bb custom_css_main_element=\u00bbposition: relative;\u00bb box_shadow_style=\u00bbpreset3&#8243; box_shadow_blur=\u00bb100px\u00bb box_shadow_color=\u00bbrgba(0,0,0,0.12)\u00bb text_text_align=\u00bbjustify\u00bb locked=\u00bboff\u00bb global_colors_info=\u00bb{}\u00bb]<\/p>\n<h3>\u00bfQuienes somos?<\/h3>\n<p>Somos historiadores, arque\u00f3logos y documentalistas con un <strong>gran conocimiento del territorio, de la historia y del patrimonio\u00a0 catal\u00e1n, de Girona y muy especialmente de la comarca de la Selva<\/strong>.<\/p>\n<p><strong>Somos DMC especializada en turismo cultural, hist\u00f3rico y arqueol\u00f3gico en la Selva, Girona y Costa Brava<\/strong>.<\/p>\n<p>Si quieres saber m\u00e1s de nosotros puedes consultar la web de Atri Cultura i Patrimoni SLU <a href=\"http:\/\/www.atri.cat\/empresa\">http:\/\/www.atri.cat\/empresa <\/a>[\/et_pb_text][\/et_pb_column][\/et_pb_row][et_pb_row _builder_version=\u00bb3.25&#8243; locked=\u00bboff\u00bb global_colors_info=\u00bb{}\u00bb][et_pb_column type=\u00bb4_4&#8243; _builder_version=\u00bb3.25&#8243; custom_padding=\u00bb|||\u00bb global_colors_info=\u00bb{}\u00bb custom_padding__hover=\u00bb|||\u00bb][et_pb_text _builder_version=\u00bb4.14.2&#8243; text_font=\u00bbLato||||||||\u00bb text_font_size=\u00bb18px\u00bb text_line_height=\u00bb1.8em\u00bb header_font=\u00bb||||||||\u00bb header_2_font=\u00bb||||||||\u00bb header_3_font=\u00bbLato|900|||||||\u00bb header_3_font_size=\u00bb26px\u00bb header_3_line_height=\u00bb1.6em\u00bb background_color=\u00bb#ffffff\u00bb text_orientation=\u00bbjustify\u00bb max_width=\u00bb800px\u00bb module_alignment=\u00bbcenter\u00bb custom_margin_tablet=\u00bb|||0px\u00bb custom_margin_phone=\u00bb-200px||\u00bb custom_margin_last_edited=\u00bboff|desktop\u00bb custom_padding=\u00bb50px|40px|50px|40px|true|true\u00bb custom_padding_tablet=\u00bb\u00bb custom_padding_phone=\u00bb30px|20px|30px|20px|true|true\u00bb custom_padding_last_edited=\u00bbon|desktop\u00bb text_font_size_tablet=\u00bb\u00bb text_font_size_phone=\u00bb15px\u00bb text_font_size_last_edited=\u00bbon|desktop\u00bb header_3_font_size_tablet=\u00bb20px\u00bb header_3_font_size_phone=\u00bb16px\u00bb header_3_font_size_last_edited=\u00bbon|desktop\u00bb custom_css_main_element=\u00bbposition: relative;\u00bb box_shadow_style=\u00bbpreset3&#8243; box_shadow_blur=\u00bb100px\u00bb box_shadow_color=\u00bbrgba(0,0,0,0.12)\u00bb text_text_align=\u00bbjustify\u00bb locked=\u00bboff\u00bb global_colors_info=\u00bb{}\u00bb]<\/p>\n<h3>\u00bfQu\u00e9 te ofrecemos?<\/h3>\n<p>Descubrir de forma diferente las comarcas de Girona. Adentrarte en la Selva m\u00e1s sorprendente y desconocida, emocionarte con nuestra historia y disfrutar de nuestro pa\u00eds.<\/p>\n<p><img loading=\"lazy\" decoding=\"async\" width=\"1024\" height=\"791\" class=\"aligncenter wp-image-1326 size-large\" style=\"width: 100%;\" src=\"http:\/\/experienciesculturals.cat\/wp-content\/uploads\/2017\/07\/2019_trip_exp_culturals_2-1024x791.jpg\" alt=\"2019_trip_exp_culturals_2\" srcset=\"https:\/\/www.experienciesculturals.cat\/wp-content\/uploads\/2017\/07\/2019_trip_exp_culturals_2-1024x791.jpg 1024w, https:\/\/www.experienciesculturals.cat\/wp-content\/uploads\/2017\/07\/2019_trip_exp_culturals_2-600x464.jpg 600w, https:\/\/www.experienciesculturals.cat\/wp-content\/uploads\/2017\/07\/2019_trip_exp_culturals_2-300x232.jpg 300w, https:\/\/www.experienciesculturals.cat\/wp-content\/uploads\/2017\/07\/2019_trip_exp_culturals_2-768x593.jpg 768w, https:\/\/www.experienciesculturals.cat\/wp-content\/uploads\/2017\/07\/2019_trip_exp_culturals_2-100x77.jpg 100w, https:\/\/www.experienciesculturals.cat\/wp-content\/uploads\/2017\/07\/2019_trip_exp_culturals_2-150x116.jpg 150w, https:\/\/www.experienciesculturals.cat\/wp-content\/uploads\/2017\/07\/2019_trip_exp_culturals_2-200x155.jpg 200w, https:\/\/www.experienciesculturals.cat\/wp-content\/uploads\/2017\/07\/2019_trip_exp_culturals_2-450x348.jpg 450w, https:\/\/www.experienciesculturals.cat\/wp-content\/uploads\/2017\/07\/2019_trip_exp_culturals_2-900x695.jpg 900w, https:\/\/www.experienciesculturals.cat\/wp-content\/uploads\/2017\/07\/2019_trip_exp_culturals_2.jpg 1056w\" sizes=\"(max-width: 1024px) 100vw, 1024px\" \/>[\/et_pb_text][\/et_pb_column][\/et_pb_row][et_pb_row _builder_version=\u00bb3.25&#8243; locked=\u00bboff\u00bb global_colors_info=\u00bb{}\u00bb][et_pb_column type=\u00bb4_4&#8243; _builder_version=\u00bb3.25&#8243; custom_padding=\u00bb|||\u00bb global_colors_info=\u00bb{}\u00bb custom_padding__hover=\u00bb|||\u00bb][et_pb_text _builder_version=\u00bb4.14.2&#8243; text_font=\u00bbLato||||||||\u00bb text_font_size=\u00bb18px\u00bb text_line_height=\u00bb1.8em\u00bb header_font=\u00bb||||||||\u00bb header_2_font=\u00bb||||||||\u00bb header_3_font=\u00bbLato|900|||||||\u00bb header_3_font_size=\u00bb26px\u00bb header_3_line_height=\u00bb1.6em\u00bb background_color=\u00bb#ffffff\u00bb text_orientation=\u00bbjustify\u00bb max_width=\u00bb800px\u00bb module_alignment=\u00bbcenter\u00bb custom_margin_tablet=\u00bb|||0px\u00bb custom_margin_phone=\u00bb-200px||\u00bb custom_margin_last_edited=\u00bboff|desktop\u00bb custom_padding=\u00bb50px|40px|50px|40px|true|true\u00bb custom_padding_tablet=\u00bb\u00bb custom_padding_phone=\u00bb30px|20px|30px|20px|true|true\u00bb custom_padding_last_edited=\u00bbon|desktop\u00bb text_font_size_tablet=\u00bb\u00bb text_font_size_phone=\u00bb15px\u00bb text_font_size_last_edited=\u00bbon|desktop\u00bb header_3_font_size_tablet=\u00bb20px\u00bb header_3_font_size_phone=\u00bb16px\u00bb header_3_font_size_last_edited=\u00bbon|desktop\u00bb custom_css_main_element=\u00bbposition: relative;\u00bb box_shadow_style=\u00bbpreset3&#8243; box_shadow_blur=\u00bb100px\u00bb box_shadow_color=\u00bbrgba(0,0,0,0.12)\u00bb text_text_align=\u00bbjustify\u00bb locked=\u00bboff\u00bb global_colors_info=\u00bb{}\u00bb]<\/p>\n<h3>\u00bfC\u00f3mo?<\/h3>\n<p>Con <strong>visitas, rutas y experiencias culturales<\/strong>, singulares y de proximidad, de <strong>creaci\u00f3n y producci\u00f3n propias<\/strong>, para que te emociones con nuestra historia y disfrutes de nuestro pa\u00eds. Te proponemos <strong>descubrir y disfrutar de nuestro entorno y del patrimonio cultural<\/strong> de la mano de expertos, de historiadores y de arque\u00f3logos como nunca lo has hecho!<\/p>\n<p>Estas actividades pueden ser en fechas programadas o para grupos concertados. <strong>Tambi\u00e9n ofrecemos actividades a medida<\/strong> bajo pedido para grupos y p\u00fablicos espec\u00edficos.<\/p>\n<p><img loading=\"lazy\" decoding=\"async\" width=\"703\" height=\"813\" class=\"wp-image-1164 aligncenter\" style=\"width: 100%;\" src=\"http:\/\/experienciesculturals.cat\/wp-content\/uploads\/2017\/07\/2017_caratula_experiencies_cultuarls.jpg\" alt=\"2017_caratula_experiencies_cultuarls\" srcset=\"https:\/\/www.experienciesculturals.cat\/wp-content\/uploads\/2017\/07\/2017_caratula_experiencies_cultuarls.jpg 703w, https:\/\/www.experienciesculturals.cat\/wp-content\/uploads\/2017\/07\/2017_caratula_experiencies_cultuarls-600x694.jpg 600w, https:\/\/www.experienciesculturals.cat\/wp-content\/uploads\/2017\/07\/2017_caratula_experiencies_cultuarls-259x300.jpg 259w, https:\/\/www.experienciesculturals.cat\/wp-content\/uploads\/2017\/07\/2017_caratula_experiencies_cultuarls-100x116.jpg 100w, https:\/\/www.experienciesculturals.cat\/wp-content\/uploads\/2017\/07\/2017_caratula_experiencies_cultuarls-150x173.jpg 150w, https:\/\/www.experienciesculturals.cat\/wp-content\/uploads\/2017\/07\/2017_caratula_experiencies_cultuarls-200x231.jpg 200w, https:\/\/www.experienciesculturals.cat\/wp-content\/uploads\/2017\/07\/2017_caratula_experiencies_cultuarls-300x347.jpg 300w, https:\/\/www.experienciesculturals.cat\/wp-content\/uploads\/2017\/07\/2017_caratula_experiencies_cultuarls-450x520.jpg 450w\" sizes=\"(max-width: 703px) 100vw, 703px\" \/>[\/et_pb_text][\/et_pb_column][\/et_pb_row][et_pb_row _builder_version=\u00bb3.25&#8243; locked=\u00bboff\u00bb global_colors_info=\u00bb{}\u00bb][et_pb_column type=\u00bb4_4&#8243; _builder_version=\u00bb3.25&#8243; custom_padding=\u00bb|||\u00bb global_colors_info=\u00bb{}\u00bb custom_padding__hover=\u00bb|||\u00bb][et_pb_text _builder_version=\u00bb4.14.2&#8243; text_font=\u00bbLato||||||||\u00bb text_font_size=\u00bb18px\u00bb text_line_height=\u00bb1.8em\u00bb header_font=\u00bb||||||||\u00bb header_2_font=\u00bb||||||||\u00bb header_3_font=\u00bbLato|900|||||||\u00bb header_3_font_size=\u00bb26px\u00bb header_3_line_height=\u00bb1.6em\u00bb background_color=\u00bb#ffffff\u00bb text_orientation=\u00bbjustify\u00bb max_width=\u00bb800px\u00bb module_alignment=\u00bbcenter\u00bb custom_margin_tablet=\u00bb|||0px\u00bb custom_margin_phone=\u00bb-200px||\u00bb custom_margin_last_edited=\u00bboff|desktop\u00bb custom_padding=\u00bb50px|40px|50px|40px|true|true\u00bb custom_padding_tablet=\u00bb\u00bb custom_padding_phone=\u00bb30px|20px|30px|20px|true|true\u00bb custom_padding_last_edited=\u00bbon|desktop\u00bb text_font_size_tablet=\u00bb\u00bb text_font_size_phone=\u00bb15px\u00bb text_font_size_last_edited=\u00bbon|desktop\u00bb header_3_font_size_tablet=\u00bb20px\u00bb header_3_font_size_phone=\u00bb16px\u00bb header_3_font_size_last_edited=\u00bbon|desktop\u00bb custom_css_main_element=\u00bbposition: relative;\u00bb box_shadow_style=\u00bbpreset3&#8243; box_shadow_blur=\u00bb100px\u00bb box_shadow_color=\u00bbrgba(0,0,0,0.12)\u00bb text_text_align=\u00bbjustify\u00bb locked=\u00bboff\u00bb global_colors_info=\u00bb{}\u00bb]<\/p>\n<h3>\u00bfPor qu\u00e9?<\/h3>\n<p><strong>SOBRE NOSTROS<\/strong><\/p>\n<p>&#8211; Somos una empresa familiar -de historiadores, arque\u00f3logos y documentalistas- dedicada a los servicios t\u00e9cnicos, arqueol\u00f3gicos, culturales y tur\u00edsticos desde 2013.<\/p>\n<p>&#8211; Estamos especializados y somos anfitriones en actividades de turismo cultural en la comarca de la Selva i en la Selva hist\u00f3rica (parte del Giron\u00e8s y del Maresme).<\/p>\n<p>&#8211; Nuestra misi\u00f3n es acercar y descubrir lugares e historias poco conocidas y con un gran valor cultural, hist\u00f3rico y paisaj\u00edstico.<\/p>\n<p><strong>POR QU\u00c9 CON ATRI CULTURA I PATRIMONI<\/strong><\/p>\n<ul>\n<li>Porque nuestra autenticidad es no vender humo. Tenemos lo que tenemos y nos gusta explicarlo y transmitirlo tal como es, de forma divulgativa para todos los p\u00fablicos y con rigor cient\u00edfico.<\/li>\n<li>Porque las actividades se realizan de la mano de historiadores y arque\u00f3logos, que cuentan con una larga trayectoria como profesionales de la divulgaci\u00f3n hist\u00f3rica, arqueol\u00f3gica y patrimonial.<\/li>\n<li>Porque hace a\u00f1os que realizamos excavaciones arqueol\u00f3gicas, estudios, publicaciones e investigaciones hist\u00f3ricas, y hay cosas \u00fanicas que solo nosotros os podemos explicar de primera mano.<\/li>\n<li>Porque valoramos la comarca donde hemos nacido y donde vivimos, la conocemos, y velamos para transmitir sus peque\u00f1os secretos patrimoniales y sus valores naturales y paisaj\u00edsticos.<\/li>\n<li>Porque visitando la comarca hist\u00f3rica de la Selva tambi\u00e9n favorecemos la econom\u00eda local y el producto local de proximidad.<\/li>\n<\/ul>\n<p>&nbsp;<\/p>\n<p><strong>\u21d2<\/strong><strong> Generamos conocimiento local<\/strong><\/p>\n<p>Descubrir nuestro entorno y nuestra historia es la mayor garant\u00eda de su conservaci\u00f3n, pervivencia y transmisi\u00f3n a las pr\u00f3ximas generaciones.<\/p>\n<p>Colaboramos con peque\u00f1as empresas y productores del territorio, y hacemos divulgaci\u00f3n sobre los valores patrimoniales de la comarca.<\/p>\n<p><strong>\u21d2<\/strong><strong> El arraigo al territorio<\/strong><\/p>\n<p>Ser anfitriones en nuestra tierra, donde os llevamos a descubrir rincones poco conocidos en espacios naturales y de inter\u00e9s hist\u00f3rico. Despertaros la curiosidad por nuestro pasado hist\u00f3rico colectivo y valorar porqu\u00e9 somos un pa\u00eds con mucha historia.<\/p>\n<p><strong>\u21d2<\/strong><strong> Sostenibilidad<\/strong><\/p>\n<p>En algunas visitas culturales se puede llegar en transporte p\u00fablico (principalmente tren).<br \/>\nEn otras no, porque son en espacios naturales de las Guilleries o en el macizo de Cadiretes, pero al ser actividades en grupos muy reducidos, tambi\u00e9n tenemos en cuenta la conservaci\u00f3n, preservaci\u00f3n y difusi\u00f3n del entorno natural.<\/p>\n<p>&nbsp;<\/p>\n<p><a href=\"https:\/\/www.atri.cat\/\">Atri Cultura i Patrimoni SLU<\/a> estamos adheridos a:<\/p>\n<p><img loading=\"lazy\" decoding=\"async\" width=\"1099\" height=\"156\" class=\"alignnone wp-image-1404\" style=\"width: 100%;\" src=\"http:\/\/experienciesculturals.cat\/wp-content\/uploads\/2020\/12\/2020_banner_atricultura_v2.jpg\" alt=\"2020_banner_atricultura_v2\" srcset=\"https:\/\/www.experienciesculturals.cat\/wp-content\/uploads\/2020\/12\/2020_banner_atricultura_v2.jpg 1099w, https:\/\/www.experienciesculturals.cat\/wp-content\/uploads\/2020\/12\/2020_banner_atricultura_v2-600x85.jpg 600w, https:\/\/www.experienciesculturals.cat\/wp-content\/uploads\/2020\/12\/2020_banner_atricultura_v2-300x43.jpg 300w, https:\/\/www.experienciesculturals.cat\/wp-content\/uploads\/2020\/12\/2020_banner_atricultura_v2-768x109.jpg 768w, https:\/\/www.experienciesculturals.cat\/wp-content\/uploads\/2020\/12\/2020_banner_atricultura_v2-1024x145.jpg 1024w, https:\/\/www.experienciesculturals.cat\/wp-content\/uploads\/2020\/12\/2020_banner_atricultura_v2-100x14.jpg 100w, https:\/\/www.experienciesculturals.cat\/wp-content\/uploads\/2020\/12\/2020_banner_atricultura_v2-150x21.jpg 150w, https:\/\/www.experienciesculturals.cat\/wp-content\/uploads\/2020\/12\/2020_banner_atricultura_v2-200x28.jpg 200w, https:\/\/www.experienciesculturals.cat\/wp-content\/uploads\/2020\/12\/2020_banner_atricultura_v2-450x64.jpg 450w, https:\/\/www.experienciesculturals.cat\/wp-content\/uploads\/2020\/12\/2020_banner_atricultura_v2-900x128.jpg 900w\" sizes=\"(max-width: 1099px) 100vw, 1099px\" \/>[\/et_pb_text][et_pb_image src=\u00bbhttp:\/\/experienciesculturals.cat\/wp-content\/uploads\/2021\/12\/2019_targeta_AtriCultura.jpg\u00bb title_text=\u00bb2019_targeta_AtriCultura\u00bb _builder_version=\u00bb4.14.2&#8243; _module_preset=\u00bbdefault\u00bb width=\u00bb59%\u00bb module_alignment=\u00bbcenter\u00bb global_colors_info=\u00bb{}\u00bb][\/et_pb_image][\/et_pb_column][\/et_pb_row][\/et_pb_section]<\/p>\n","protected":false},"excerpt":{"rendered":"<p>Sobre nosotros\u00bfQu\u00e9 hacemos? Tienes curiosidad y ganas de descubrir la comarca de la Selva, Girona, la Costa Brava y sus alrededores? Quieres pasar un buen rato descubriendo lugares, historias, curiosidades y leyendas? Pues est\u00e1s en el lugar correcto! Somos expertos en las zonas donde hacemos las visitas, rutas y experiencias culturales. Con nosotros comprobar\u00e1s que [&hellip;]<\/p>\n","protected":false},"author":1,"featured_media":0,"parent":0,"menu_order":0,"comment_status":"closed","ping_status":"closed","template":"","meta":{"_et_pb_use_builder":"on","_et_pb_old_content":"","_et_gb_content_width":"","footnotes":""},"class_list":["post-2804","page","type-page","status-publish","hentry"],"_links":{"self":[{"href":"https:\/\/www.experienciesculturals.cat\/es\/wp-json\/wp\/v2\/pages\/2804","targetHints":{"allow":["GET"]}}],"collection":[{"href":"https:\/\/www.experienciesculturals.cat\/es\/wp-json\/wp\/v2\/pages"}],"about":[{"href":"https:\/\/www.experienciesculturals.cat\/es\/wp-json\/wp\/v2\/types\/page"}],"author":[{"embeddable":true,"href":"https:\/\/www.experienciesculturals.cat\/es\/wp-json\/wp\/v2\/users\/1"}],"replies":[{"embeddable":true,"href":"https:\/\/www.experienciesculturals.cat\/es\/wp-json\/wp\/v2\/comments?post=2804"}],"version-history":[{"count":0,"href":"https:\/\/www.experienciesculturals.cat\/es\/wp-json\/wp\/v2\/pages\/2804\/revisions"}],"wp:attachment":[{"href":"https:\/\/www.experienciesculturals.cat\/es\/wp-json\/wp\/v2\/media?parent=2804"}],"curies":[{"name":"wp","href":"https:\/\/api.w.org\/{rel}","templated":true}]}}