{"id":2816,"date":"2021-12-15T14:19:24","date_gmt":"2021-12-15T12:19:24","guid":{"rendered":"http:\/\/experienciesculturals.cat\/atri-cultrura-visites-a-mida\/"},"modified":"2021-12-27T20:18:16","modified_gmt":"2021-12-27T18:18:16","slug":"atri-cultrura-visites-a-mida","status":"publish","type":"page","link":"https:\/\/www.experienciesculturals.cat\/es\/atri-cultrura-visites-a-mida\/","title":{"rendered":"Visitas a medida"},"content":{"rendered":"<p>[et_pb_section fb_built=\u00bb1&#8243; custom_padding_last_edited=\u00bbon|desktop\u00bb admin_label=\u00bbHeader\u00bb _builder_version=\u00bb4.14.2&#8243; background_color=\u00bb#242e42&#8243; background_image=\u00bbhttp:\/\/experienciesculturals.cat\/wp-content\/uploads\/2021\/12\/rocas-dark.jpg\u00bb background_size=\u00bbcontain\u00bb background_position=\u00bbtop_center\u00bb custom_padding=\u00bb||0px||false|false\u00bb custom_padding_tablet=\u00bb0px||5vw\u00bb custom_padding_phone=\u00bb\u00bb box_shadow_vertical_tablet=\u00bb\u00bb box_shadow_vertical_phone=\u00bb\u00bb box_shadow_vertical_last_edited=\u00bbon|tablet\u00bb locked=\u00bboff\u00bb global_colors_info=\u00bb{}\u00bb][et_pb_row _builder_version=\u00bb3.25&#8243; module_alignment=\u00bbcenter\u00bb locked=\u00bboff\u00bb global_colors_info=\u00bb{}\u00bb][et_pb_column type=\u00bb4_4&#8243; _builder_version=\u00bb3.25&#8243; custom_padding=\u00bb|||\u00bb global_colors_info=\u00bb{}\u00bb custom_padding__hover=\u00bb|||\u00bb][et_pb_text _builder_version=\u00bb4.14.2&#8243; text_font=\u00bbLato||||||||\u00bb text_font_size=\u00bb22px\u00bb text_line_height=\u00bb1.8em\u00bb header_font=\u00bbPT Serif|700|||||||\u00bb header_font_size=\u00bb80px\u00bb header_line_height=\u00bb1.2em\u00bb background_layout=\u00bbdark\u00bb text_font_size_tablet=\u00bb\u00bb text_font_size_phone=\u00bb18px\u00bb text_font_size_last_edited=\u00bbon|phone\u00bb header_font_size_tablet=\u00bb60px\u00bb header_font_size_phone=\u00bb36px\u00bb header_font_size_last_edited=\u00bbon|phone\u00bb global_colors_info=\u00bb{}\u00bb]<\/p>\n<h1>Visitas a medida<\/h1>\n<p>[\/et_pb_text][et_pb_divider color=\u00bb#ffffff\u00bb divider_weight=\u00bb5px\u00bb _builder_version=\u00bb3.23.3&#8243; max_width=\u00bb100px\u00bb locked=\u00bboff\u00bb global_colors_info=\u00bb{}\u00bb][\/et_pb_divider][\/et_pb_column][\/et_pb_row][\/et_pb_section][et_pb_section fb_built=\u00bb1&#8243; admin_label=\u00bbPromo\u00bb _builder_version=\u00bb3.24&#8243; global_colors_info=\u00bb{}\u00bb][et_pb_row _builder_version=\u00bb3.25&#8243; locked=\u00bboff\u00bb global_colors_info=\u00bb{}\u00bb][et_pb_column type=\u00bb4_4&#8243; _builder_version=\u00bb3.25&#8243; custom_padding=\u00bb|||\u00bb global_colors_info=\u00bb{}\u00bb custom_padding__hover=\u00bb|||\u00bb][et_pb_text _builder_version=\u00bb4.14.2&#8243; text_font=\u00bbLato||||||||\u00bb text_font_size=\u00bb18px\u00bb text_line_height=\u00bb1.8em\u00bb header_font=\u00bb||||||||\u00bb header_2_font=\u00bb||||||||\u00bb header_3_font=\u00bbLato|900|||||||\u00bb header_3_font_size=\u00bb26px\u00bb header_3_line_height=\u00bb1.6em\u00bb background_color=\u00bb#ffffff\u00bb text_orientation=\u00bbjustify\u00bb max_width=\u00bb800px\u00bb module_alignment=\u00bbcenter\u00bb custom_margin_tablet=\u00bb|||0px\u00bb custom_margin_phone=\u00bb-200px||\u00bb custom_margin_last_edited=\u00bboff|desktop\u00bb custom_padding=\u00bb50px|40px|50px|40px|true|true\u00bb custom_padding_tablet=\u00bb\u00bb custom_padding_phone=\u00bb30px|20px|30px|20px|true|true\u00bb custom_padding_last_edited=\u00bbon|desktop\u00bb text_font_size_tablet=\u00bb\u00bb text_font_size_phone=\u00bb15px\u00bb text_font_size_last_edited=\u00bbon|desktop\u00bb header_3_font_size_tablet=\u00bb20px\u00bb header_3_font_size_phone=\u00bb16px\u00bb header_3_font_size_last_edited=\u00bbon|desktop\u00bb custom_css_main_element=\u00bbposition: relative;\u00bb box_shadow_style=\u00bbpreset3&#8243; box_shadow_blur=\u00bb100px\u00bb box_shadow_color=\u00bbrgba(0,0,0,0.12)\u00bb text_text_align=\u00bbjustify\u00bb locked=\u00bboff\u00bb global_colors_info=\u00bb{}\u00bb]<\/p>\n<h3>Visitas, rutas y actividades a medida<\/h3>\n<p>Se ofrece la opci\u00f3n de poder realizar <strong>visitas, rutas y experiencias culturales a medida<\/strong> para <strong>grupos concertados<\/strong>. Desde Atri Cultura i Patrimoni os dise\u00f1amos la<strong> visita a medida<\/strong> seg\u00fan el tipo de actividad y tem\u00e1tica que quer\u00e1is, el grupo que se\u00e1is, vuestros intereses, vuestras inquietudes y vuestras sugerencias. Podemos crear un<strong> itinerario<\/strong> donde todo el grupo pueda disfrutar del entorno, del patrimonio y de la historia.<\/p>\n<p>Si busc\u00e1is <strong>actividades, itinerarios, visitas, rutas y experiencias culturales a medida <\/strong>para <strong>peque\u00f1os grupos o familias<\/strong>, no dud\u00e9is en consultarnos. Os podemos crear propuestas que seguro que os interesar\u00e1n!<\/p>\n<p>Nuestra profesi\u00f3n, <strong>historiadores y arque\u00f3logos<\/strong>, es nuestra pasi\u00f3n. Por ello nos gusta y disfrutamos del patrimonio, la historia y la arqueolog\u00eda, y somos unos expertos en las rutas culturales en la comarca de la Selva, el Vizcondado de Cabrera y parte de Girona.<\/p>\n<p>\u00bfQuer\u00e9is hacer una <strong>visita cultural para descubrir este magn\u00edfico patrimonio y su entorno<\/strong>? Sois una asociaci\u00f3n, un grupo de amigos o una familia, y quer\u00e9is disfrutar de las visitas y rutas culturales en la comarca de la Selva, Girona o la Costa Brava? Llamadnos o enviadnos un correo con vuestros datos y <strong>os sorprender\u00e9is de todo lo que se puede visitar<\/strong>!<\/p>\n<p>Para m\u00e1s informaci\u00f3n, contactad con nosotros: <a href=\"http:\/\/www.atri.cat\/contacte\">http:\/\/www.atri.cat\/contacte <\/a>[\/et_pb_text][\/et_pb_column][\/et_pb_row][\/et_pb_section][et_pb_section fb_built=\u00bb1&#8243; _builder_version=\u00bb4.14.2&#8243; _module_preset=\u00bbdefault\u00bb global_colors_info=\u00bb{}\u00bb][et_pb_row column_structure=\u00bb1_2,1_2&#8243; make_equal=\u00bbon\u00bb _builder_version=\u00bb4.14.2&#8243; _module_preset=\u00bbdefault\u00bb global_colors_info=\u00bb{}\u00bb][et_pb_column type=\u00bb1_2&#8243; _builder_version=\u00bb4.14.2&#8243; _module_preset=\u00bbdefault\u00bb global_colors_info=\u00bb{}\u00bb][et_pb_text _builder_version=\u00bb4.14.2&#8243; _module_preset=\u00bbdefault\u00bb global_colors_info=\u00bb{}\u00bb]<img decoding=\"async\" src=\"http:\/\/experienciesculturals.cat\/wp-content\/uploads\/2016\/11\/EC_03_Descobreix_Caldes_Viu_Termalisme_2_r.jpg\" alt=\"visita amb l'arque\u00f2leg Joan Llin\u00e0s termes romanes Caldes Malavella\" \/><\/p>\n<p><strong>Visita Cultural en las Termas Romanas de Caldes de Malavella<\/strong> (La Selva, Girona), con el arque\u00f3logo Joan Llin\u00e0s, dentro de las Jornadas Europeas de Patrimonio 2015.[\/et_pb_text][\/et_pb_column][et_pb_column type=\u00bb1_2&#8243; _builder_version=\u00bb4.14.2&#8243; _module_preset=\u00bbdefault\u00bb global_colors_info=\u00bb{}\u00bb][et_pb_text _builder_version=\u00bb4.14.2&#8243; _module_preset=\u00bbdefault\u00bb global_colors_info=\u00bb{}\u00bb]<img decoding=\"async\" src=\"http:\/\/experienciesculturals.cat\/wp-content\/uploads\/2016\/11\/EC01_Maridem_arqueologia_cervesa_Vidreres_2_r-1024x768.jpg\" alt=\"turisme cultural arqueol\u00f2gic proximitat Caldes Malavella Vidreres Blanes\" \/><\/p>\n<p>Blog Trip realizado el 12 de julio de 2016 con la Blogger Nicole Biarnes, a trav\u00e9s del <a href=\"https:\/\/ca.costabrava.org\/que-fer\/cultura\">Patronat de Turisme Costa Brava Girona<\/a> y la <a href=\"http:\/\/www.laselvaturisme.com\/patrimoni-cultura\/\">Associaci\u00f3 de Turisme la Selva<\/a>, donde hicimos parte de las <strong>Rutas Culturales de la Selva<\/strong>. Los posts de este BlogTrip son: <a href=\"http:\/\/www.freibeuter-reisen.org\/blanes-costa-brava\">http:\/\/www.freibeuter-reisen.org\/blanes-costa-brava\u00a0 <\/a><a href=\"http:\/\/www.freibeuter-reisen.org\/mittelalterliche-burgen-costa-brava\">http:\/\/www.freibeuter-reisen.org\/mittelalterliche-burgen-costa-brava <\/a><a href=\"http:\/\/www.freibeuter-reisen.org\/heisse-quellen-vichy-catalan-balneario\">http:\/\/www.freibeuter-reisen.org\/heisse-quellen-vichy-catalan-balneario<\/a>[\/et_pb_text][\/et_pb_column][\/et_pb_row][et_pb_row column_structure=\u00bb1_2,1_2&#8243; make_equal=\u00bbon\u00bb _builder_version=\u00bb4.14.2&#8243; _module_preset=\u00bbdefault\u00bb global_colors_info=\u00bb{}\u00bb][et_pb_column type=\u00bb1_2&#8243; _builder_version=\u00bb4.14.2&#8243; _module_preset=\u00bbdefault\u00bb global_colors_info=\u00bb{}\u00bb][et_pb_text _builder_version=\u00bb4.14.2&#8243; _module_preset=\u00bbdefault\u00bb global_colors_info=\u00bb{}\u00bb]<img decoding=\"async\" src=\"http:\/\/experienciesculturals.cat\/wp-content\/uploads\/2016\/11\/EC_08_Endinsat_Caldes_Balneari_Prats_03-644x1024.jpg\" alt=\"Visita arque\u00f2leg Joan Llin\u00e0s Caldes la Selva Girona\" \/><\/p>\n<p>Colaboraci\u00f3n en el rodaje de la 2a temporada del programa \u201cFora de Lloc\u201d correspondiente a la comarca de la Selva: <a href=\"http:\/\/www.foradelloc.cat\/temporada-2\/capitol-1\/\">http:\/\/www.foradelloc.cat\/temporada-2\/capitol-1\/<\/a> En este cap\u00edtulo, el invitado es Vador Llad\u00f3 (locutor de radio) y el embajador es Carles Cors (m\u00fasico y actor). El arque\u00f3logo Joan Llin\u00e0s, de <a href=\"http:\/\/www.atri.cat\/empresa\">Atri Cultura i Patrimoni<\/a>, particip\u00f3 haciendo parte de la <strong>visita cultural \u201cCaldes termal y modernista\u201d<\/strong>, en Caldes de Malavella.[\/et_pb_text][\/et_pb_column][et_pb_column type=\u00bb1_2&#8243; _builder_version=\u00bb4.14.2&#8243; _module_preset=\u00bbdefault\u00bb global_colors_info=\u00bb{}\u00bb][et_pb_text _builder_version=\u00bb4.14.2&#8243; _module_preset=\u00bbdefault\u00bb global_colors_info=\u00bb{}\u00bb]<img decoding=\"async\" src=\"http:\/\/experienciesculturals.cat\/wp-content\/uploads\/2016\/11\/20170617_blogtrip_family_2.jpg\" alt=\"El juny de 2017 vam col\u00b7laborar amb Turisme la Selva amb el Blogtrip familiar de &quot;My family passport&quot;. Podeu consultar la seva visita a: https:\/\/www.myfamilypassport.com\/2017\/06\/costa-brava-con-ninos-blanes-vidreres-sils.html\" \/><\/p>\n<p>En junio de 2017 colaboramos con Turisme la Selva con el Blogtrip familiar de \u201cMy family passport\u201d. Pod\u00e9is consultar su <strong>visita al castillo de Sant Iscle de Vidreres y al \u201cEstany de Sils\u201d<\/strong> en: <a href=\"https:\/\/www.myfamilypassport.com\/2017\/06\/costa-brava-con-ninos-blanes-vidreres-sils.html\">https:\/\/www.myfamilypassport.com\/2017\/06\/costa-brava-con-ninos-blanes-vidreres-sils.html<\/a>[\/et_pb_text][\/et_pb_column][\/et_pb_row][\/et_pb_section]<\/p>\n","protected":false},"excerpt":{"rendered":"<p>Visitas a medidaVisitas, rutas y actividades a medida Se ofrece la opci\u00f3n de poder realizar visitas, rutas y experiencias culturales a medida para grupos concertados. Desde Atri Cultura i Patrimoni os dise\u00f1amos la visita a medida seg\u00fan el tipo de actividad y tem\u00e1tica que quer\u00e1is, el grupo que se\u00e1is, vuestros intereses, vuestras inquietudes y vuestras [&hellip;]<\/p>\n","protected":false},"author":1,"featured_media":0,"parent":0,"menu_order":0,"comment_status":"closed","ping_status":"closed","template":"","meta":{"_et_pb_use_builder":"on","_et_pb_old_content":"","_et_gb_content_width":"","footnotes":""},"class_list":["post-2816","page","type-page","status-publish","hentry"],"_links":{"self":[{"href":"https:\/\/www.experienciesculturals.cat\/es\/wp-json\/wp\/v2\/pages\/2816","targetHints":{"allow":["GET"]}}],"collection":[{"href":"https:\/\/www.experienciesculturals.cat\/es\/wp-json\/wp\/v2\/pages"}],"about":[{"href":"https:\/\/www.experienciesculturals.cat\/es\/wp-json\/wp\/v2\/types\/page"}],"author":[{"embeddable":true,"href":"https:\/\/www.experienciesculturals.cat\/es\/wp-json\/wp\/v2\/users\/1"}],"replies":[{"embeddable":true,"href":"https:\/\/www.experienciesculturals.cat\/es\/wp-json\/wp\/v2\/comments?post=2816"}],"version-history":[{"count":1,"href":"https:\/\/www.experienciesculturals.cat\/es\/wp-json\/wp\/v2\/pages\/2816\/revisions"}],"predecessor-version":[{"id":5277,"href":"https:\/\/www.experienciesculturals.cat\/es\/wp-json\/wp\/v2\/pages\/2816\/revisions\/5277"}],"wp:attachment":[{"href":"https:\/\/www.experienciesculturals.cat\/es\/wp-json\/wp\/v2\/media?parent=2816"}],"curies":[{"name":"wp","href":"https:\/\/api.w.org\/{rel}","templated":true}]}}