{"id":3136,"date":"2021-12-21T10:28:53","date_gmt":"2021-12-21T08:28:53","guid":{"rendered":"http:\/\/experienciesculturals.cat\/visites-rutes-culturals-caldes-selva-girona-arqueoleg\/"},"modified":"2022-01-25T13:26:57","modified_gmt":"2022-01-25T11:26:57","slug":"visites-rutes-culturals-caldes-selva-girona-arqueoleg","status":"publish","type":"page","link":"https:\/\/www.experienciesculturals.cat\/es\/visites-rutes-culturals-caldes-selva-girona-arqueoleg\/","title":{"rendered":"Visitas culturales con el arque\u00f3logo"},"content":{"rendered":"<p>[et_pb_section fb_built=\u00bb1&#8243; custom_padding_last_edited=\u00bbon|desktop\u00bb admin_label=\u00bbHeader\u00bb _builder_version=\u00bb4.14.2&#8243; background_color=\u00bb#FFFFFF\u00bb background_image=\u00bbhttps:\/\/experienciesculturals.cat\/wp-content\/uploads\/2021\/12\/rocas-dark.jpg\u00bb background_size=\u00bbcontain\u00bb background_position=\u00bbtop_center\u00bb custom_padding=\u00bb||0px||false|false\u00bb custom_padding_tablet=\u00bb0px||5vw\u00bb custom_padding_phone=\u00bb\u00bb box_shadow_vertical_tablet=\u00bb\u00bb box_shadow_vertical_phone=\u00bb\u00bb box_shadow_vertical_last_edited=\u00bbon|tablet\u00bb locked=\u00bboff\u00bb global_colors_info=\u00bb{}\u00bb][et_pb_row _builder_version=\u00bb3.25&#8243; module_alignment=\u00bbcenter\u00bb locked=\u00bboff\u00bb global_colors_info=\u00bb{}\u00bb][et_pb_column type=\u00bb4_4&#8243; _builder_version=\u00bb3.25&#8243; custom_padding=\u00bb|||\u00bb global_colors_info=\u00bb{}\u00bb custom_padding__hover=\u00bb|||\u00bb][et_pb_text _builder_version=\u00bb4.14.2&#8243; text_font=\u00bbLato||||||||\u00bb text_font_size=\u00bb22px\u00bb text_line_height=\u00bb1.8em\u00bb header_font=\u00bbPT Serif|700|||||||\u00bb header_font_size=\u00bb80px\u00bb header_line_height=\u00bb1.2em\u00bb background_layout=\u00bbdark\u00bb text_font_size_tablet=\u00bb\u00bb text_font_size_phone=\u00bb18px\u00bb text_font_size_last_edited=\u00bbon|phone\u00bb header_font_size_tablet=\u00bb60px\u00bb header_font_size_phone=\u00bb36px\u00bb header_font_size_last_edited=\u00bbon|phone\u00bb global_colors_info=\u00bb{}\u00bb]<\/p>\n<h1>Visitas culturales con el arque\u00f3logo<\/h1>\n<p>[\/et_pb_text][et_pb_divider color=\u00bb#ffffff\u00bb divider_weight=\u00bb5px\u00bb _builder_version=\u00bb3.23.3&#8243; max_width=\u00bb100px\u00bb locked=\u00bboff\u00bb global_colors_info=\u00bb{}\u00bb][\/et_pb_divider][\/et_pb_column][\/et_pb_row][\/et_pb_section][et_pb_section fb_built=\u00bb1&#8243; disabled_on=\u00bbon|on|on\u00bb _builder_version=\u00bb4.14.2&#8243; _module_preset=\u00bbdefault\u00bb disabled=\u00bbon\u00bb global_colors_info=\u00bb{}\u00bb][et_pb_row _builder_version=\u00bb4.14.2&#8243; _module_preset=\u00bbdefault\u00bb global_colors_info=\u00bb{}\u00bb][et_pb_column type=\u00bb4_4&#8243; _builder_version=\u00bb4.14.2&#8243; _module_preset=\u00bbdefault\u00bb global_colors_info=\u00bb{}\u00bb][et_pb_text _builder_version=\u00bb4.14.2&#8243; _module_preset=\u00bbdefault\u00bb global_colors_info=\u00bb{}\u00bb]<\/p>\n<p style=\"text-align: center;\">Vols una visita diferent de veritat? Doncs no et pots perdre les nostres <span style=\"color: #800000;\"><strong>visites culturals amb l\u2019arque\u00f2leg!\u00a0<\/strong><\/span><\/p>\n<p><strong>Qui diu que la hist\u00f2ria \u00e9s avorrida i que ja est\u00e0 tot escrit<\/strong>? Quan no tenim documents escrits, <strong>l\u2019arqueologia \u00e9s imprescindible per investigar i con\u00e8ixer el passat<\/strong>! Saps que l\u2019arqueologia tamb\u00e9 \u00e9s una ci\u00e8ncia? La paraula <strong>arqueologia<\/strong> procedeix del grec <em>archaios<\/em> (vell o antic), i de <em>logos<\/em> (ci\u00e8ncia).<\/p>\n<p>Deixa\u2019t sorprendre amb les curiositats de les excavacions arqueol\u00f2giques i les troballes que s\u2019han realitzat de la m\u00e0 de l\u2019arque\u00f2leg que ho ha excavat. S\u00f3n visites \u00faniques i molt especials. Amb aquestes activitats que proposem podr\u00e0s descobrir el patrimoni cultural i hist\u00f2ric de la m\u00e0 de l\u2019arque\u00f2leg i veur\u00e0s el patrimoni amb ulls de cient\u00edfic. Tot un m\u00f3n per descobrir! Ens hi acompanyes?<br \/>\n[\/et_pb_text][\/et_pb_column][\/et_pb_row][\/et_pb_section][et_pb_section fb_built=\u00bb1&#8243; admin_label=\u00bbintroduccio\u00bb _builder_version=\u00bb4.14.2&#8243; global_colors_info=\u00bb{}\u00bb][et_pb_row column_structure=\u00bb1_2,1_2&#8243; _builder_version=\u00bb3.25&#8243; global_colors_info=\u00bb{}\u00bb][et_pb_column type=\u00bb1_2&#8243; _builder_version=\u00bb3.25&#8243; custom_padding=\u00bb|||\u00bb global_colors_info=\u00bb{}\u00bb custom_padding__hover=\u00bb|||\u00bb][et_pb_text _builder_version=\u00bb4.14.2&#8243; text_font=\u00bb||||||||\u00bb header_font=\u00bb||||||||\u00bb header_2_font=\u00bbOpen Sans||||||||\u00bb header_2_font_size=\u00bb28px\u00bb header_2_line_height=\u00bb1.2em\u00bb max_width=\u00bb600px\u00bb custom_margin=\u00bb||15px\u00bb header_2_font_size_tablet=\u00bb42px\u00bb header_2_font_size_phone=\u00bb30px\u00bb header_2_font_size_last_edited=\u00bbon|phone\u00bb global_colors_info=\u00bb{}\u00bb]<\/p>\n<h2>\u00bfQuieres una visita diferente de verdad? \u00a1Pues no te pierdas nuestras <strong>visitas culturales con el arque\u00f3logo!<\/strong><\/h2>\n<p>[\/et_pb_text][et_pb_text _builder_version=\u00bb4.14.2&#8243; text_font=\u00bbLato||||||||\u00bb text_font_size=\u00bb18px\u00bb text_line_height=\u00bb1.8em\u00bb text_font_size_tablet=\u00bb\u00bb text_font_size_phone=\u00bb15px\u00bb text_font_size_last_edited=\u00bbon|desktop\u00bb global_colors_info=\u00bb{}\u00bb]<\/p>\n<p><strong>\u00bfQuien dice que la historia es aburrida y que ya est\u00e1 todo escrito<\/strong>? \u00a1Cuando no tenemos documentos escritos, <strong>la arqueolog\u00eda es imprescindible para investigar y conocer el pasado<\/strong>! \u00bfSabes que la arqueolog\u00eda tambi\u00e9n es una ciencia? La palabra <strong>arqueolog\u00eda<\/strong> procede del griego <em>archaios<\/em> (viejo o antiguo), y de <em>logos<\/em> (ciencia).<\/p>\n<p>D\u00e9jate sorprender por las curiosidades de las excavaciones arqueol\u00f3gicas y los hallazgos que se han realizado de la mano del arque\u00f3logo que lo ha excavado. Son visitas \u00fanicas y muy especiales. Con estas actividades que proponemos podr\u00e1s descubrir el patrimonio cultural e hist\u00f3rico de la mano del arque\u00f3logo y ver\u00e1s el patrimonio con mirada de cient\u00edfico. \u00a1Todo un mundo por descubrir! \u00bfNos acompa\u00f1as?<\/p>\n<p>[\/et_pb_text][\/et_pb_column][et_pb_column type=\u00bb1_2&#8243; _builder_version=\u00bb3.25&#8243; custom_padding=\u00bb|||\u00bb global_colors_info=\u00bb{}\u00bb custom_padding__hover=\u00bb|||\u00bb][et_pb_image src=\u00bbhttps:\/\/experienciesculturals.cat\/wp-content\/uploads\/2021\/12\/collage.jpg\u00bb title_text=\u00bbcollage\u00bb _builder_version=\u00bb4.14.2&#8243; transform_translate=\u00bb36px|0px\u00bb transform_translate_linked=\u00bboff\u00bb custom_margin=\u00bb-115px||14px|||\u00bb custom_margin_tablet=\u00bb20px||\u00bb custom_margin_phone=\u00bb\u00bb custom_margin_last_edited=\u00bbon|desktop\u00bb custom_padding=\u00bb||0px|0px||\u00bb border_width_all=\u00bb30px\u00bb border_color_all=\u00bb#ffffff\u00bb box_shadow_style=\u00bbpreset3&#8243; box_shadow_horizontal=\u00bb5px\u00bb box_shadow_vertical=\u00bb25px\u00bb box_shadow_blur=\u00bb105px\u00bb box_shadow_spread=\u00bb-30px\u00bb box_shadow_color=\u00bbrgba(0,0,0,0.25)\u00bb global_colors_info=\u00bb{}\u00bb][\/et_pb_image][et_pb_text _builder_version=\u00bb4.14.2&#8243; _module_preset=\u00bbdefault\u00bb text_font_size=\u00bb13px\u00bb text_line_height=\u00bb1.35em\u00bb custom_margin=\u00bb-10px|||||\u00bb global_colors_info=\u00bb{}\u00bb]<\/p>\n<p style=\"padding-left: 40px;\"><em><strong>Visita a las termas romanas con el arque\u00f3logo de las excavaciones, en Caldes de Malavella.<\/strong> (Im\u00e1genes cedidas por el grupo \u2013 profesores jubilados del Instituto Montilivi de Girona)<\/em><\/p>\n<p>[\/et_pb_text][\/et_pb_column][\/et_pb_row][et_pb_row column_structure=\u00bb1_4,1_4,1_4,1_4&#8243; disabled_on=\u00bbon|on|on\u00bb _builder_version=\u00bb4.14.2&#8243; disabled=\u00bbon\u00bb collapsed=\u00bbon\u00bb global_colors_info=\u00bb{}\u00bb][et_pb_column type=\u00bb1_4&#8243; _builder_version=\u00bb3.25&#8243; custom_padding=\u00bb|||\u00bb global_colors_info=\u00bb{}\u00bb custom_padding__hover=\u00bb|||\u00bb][et_pb_image src=\u00bbhttps:\/\/experienciesculturals.cat\/wp-content\/uploads\/2021\/12\/sight-seeing-54.jpg\u00bb _builder_version=\u00bb3.24&#8243; global_colors_info=\u00bb{}\u00bb][\/et_pb_image][et_pb_button button_text=\u00bbDetails\u00bb button_alignment=\u00bbleft\u00bb _builder_version=\u00bb4.13.0&#8243; custom_button=\u00bbon\u00bb button_text_size=\u00bb14px\u00bb button_text_color=\u00bb#000000&#8243; button_bg_color=\u00bb#ffc600&#8243; button_border_color=\u00bbrgba(0,0,0,0)\u00bb button_border_radius=\u00bb0px\u00bb button_letter_spacing=\u00bb4px\u00bb button_font=\u00bbLato|700||on|||||\u00bb button_icon=\u00bb&#x24;||divi||400&#8243; custom_margin=\u00bb-50px||\u00bb custom_padding=\u00bb15px|40px|15px|40px|true|true\u00bb box_shadow_style=\u00bbpreset3&#8243; box_shadow_color=\u00bbrgba(0,0,0,0.12)\u00bb locked=\u00bboff\u00bb global_colors_info=\u00bb{}\u00bb][\/et_pb_button][\/et_pb_column][et_pb_column type=\u00bb1_4&#8243; _builder_version=\u00bb3.25&#8243; custom_padding=\u00bb|||\u00bb global_colors_info=\u00bb{}\u00bb custom_padding__hover=\u00bb|||\u00bb][et_pb_blurb title=\u00bbHelicopter Tour\u00bb _builder_version=\u00bb4.13.0&#8243; header_font=\u00bbLato|700|||||||\u00bb header_font_size=\u00bb16px\u00bb header_line_height=\u00bb1.4em\u00bb body_font=\u00bbLato||||||||\u00bb body_font_size=\u00bb16px\u00bb body_line_height=\u00bb1.6em\u00bb custom_margin=\u00bb|||-20px\u00bb custom_margin_tablet=\u00bb|||0px\u00bb custom_margin_phone=\u00bb\u00bb custom_margin_last_edited=\u00bbon|desktop\u00bb global_colors_info=\u00bb{}\u00bb]Lorem ipsum dolor sit amet, consectetur adipiscing. Aenean mattis ut nisl at mollis.<br \/>\n[\/et_pb_blurb][\/et_pb_column][et_pb_column type=\u00bb1_4&#8243; _builder_version=\u00bb3.25&#8243; custom_padding=\u00bb|||\u00bb global_colors_info=\u00bb{}\u00bb custom_padding__hover=\u00bb|||\u00bb][et_pb_image src=\u00bbhttps:\/\/experienciesculturals.cat\/wp-content\/uploads\/2021\/12\/sight-seeing-53.jpg\u00bb _builder_version=\u00bb3.24&#8243; locked=\u00bboff\u00bb global_colors_info=\u00bb{}\u00bb][\/et_pb_image][et_pb_button button_text=\u00bbDetails\u00bb button_alignment=\u00bbleft\u00bb _builder_version=\u00bb4.13.0&#8243; custom_button=\u00bbon\u00bb button_text_size=\u00bb14px\u00bb button_text_color=\u00bb#000000&#8243; button_bg_color=\u00bb#ffc600&#8243; button_border_color=\u00bbrgba(0,0,0,0)\u00bb button_border_radius=\u00bb0px\u00bb button_letter_spacing=\u00bb4px\u00bb button_font=\u00bbLato|700||on|||||\u00bb button_icon=\u00bb&#x24;||divi||400&#8243; custom_margin=\u00bb-50px||\u00bb custom_padding=\u00bb15px|40px|15px|40px|true|true\u00bb box_shadow_style=\u00bbpreset3&#8243; box_shadow_color=\u00bbrgba(0,0,0,0.12)\u00bb locked=\u00bboff\u00bb global_colors_info=\u00bb{}\u00bb][\/et_pb_button][\/et_pb_column][et_pb_column type=\u00bb1_4&#8243; _builder_version=\u00bb3.25&#8243; custom_padding=\u00bb|||\u00bb global_colors_info=\u00bb{}\u00bb custom_padding__hover=\u00bb|||\u00bb][et_pb_blurb title=\u00bbDowntown San Francisco\u00bb _builder_version=\u00bb4.13.0&#8243; header_font=\u00bbLato|700|||||||\u00bb header_font_size=\u00bb16px\u00bb header_line_height=\u00bb1.4em\u00bb body_font=\u00bbLato||||||||\u00bb body_font_size=\u00bb16px\u00bb body_line_height=\u00bb1.6em\u00bb custom_margin=\u00bb|||-20px\u00bb custom_margin_tablet=\u00bb|||0px\u00bb custom_margin_phone=\u00bb\u00bb custom_margin_last_edited=\u00bbon|desktop\u00bb locked=\u00bboff\u00bb global_colors_info=\u00bb{}\u00bb]Lorem ipsum dolor sit amet, consectetur adipiscing. Aenean mattis ut nisl at mollis.[\/et_pb_blurb][\/et_pb_column][\/et_pb_row][et_pb_row column_structure=\u00bb1_4,1_4,1_4,1_4&#8243; disabled_on=\u00bbon|on|on\u00bb _builder_version=\u00bb4.14.2&#8243; disabled=\u00bbon\u00bb collapsed=\u00bbon\u00bb global_colors_info=\u00bb{}\u00bb][et_pb_column type=\u00bb1_4&#8243; _builder_version=\u00bb3.25&#8243; custom_padding=\u00bb|||\u00bb global_colors_info=\u00bb{}\u00bb custom_padding__hover=\u00bb|||\u00bb][et_pb_image src=\u00bbhttps:\/\/experienciesculturals.cat\/wp-content\/uploads\/2021\/12\/sight-seeing-62.jpg\u00bb _builder_version=\u00bb3.24&#8243; global_colors_info=\u00bb{}\u00bb][\/et_pb_image][et_pb_button button_text=\u00bbDetails\u00bb button_alignment=\u00bbleft\u00bb _builder_version=\u00bb4.13.0&#8243; custom_button=\u00bbon\u00bb button_text_size=\u00bb14px\u00bb button_text_color=\u00bb#000000&#8243; button_bg_color=\u00bb#ffc600&#8243; button_border_color=\u00bbrgba(0,0,0,0)\u00bb button_border_radius=\u00bb0px\u00bb button_letter_spacing=\u00bb4px\u00bb button_font=\u00bbLato|700||on|||||\u00bb button_icon=\u00bb&#x24;||divi||400&#8243; custom_margin=\u00bb-50px||\u00bb custom_padding=\u00bb15px|40px|15px|40px|true|true\u00bb box_shadow_style=\u00bbpreset3&#8243; box_shadow_color=\u00bbrgba(0,0,0,0.12)\u00bb locked=\u00bboff\u00bb global_colors_info=\u00bb{}\u00bb][\/et_pb_button][\/et_pb_column][et_pb_column type=\u00bb1_4&#8243; _builder_version=\u00bb3.25&#8243; custom_padding=\u00bb|||\u00bb global_colors_info=\u00bb{}\u00bb custom_padding__hover=\u00bb|||\u00bb][et_pb_blurb title=\u00bbWaterfall Tour\u00bb _builder_version=\u00bb4.13.0&#8243; header_font=\u00bbLato|700|||||||\u00bb header_font_size=\u00bb16px\u00bb header_line_height=\u00bb1.4em\u00bb body_font=\u00bbLato||||||||\u00bb body_font_size=\u00bb16px\u00bb body_line_height=\u00bb1.6em\u00bb custom_margin=\u00bb|||-20px\u00bb custom_margin_tablet=\u00bb|||0px\u00bb custom_margin_phone=\u00bb\u00bb custom_margin_last_edited=\u00bbon|desktop\u00bb global_colors_info=\u00bb{}\u00bb]Lorem ipsum dolor sit amet, consectetur adipiscing. Aenean mattis ut nisl at mollis.[\/et_pb_blurb][\/et_pb_column][et_pb_column type=\u00bb1_4&#8243; _builder_version=\u00bb3.25&#8243; custom_padding=\u00bb|||\u00bb global_colors_info=\u00bb{}\u00bb custom_padding__hover=\u00bb|||\u00bb][et_pb_image src=\u00bbhttps:\/\/experienciesculturals.cat\/wp-content\/uploads\/2021\/12\/sight-seeing-61.jpg\u00bb _builder_version=\u00bb3.24&#8243; locked=\u00bboff\u00bb global_colors_info=\u00bb{}\u00bb][\/et_pb_image][et_pb_button button_text=\u00bbDetails\u00bb button_alignment=\u00bbleft\u00bb _builder_version=\u00bb4.13.0&#8243; custom_button=\u00bbon\u00bb button_text_size=\u00bb14px\u00bb button_text_color=\u00bb#000000&#8243; button_bg_color=\u00bb#ffc600&#8243; button_border_color=\u00bbrgba(0,0,0,0)\u00bb button_border_radius=\u00bb0px\u00bb button_letter_spacing=\u00bb4px\u00bb button_font=\u00bbLato|700||on|||||\u00bb button_icon=\u00bb&#x24;||divi||400&#8243; custom_margin=\u00bb-50px||\u00bb custom_padding=\u00bb15px|40px|15px|40px|true|true\u00bb box_shadow_style=\u00bbpreset3&#8243; box_shadow_color=\u00bbrgba(0,0,0,0.12)\u00bb locked=\u00bboff\u00bb global_colors_info=\u00bb{}\u00bb][\/et_pb_button][\/et_pb_column][et_pb_column type=\u00bb1_4&#8243; _builder_version=\u00bb3.25&#8243; custom_padding=\u00bb|||\u00bb global_colors_info=\u00bb{}\u00bb custom_padding__hover=\u00bb|||\u00bb][et_pb_blurb title=\u00bbNature Hike\u00bb _builder_version=\u00bb4.13.0&#8243; header_font=\u00bbLato|700|||||||\u00bb header_font_size=\u00bb16px\u00bb header_line_height=\u00bb1.4em\u00bb body_font=\u00bbLato||||||||\u00bb body_font_size=\u00bb16px\u00bb body_line_height=\u00bb1.6em\u00bb custom_margin=\u00bb|||-20px\u00bb custom_margin_tablet=\u00bb|||0px\u00bb custom_margin_phone=\u00bb\u00bb custom_margin_last_edited=\u00bbon|desktop\u00bb locked=\u00bboff\u00bb global_colors_info=\u00bb{}\u00bb]Lorem ipsum dolor sit amet, consectetur adipiscing. Aenean mattis ut nisl at mollis.[\/et_pb_blurb][\/et_pb_column][\/et_pb_row][et_pb_row disabled_on=\u00bbon|on|on\u00bb _builder_version=\u00bb4.14.2&#8243; disabled=\u00bbon\u00bb global_colors_info=\u00bb{}\u00bb][et_pb_column type=\u00bb4_4&#8243; _builder_version=\u00bb3.25&#8243; custom_padding=\u00bb|||\u00bb global_colors_info=\u00bb{}\u00bb custom_padding__hover=\u00bb|||\u00bb][et_pb_button button_text=\u00bbView More\u00bb button_alignment=\u00bbright\u00bb disabled_on=\u00bbon|on|on\u00bb _builder_version=\u00bb4.14.2&#8243; custom_button=\u00bbon\u00bb button_text_size=\u00bb14px\u00bb button_text_color=\u00bb#000000&#8243; button_bg_color=\u00bb#ffc600&#8243; button_border_color=\u00bbrgba(0,0,0,0)\u00bb button_border_radius=\u00bb0px\u00bb button_letter_spacing=\u00bb4px\u00bb button_font=\u00bbLato|700||on|||||\u00bb button_icon=\u00bb&#x24;||divi||400&#8243; custom_padding=\u00bb15px|40px|15px|40px|true|true\u00bb box_shadow_style=\u00bbpreset3&#8243; box_shadow_color=\u00bbrgba(0,0,0,0.12)\u00bb disabled=\u00bbon\u00bb global_colors_info=\u00bb{}\u00bb][\/et_pb_button][\/et_pb_column][\/et_pb_row][\/et_pb_section][et_pb_section fb_built=\u00bb1&#8243; admin_label=\u00bbEvents\u00bb _builder_version=\u00bb3.24&#8243; collapsed=\u00bboff\u00bb global_colors_info=\u00bb{}\u00bb][et_pb_row _builder_version=\u00bb4.14.2&#8243; _module_preset=\u00bbdefault\u00bb global_colors_info=\u00bb{}\u00bb][et_pb_column type=\u00bb4_4&#8243; _builder_version=\u00bb4.14.2&#8243; _module_preset=\u00bbdefault\u00bb global_colors_info=\u00bb{}\u00bb][et_pb_text _builder_version=\u00bb4.14.2&#8243; _module_preset=\u00bbdefault\u00bb text_font_size=\u00bb18px\u00bb global_colors_info=\u00bb{}\u00bb]<\/p>\n<p>Algunos ejemplos de estas visitas disponibles con el arque\u00f3logo son:<\/p>\n<p>[\/et_pb_text][et_pb_text _builder_version=\u00bb4.14.2&#8243; _module_preset=\u00bbdefault\u00bb header_4_font=\u00bb|600|||||||\u00bb header_4_font_size=\u00bb28px\u00bb custom_margin=\u00bb||-14px|||\u00bb global_colors_info=\u00bb{}\u00bb]<\/p>\n<h4>Visitas culturales con el arque\u00f3logo<\/h4>\n<p>[\/et_pb_text][\/et_pb_column][\/et_pb_row][et_pb_row column_structure=\u00bb1_3,1_3,1_3&#8243; _builder_version=\u00bb3.25&#8243; global_colors_info=\u00bb{}\u00bb][et_pb_column type=\u00bb1_3&#8243; _builder_version=\u00bb3.25&#8243; custom_padding=\u00bb|||\u00bb global_colors_info=\u00bb{}\u00bb custom_padding__hover=\u00bb|||\u00bb][et_pb_image src=\u00bbhttps:\/\/experienciesculturals.cat\/wp-content\/uploads\/2021\/12\/VC_arqueolego_caldes_romana_medieval_ES-300&#215;240.jpg\u00bb title_text=\u00bbVC_arqueolego_caldes_romana_medieval_ES\u00bb _builder_version=\u00bb4.14.2&#8243; border_width_all=\u00bb1px\u00bb global_colors_info=\u00bb{}\u00bb][\/et_pb_image][et_pb_text _builder_version=\u00bb4.14.2&#8243; text_font=\u00bb||||||||\u00bb text_line_height=\u00bb1.9em\u00bb header_3_font=\u00bbLato|700|||||||\u00bb header_3_font_size=\u00bb18px\u00bb header_3_line_height=\u00bb1.4em\u00bb custom_margin=\u00bb||\u00bb custom_margin_tablet=\u00bb||30px\u00bb custom_margin_last_edited=\u00bboff|desktop\u00bb global_colors_info=\u00bb{}\u00bb]<\/p>\n<h3>Caldes Romana y Medieval (Caldes de Malavella, la Selva, Girona)<\/h3>\n<p>[\/et_pb_text][et_pb_blurb title=\u00bbDisponible para grupos privados o concertados. Consulte disponibilidad y precio.\u00bb use_icon=\u00bbon\u00bb font_icon=\u00bb&#xe08c;||divi||400&#8243; icon_color=\u00bbrgba(145,145,145,0.55)\u00bb icon_placement=\u00bbleft\u00bb image_icon_width=\u00bb16px\u00bb _builder_version=\u00bb4.14.2&#8243; header_font=\u00bbLato||||||||\u00bb header_font_size=\u00bb14px\u00bb header_line_height=\u00bb1.3em\u00bb max_width=\u00bb400px\u00bb custom_margin=\u00bb||8px\u00bb animation=\u00bboff\u00bb icon_font_size=\u00bb16px\u00bb global_colors_info=\u00bb{}\u00bb][\/et_pb_blurb][et_pb_button button_url=\u00bb@ET-DC@eyJkeW5hbWljIjp0cnVlLCJjb250ZW50IjoicG9zdF9saW5rX3VybF9wYWdlIiwic2V0dGluZ3MiOnsicG9zdF9pZCI6IjM1NzEifX0=@\u00bb button_text=\u00bbDetalles\u00bb button_alignment=\u00bbleft\u00bb _builder_version=\u00bb4.14.6&#8243; _dynamic_attributes=\u00bbbutton_url\u00bb custom_button=\u00bbon\u00bb button_text_size=\u00bb14px\u00bb button_text_color=\u00bb#000000&#8243; button_bg_color=\u00bb#ffc600&#8243; button_border_color=\u00bbrgba(0,0,0,0)\u00bb button_border_radius=\u00bb0px\u00bb button_letter_spacing=\u00bb4px\u00bb button_font=\u00bbLato|700||on|||||\u00bb button_icon=\u00bb&#x24;||divi||400&#8243; custom_padding=\u00bb15px|40px|15px|40px|true|true\u00bb hover_enabled=\u00bb0&#8243; box_shadow_style=\u00bbpreset3&#8243; box_shadow_color=\u00bbrgba(0,0,0,0.12)\u00bb locked=\u00bboff\u00bb global_colors_info=\u00bb{}\u00bb sticky_enabled=\u00bb0&#8243;][\/et_pb_button][\/et_pb_column][et_pb_column type=\u00bb1_3&#8243; _builder_version=\u00bb3.25&#8243; custom_padding=\u00bb|||\u00bb global_colors_info=\u00bb{}\u00bb custom_padding__hover=\u00bb|||\u00bb][et_pb_image src=\u00bbhttps:\/\/experienciesculturals.cat\/wp-content\/uploads\/2021\/12\/VC_arqueolego_Caldes_Termal_Modernista_ES.jpg\u00bb title_text=\u00bbVC_arqueolego_Caldes_Termal_Modernista_ES\u00bb _builder_version=\u00bb4.14.2&#8243; border_width_all=\u00bb1px\u00bb locked=\u00bboff\u00bb global_colors_info=\u00bb{}\u00bb][\/et_pb_image][et_pb_text _builder_version=\u00bb4.14.2&#8243; text_font=\u00bb||||||||\u00bb text_line_height=\u00bb1.9em\u00bb header_3_font=\u00bbLato|700|||||||\u00bb header_3_font_size=\u00bb18px\u00bb header_3_line_height=\u00bb1.4em\u00bb custom_margin=\u00bb||\u00bb custom_margin_tablet=\u00bb||30px\u00bb custom_margin_last_edited=\u00bboff|desktop\u00bb locked=\u00bboff\u00bb global_colors_info=\u00bb{}\u00bb]<\/p>\n<h3>Caldes Termal y Modernista (Caldes de Malavella, la Selva, Girona)<\/h3>\n<p>[\/et_pb_text][et_pb_blurb title=\u00bbEs necesario inscripci\u00f3n previa, plazas limitadas.\u00bb use_icon=\u00bbon\u00bb font_icon=\u00bb&#xe08c;||divi||400&#8243; icon_color=\u00bbrgba(145,145,145,0.55)\u00bb icon_placement=\u00bbleft\u00bb image_icon_width=\u00bb16px\u00bb _builder_version=\u00bb4.14.2&#8243; header_font=\u00bbLato||||||||\u00bb header_font_size=\u00bb14px\u00bb header_line_height=\u00bb1.3em\u00bb max_width=\u00bb400px\u00bb custom_margin=\u00bb||8px\u00bb animation=\u00bboff\u00bb icon_font_size=\u00bb16px\u00bb global_colors_info=\u00bb{}\u00bb][\/et_pb_blurb][et_pb_button button_url=\u00bb@ET-DC@eyJkeW5hbWljIjp0cnVlLCJjb250ZW50IjoicG9zdF9saW5rX3VybF9wYWdlIiwic2V0dGluZ3MiOnsicG9zdF9pZCI6IjM1NjQifX0=@\u00bb button_text=\u00bbDetalles\u00bb button_alignment=\u00bbleft\u00bb _builder_version=\u00bb4.14.6&#8243; _dynamic_attributes=\u00bbbutton_url\u00bb custom_button=\u00bbon\u00bb button_text_size=\u00bb14px\u00bb button_text_color=\u00bb#000000&#8243; button_bg_color=\u00bb#ffc600&#8243; button_border_color=\u00bbrgba(0,0,0,0)\u00bb button_border_radius=\u00bb0px\u00bb button_letter_spacing=\u00bb4px\u00bb button_font=\u00bbLato|700||on|||||\u00bb button_icon=\u00bb&#x24;||divi||400&#8243; custom_padding=\u00bb15px|40px|15px|40px|true|true\u00bb hover_enabled=\u00bb0&#8243; box_shadow_style=\u00bbpreset3&#8243; box_shadow_color=\u00bbrgba(0,0,0,0.12)\u00bb locked=\u00bboff\u00bb global_colors_info=\u00bb{}\u00bb sticky_enabled=\u00bb0&#8243;][\/et_pb_button][\/et_pb_column][et_pb_column type=\u00bb1_3&#8243; _builder_version=\u00bb3.25&#8243; custom_padding=\u00bb|||\u00bb global_colors_info=\u00bb{}\u00bb custom_padding__hover=\u00bb|||\u00bb][et_pb_image src=\u00bbhttps:\/\/experienciesculturals.cat\/wp-content\/uploads\/2021\/12\/VC_arqueolego_Lloret_ruta_iberos_Costa_Brava_ES-300&#215;240.jpg\u00bb title_text=\u00bbVC_arqueolego_Lloret_ruta_iberos_Costa_Brava_ES\u00bb _builder_version=\u00bb4.14.2&#8243; border_width_all=\u00bb1px\u00bb locked=\u00bboff\u00bb global_colors_info=\u00bb{}\u00bb][\/et_pb_image][et_pb_text _builder_version=\u00bb4.14.2&#8243; text_font=\u00bb||||||||\u00bb text_line_height=\u00bb1.9em\u00bb header_3_font=\u00bbLato|700|||||||\u00bb header_3_font_size=\u00bb18px\u00bb header_3_line_height=\u00bb1.4em\u00bb custom_margin=\u00bb||\u00bb custom_margin_tablet=\u00bb||30px\u00bb custom_margin_last_edited=\u00bboff|desktop\u00bb locked=\u00bboff\u00bb global_colors_info=\u00bb{}\u00bb]<\/p>\n<h3>Descubramos a los \u00edberos y el Tur\u00f3 Rod\u00f3 (Lloret de Mar, la Selva, Girona)<\/h3>\n<p>[\/et_pb_text][et_pb_blurb title=\u00bbDisponible para grupos privados o concertados. Consulte disponibilidad y precio.\u00bb use_icon=\u00bbon\u00bb font_icon=\u00bb&#xe08c;||divi||400&#8243; icon_color=\u00bbrgba(145,145,145,0.55)\u00bb icon_placement=\u00bbleft\u00bb image_icon_width=\u00bb16px\u00bb _builder_version=\u00bb4.14.2&#8243; header_font=\u00bbLato||||||||\u00bb header_font_size=\u00bb14px\u00bb header_line_height=\u00bb1.3em\u00bb max_width=\u00bb400px\u00bb custom_margin=\u00bb||8px\u00bb animation=\u00bboff\u00bb icon_font_size=\u00bb16px\u00bb locked=\u00bboff\u00bb global_colors_info=\u00bb{}\u00bb][\/et_pb_blurb][et_pb_button button_url=\u00bb@ET-DC@eyJkeW5hbWljIjp0cnVlLCJjb250ZW50IjoicG9zdF9saW5rX3VybF9wYWdlIiwic2V0dGluZ3MiOnsicG9zdF9pZCI6IjM2MTcifX0=@\u00bb button_text=\u00bbDetalles\u00bb button_alignment=\u00bbleft\u00bb _builder_version=\u00bb4.14.6&#8243; _dynamic_attributes=\u00bbbutton_url\u00bb custom_button=\u00bbon\u00bb button_text_size=\u00bb14px\u00bb button_text_color=\u00bb#000000&#8243; button_bg_color=\u00bb#ffc600&#8243; button_border_color=\u00bbrgba(0,0,0,0)\u00bb button_border_radius=\u00bb0px\u00bb button_letter_spacing=\u00bb4px\u00bb button_font=\u00bbLato|700||on|||||\u00bb button_icon=\u00bb&#x24;||divi||400&#8243; custom_padding=\u00bb15px|40px|15px|40px|true|true\u00bb hover_enabled=\u00bb0&#8243; box_shadow_style=\u00bbpreset3&#8243; box_shadow_color=\u00bbrgba(0,0,0,0.12)\u00bb locked=\u00bboff\u00bb global_colors_info=\u00bb{}\u00bb sticky_enabled=\u00bb0&#8243;][\/et_pb_button][\/et_pb_column][\/et_pb_row][\/et_pb_section][et_pb_section fb_built=\u00bb1&#8243; admin_label=\u00bbEvents\u00bb _builder_version=\u00bb3.24&#8243; global_colors_info=\u00bb{}\u00bb][et_pb_row _builder_version=\u00bb4.14.2&#8243; _module_preset=\u00bbdefault\u00bb global_colors_info=\u00bb{}\u00bb][et_pb_column type=\u00bb4_4&#8243; _builder_version=\u00bb4.14.2&#8243; _module_preset=\u00bbdefault\u00bb global_colors_info=\u00bb{}\u00bb][et_pb_text _builder_version=\u00bb4.14.2&#8243; _module_preset=\u00bbdefault\u00bb header_4_font=\u00bb|700|||||||\u00bb header_4_font_size=\u00bb28px\u00bb global_colors_info=\u00bb{}\u00bb]<\/p>\n<h4 style=\"text-align: center;\"><strong>Rutas culturales con el arque\u00f3logo<\/strong><\/h4>\n<p>[\/et_pb_text][\/et_pb_column][\/et_pb_row][et_pb_row column_structure=\u00bb1_3,1_3,1_3&#8243; _builder_version=\u00bb3.25&#8243; global_colors_info=\u00bb{}\u00bb][et_pb_column type=\u00bb1_3&#8243; _builder_version=\u00bb3.25&#8243; custom_padding=\u00bb|||\u00bb global_colors_info=\u00bb{}\u00bb custom_padding__hover=\u00bb|||\u00bb][et_pb_image src=\u00bbhttps:\/\/experienciesculturals.cat\/wp-content\/uploads\/2021\/12\/RC_arqueolego_romanos_selva_caldes_Tossa_ES-1-300&#215;240.jpg\u00bb title_text=\u00bbRC_arqueolego_romanos_selva_caldes_Tossa_ES\u00bb _builder_version=\u00bb4.14.2&#8243; global_colors_info=\u00bb{}\u00bb][\/et_pb_image][et_pb_text _builder_version=\u00bb4.14.2&#8243; text_font=\u00bb||||||||\u00bb text_line_height=\u00bb1.9em\u00bb header_3_font=\u00bbLato|700|||||||\u00bb header_3_font_size=\u00bb18px\u00bb header_3_line_height=\u00bb1.4em\u00bb custom_margin=\u00bb||\u00bb custom_margin_tablet=\u00bb||30px\u00bb custom_margin_last_edited=\u00bboff|desktop\u00bb global_colors_info=\u00bb{}\u00bb]<\/p>\n<h3><strong>RUTA CULTURAL CON EL ARQUE\u00d3LOGO: <\/strong>Romanos en la Selva! De la Civitas a la Villa romana (Caldes de Malavella \u2013 Tossa de Mar, la Selva, Girona)<\/h3>\n<p>[\/et_pb_text][et_pb_blurb title=\u00bbPlazas limitadas y por orden de inscripci\u00f3n.\u00bb use_icon=\u00bbon\u00bb font_icon=\u00bb&#xe08c;||divi||400&#8243; icon_color=\u00bbrgba(145,145,145,0.55)\u00bb icon_placement=\u00bbleft\u00bb image_icon_width=\u00bb16px\u00bb _builder_version=\u00bb4.14.2&#8243; header_font=\u00bbLato||||||||\u00bb header_font_size=\u00bb14px\u00bb header_line_height=\u00bb1.3em\u00bb max_width=\u00bb400px\u00bb custom_margin=\u00bb||8px\u00bb animation=\u00bboff\u00bb icon_font_size=\u00bb16px\u00bb global_colors_info=\u00bb{}\u00bb][\/et_pb_blurb][et_pb_button button_url=\u00bb@ET-DC@eyJkeW5hbWljIjp0cnVlLCJjb250ZW50IjoicG9zdF9saW5rX3VybF9wYWdlIiwic2V0dGluZ3MiOnsicG9zdF9pZCI6IjMxMDYifX0=@\u00bb button_text=\u00bbDetalles\u00bb button_alignment=\u00bbleft\u00bb _builder_version=\u00bb4.14.2&#8243; _dynamic_attributes=\u00bbbutton_url\u00bb custom_button=\u00bbon\u00bb button_text_size=\u00bb14px\u00bb button_text_color=\u00bb#000000&#8243; button_bg_color=\u00bb#ffc600&#8243; button_border_color=\u00bbrgba(0,0,0,0)\u00bb button_border_radius=\u00bb0px\u00bb button_letter_spacing=\u00bb4px\u00bb button_font=\u00bbLato|700||on|||||\u00bb button_icon=\u00bb&#x24;||divi||400&#8243; custom_padding=\u00bb15px|40px|15px|40px|true|true\u00bb box_shadow_style=\u00bbpreset3&#8243; box_shadow_color=\u00bbrgba(0,0,0,0.12)\u00bb locked=\u00bboff\u00bb global_colors_info=\u00bb{}\u00bb][\/et_pb_button][\/et_pb_column][et_pb_column type=\u00bb1_3&#8243; _builder_version=\u00bb3.25&#8243; custom_padding=\u00bb|||\u00bb global_colors_info=\u00bb{}\u00bb custom_padding__hover=\u00bb|||\u00bb][et_pb_image src=\u00bbhttps:\/\/experienciesculturals.cat\/wp-content\/uploads\/2021\/12\/RC_arqueolego_castillos_girona_ES-1-300&#215;240.jpg\u00bb title_text=\u00bbRC_arqueolego_castillos_girona_ES\u00bb _builder_version=\u00bb4.14.2&#8243; locked=\u00bboff\u00bb global_colors_info=\u00bb{}\u00bb][\/et_pb_image][et_pb_text _builder_version=\u00bb4.14.2&#8243; text_font=\u00bb||||||||\u00bb text_line_height=\u00bb1.9em\u00bb header_3_font=\u00bbLato|700|||||||\u00bb header_3_font_size=\u00bb18px\u00bb header_3_line_height=\u00bb1.4em\u00bb custom_margin=\u00bb||\u00bb custom_margin_tablet=\u00bb||30px\u00bb custom_margin_last_edited=\u00bboff|desktop\u00bb locked=\u00bboff\u00bb global_colors_info=\u00bb{}\u00bb]<\/p>\n<h3><strong>RUTA DE LOS CASTILLOS CON EL ARQUE\u00d3LOGO <\/strong>(Caldes de Malavella, Vidreres i Ma\u00e7anet de la Selva, la Selva, Girona)<\/h3>\n<p>[\/et_pb_text][et_pb_blurb title=\u00bbDisponible para grupos privados o concertados. Consulte disponibilidad y precio.\u00bb use_icon=\u00bbon\u00bb font_icon=\u00bb&#xe08c;||divi||400&#8243; icon_color=\u00bbrgba(145,145,145,0.55)\u00bb icon_placement=\u00bbleft\u00bb image_icon_width=\u00bb16px\u00bb _builder_version=\u00bb4.14.2&#8243; header_font=\u00bbLato||||||||\u00bb header_font_size=\u00bb14px\u00bb header_line_height=\u00bb1.3em\u00bb max_width=\u00bb400px\u00bb custom_margin=\u00bb||8px\u00bb animation=\u00bboff\u00bb icon_font_size=\u00bb16px\u00bb global_colors_info=\u00bb{}\u00bb][\/et_pb_blurb][et_pb_button button_url=\u00bb@ET-DC@eyJkeW5hbWljIjp0cnVlLCJjb250ZW50IjoicG9zdF9saW5rX3VybF9wYWdlIiwic2V0dGluZ3MiOnsicG9zdF9pZCI6IjMxMDAifX0=@\u00bb button_text=\u00bbDetalles\u00bb button_alignment=\u00bbleft\u00bb _builder_version=\u00bb4.14.2&#8243; _dynamic_attributes=\u00bbbutton_url\u00bb custom_button=\u00bbon\u00bb button_text_size=\u00bb14px\u00bb button_text_color=\u00bb#000000&#8243; button_bg_color=\u00bb#ffc600&#8243; button_border_color=\u00bbrgba(0,0,0,0)\u00bb button_border_radius=\u00bb0px\u00bb button_letter_spacing=\u00bb4px\u00bb button_font=\u00bbLato|700||on|||||\u00bb button_icon=\u00bb&#x24;||divi||400&#8243; custom_padding=\u00bb15px|40px|15px|40px|true|true\u00bb box_shadow_style=\u00bbpreset3&#8243; box_shadow_color=\u00bbrgba(0,0,0,0.12)\u00bb locked=\u00bboff\u00bb global_colors_info=\u00bb{}\u00bb][\/et_pb_button][\/et_pb_column][et_pb_column type=\u00bb1_3&#8243; _builder_version=\u00bb4.14.2&#8243; _module_preset=\u00bbdefault\u00bb global_colors_info=\u00bb{}\u00bb][et_pb_image src=\u00bbhttps:\/\/experienciesculturals.cat\/wp-content\/uploads\/2021\/12\/RC_arqueolego_castillos_vizcondado_cabrera_ES-1-300&#215;240.jpg\u00bb title_text=\u00bbRC_arqueolego_castillos_vizcondado_cabrera_ES\u00bb _builder_version=\u00bb4.14.2&#8243; locked=\u00bboff\u00bb global_colors_info=\u00bb{}\u00bb][\/et_pb_image][et_pb_text _builder_version=\u00bb4.14.2&#8243; text_font=\u00bb||||||||\u00bb text_line_height=\u00bb1.9em\u00bb header_3_font=\u00bbLato|700|||||||\u00bb header_3_font_size=\u00bb18px\u00bb header_3_line_height=\u00bb1.4em\u00bb custom_margin=\u00bb||\u00bb custom_margin_tablet=\u00bb||30px\u00bb custom_margin_last_edited=\u00bboff|desktop\u00bb locked=\u00bboff\u00bb global_colors_info=\u00bb{}\u00bb]<\/p>\n<h3><strong>RUTA DE CASTILLOS DEL VIZCONDADO DE CABRERA (Ma\u00e7anet de la Selva y Vidreres) <\/strong><\/h3>\n<p>[\/et_pb_text][et_pb_blurb title=\u00bbDisponible para grupos privados o concertados. Consulte disponibilidad y precio.\u00bb use_icon=\u00bbon\u00bb font_icon=\u00bb&#xe08c;||divi||400&#8243; icon_color=\u00bbrgba(145,145,145,0.55)\u00bb icon_placement=\u00bbleft\u00bb image_icon_width=\u00bb16px\u00bb _builder_version=\u00bb4.14.2&#8243; header_font=\u00bbLato||||||||\u00bb header_font_size=\u00bb14px\u00bb header_line_height=\u00bb1.3em\u00bb max_width=\u00bb400px\u00bb custom_margin=\u00bb||8px\u00bb animation=\u00bboff\u00bb icon_font_size=\u00bb16px\u00bb global_colors_info=\u00bb{}\u00bb][\/et_pb_blurb][et_pb_button button_url=\u00bb@ET-DC@eyJkeW5hbWljIjp0cnVlLCJjb250ZW50IjoicG9zdF9saW5rX3VybF9wYWdlIiwic2V0dGluZ3MiOnsicG9zdF9pZCI6IjMwOTEifX0=@\u00bb button_text=\u00bbDetalles\u00bb button_alignment=\u00bbleft\u00bb _builder_version=\u00bb4.14.2&#8243; _dynamic_attributes=\u00bbbutton_url\u00bb custom_button=\u00bbon\u00bb button_text_size=\u00bb14px\u00bb button_text_color=\u00bb#000000&#8243; button_bg_color=\u00bb#ffc600&#8243; button_border_color=\u00bbrgba(0,0,0,0)\u00bb button_border_radius=\u00bb0px\u00bb button_letter_spacing=\u00bb4px\u00bb button_font=\u00bbLato|700||on|||||\u00bb button_icon=\u00bb&#x24;||divi||400&#8243; custom_padding=\u00bb15px|40px|15px|40px|true|true\u00bb box_shadow_style=\u00bbpreset3&#8243; box_shadow_color=\u00bbrgba(0,0,0,0.12)\u00bb locked=\u00bboff\u00bb global_colors_info=\u00bb{}\u00bb][\/et_pb_button][\/et_pb_column][\/et_pb_row][\/et_pb_section][et_pb_section fb_built=\u00bb1&#8243; admin_label=\u00bbEvents\u00bb _builder_version=\u00bb3.24&#8243; global_colors_info=\u00bb{}\u00bb][et_pb_row _builder_version=\u00bb4.14.2&#8243; _module_preset=\u00bbdefault\u00bb global_colors_info=\u00bb{}\u00bb][et_pb_column type=\u00bb4_4&#8243; _builder_version=\u00bb4.14.2&#8243; _module_preset=\u00bbdefault\u00bb global_colors_info=\u00bb{}\u00bb][et_pb_text _builder_version=\u00bb4.14.2&#8243; _module_preset=\u00bbdefault\u00bb header_4_font=\u00bb|700|||||||\u00bb header_4_font_size=\u00bb28px\u00bb global_colors_info=\u00bb{}\u00bb]<\/p>\n<h4 style=\"text-align: center;\"><strong>Experiencia Cultural con el arque\u00f3logo<\/strong><\/h4>\n<p>[\/et_pb_text][\/et_pb_column][\/et_pb_row][et_pb_row column_structure=\u00bb1_3,1_3,1_3&#8243; _builder_version=\u00bb3.25&#8243; global_colors_info=\u00bb{}\u00bb][et_pb_column type=\u00bb1_3&#8243; _builder_version=\u00bb3.25&#8243; custom_padding=\u00bb|||\u00bb global_colors_info=\u00bb{}\u00bb custom_padding__hover=\u00bb|||\u00bb][et_pb_image src=\u00bbhttps:\/\/experienciesculturals.cat\/wp-content\/uploads\/2021\/12\/VC_arqueolego_Caldes_Termal_Modernista_ES-300&#215;240.jpg\u00bb title_text=\u00bbVC_arqueolego_Caldes_Termal_Modernista_ES\u00bb _builder_version=\u00bb4.14.2&#8243; border_width_all=\u00bb1px\u00bb border_color_all=\u00bb#000000&#8243; locked=\u00bboff\u00bb global_colors_info=\u00bb{}\u00bb][\/et_pb_image][et_pb_text _builder_version=\u00bb4.14.2&#8243; text_font=\u00bb||||||||\u00bb text_line_height=\u00bb1.9em\u00bb header_3_font=\u00bbLato|700|||||||\u00bb header_3_font_size=\u00bb18px\u00bb header_3_line_height=\u00bb1.4em\u00bb custom_margin=\u00bb||\u00bb custom_margin_tablet=\u00bb||30px\u00bb custom_margin_last_edited=\u00bboff|desktop\u00bb locked=\u00bboff\u00bb global_colors_info=\u00bb{}\u00bb]<\/p>\n<h3><strong>EXPERIENCIA CULTURAL: Descubre Caldes y Vive el Termalismo<\/strong><\/h3>\n<p>[\/et_pb_text][et_pb_blurb title=\u00bbEs necesaria inscripci\u00f3n previa, plazas limitadas. Desplazamientos en coche particular.\u00bb use_icon=\u00bbon\u00bb font_icon=\u00bb&#xe08c;||divi||400&#8243; icon_color=\u00bbrgba(145,145,145,0.55)\u00bb icon_placement=\u00bbleft\u00bb image_icon_width=\u00bb16px\u00bb title_last_edited=\u00bboff|desktop\u00bb _builder_version=\u00bb4.14.2&#8243; header_font=\u00bbLato||||||||\u00bb header_font_size=\u00bb14px\u00bb header_line_height=\u00bb1.3em\u00bb max_width=\u00bb400px\u00bb custom_margin=\u00bb||8px\u00bb animation=\u00bboff\u00bb icon_font_size=\u00bb16px\u00bb global_colors_info=\u00bb{}\u00bb]<\/p>\n<p>Actualmente no est\u00e1 disponible.<\/p>\n<p>[\/et_pb_blurb][et_pb_button button_text=\u00bbDetalles\u00bb button_alignment=\u00bbleft\u00bb _builder_version=\u00bb4.14.2&#8243; custom_button=\u00bbon\u00bb button_text_size=\u00bb14px\u00bb button_text_color=\u00bb#000000&#8243; button_bg_color=\u00bb#ffc600&#8243; button_border_color=\u00bbrgba(0,0,0,0)\u00bb button_border_radius=\u00bb0px\u00bb button_letter_spacing=\u00bb4px\u00bb button_font=\u00bbLato|700||on|||||\u00bb button_icon=\u00bb&#x24;||divi||400&#8243; custom_padding=\u00bb15px|40px|15px|40px|true|true\u00bb box_shadow_style=\u00bbpreset3&#8243; box_shadow_color=\u00bbrgba(0,0,0,0.12)\u00bb locked=\u00bboff\u00bb global_colors_info=\u00bb{}\u00bb][\/et_pb_button][\/et_pb_column][et_pb_column type=\u00bb1_3&#8243; _builder_version=\u00bb4.14.2&#8243; _module_preset=\u00bbdefault\u00bb global_colors_info=\u00bb{}\u00bb][et_pb_image src=\u00bbhttps:\/\/experienciesculturals.cat\/wp-content\/uploads\/2021\/12\/RC_arqueoleg_castells_vescomtat_cabrera.jpg\u00bb title_text=\u00bbRC_arqueoleg_castells_vescomtat_cabrera\u00bb _builder_version=\u00bb4.14.2&#8243; locked=\u00bboff\u00bb global_colors_info=\u00bb{}\u00bb][\/et_pb_image][et_pb_text _builder_version=\u00bb4.14.2&#8243; text_font=\u00bb||||||||\u00bb text_line_height=\u00bb1.9em\u00bb header_3_font=\u00bbLato|700|||||||\u00bb header_3_font_size=\u00bb18px\u00bb header_3_line_height=\u00bb1.4em\u00bb custom_margin=\u00bb||\u00bb custom_margin_tablet=\u00bb||30px\u00bb custom_margin_last_edited=\u00bboff|desktop\u00bb locked=\u00bboff\u00bb global_colors_info=\u00bb{}\u00bb]<\/p>\n<h3><strong>EXPERIENCIA CULTURAL: El descubrimiento de un castillo a trav\u00e9s de la arqueolog\u00eda (Vidreres, la Selva &#8211; Girona)<\/strong><\/h3>\n<p>[\/et_pb_text][et_pb_blurb title=\u00bbEs necesaria inscripci\u00f3n previa, plazas limitadas. Desplazamientos en coche particular.\u00bb use_icon=\u00bbon\u00bb font_icon=\u00bb&#xe08c;||divi||400&#8243; icon_color=\u00bbrgba(145,145,145,0.55)\u00bb icon_placement=\u00bbleft\u00bb image_icon_width=\u00bb16px\u00bb _builder_version=\u00bb4.14.2&#8243; header_font=\u00bbLato||||||||\u00bb header_font_size=\u00bb14px\u00bb header_line_height=\u00bb1.3em\u00bb max_width=\u00bb400px\u00bb custom_margin=\u00bb||8px\u00bb animation=\u00bboff\u00bb icon_font_size=\u00bb16px\u00bb global_colors_info=\u00bb{}\u00bb]<\/p>\n<p>Actualmente no est\u00e1 disponible.<\/p>\n<p>[\/et_pb_blurb][et_pb_button button_text=\u00bbDetalles\u00bb button_alignment=\u00bbleft\u00bb _builder_version=\u00bb4.14.2&#8243; custom_button=\u00bbon\u00bb button_text_size=\u00bb14px\u00bb button_text_color=\u00bb#000000&#8243; button_bg_color=\u00bb#ffc600&#8243; button_border_color=\u00bbrgba(0,0,0,0)\u00bb button_border_radius=\u00bb0px\u00bb button_letter_spacing=\u00bb4px\u00bb button_font=\u00bbLato|700||on|||||\u00bb button_icon=\u00bb&#x24;||divi||400&#8243; custom_padding=\u00bb15px|40px|15px|40px|true|true\u00bb box_shadow_style=\u00bbpreset3&#8243; box_shadow_color=\u00bbrgba(0,0,0,0.12)\u00bb locked=\u00bboff\u00bb global_colors_info=\u00bb{}\u00bb][\/et_pb_button][\/et_pb_column][et_pb_column type=\u00bb1_3&#8243; _builder_version=\u00bb4.14.2&#8243; _module_preset=\u00bbdefault\u00bb global_colors_info=\u00bb{}\u00bb][\/et_pb_column][\/et_pb_row][\/et_pb_section][et_pb_section fb_built=\u00bb1&#8243; disabled_on=\u00bbon|on|on\u00bb _builder_version=\u00bb4.14.2&#8243; _module_preset=\u00bbdefault\u00bb disabled=\u00bbon\u00bb global_colors_info=\u00bb{}\u00bb][et_pb_row column_structure=\u00bb1_2,1_2&#8243; _builder_version=\u00bb4.14.2&#8243; _module_preset=\u00bbdefault\u00bb global_colors_info=\u00bb{}\u00bb][et_pb_column type=\u00bb1_2&#8243; _builder_version=\u00bb4.14.2&#8243; _module_preset=\u00bbdefault\u00bb global_colors_info=\u00bb{}\u00bb][et_pb_text _builder_version=\u00bb4.14.2&#8243; _module_preset=\u00bbdefault\u00bb global_colors_info=\u00bb{}\u00bb]<img decoding=\"async\" style=\"width: 100%;\" src=\"https:\/\/experienciesculturals.cat\/wp-content\/uploads\/2020\/06\/2019_Visita_arqueoleg_castell.jpg\" alt=\"2019_Visita_arqueoleg_castell\" \/><br \/>\n<strong>Visita al castell de St. Iscle amb l\u2019arque\u00f2leg, dins les activitats de la Festa Petita de Vidreres 2019. <\/strong><br \/>\n(Fotografies gentilesa de l\u2019Assumpta)[\/et_pb_text][\/et_pb_column][et_pb_column type=\u00bb1_2&#8243; _builder_version=\u00bb4.14.2&#8243; _module_preset=\u00bbdefault\u00bb global_colors_info=\u00bb{}\u00bb][et_pb_text _builder_version=\u00bb4.14.2&#8243; _module_preset=\u00bbdefault\u00bb global_colors_info=\u00bb{}\u00bb]<img decoding=\"async\" style=\"width: 100%;\" src=\"https:\/\/experienciesculturals.cat\/wp-content\/uploads\/2020\/06\/Visita_arqueoleg_caldes_malavella.jpg\" alt=\"Visita_arqueoleg_caldes_malavella\" \/><br \/>\n<strong>Visita a les termes romanes amb l\u2019arque\u00f2leg de les excavacions, a Caldes de Malavella. <\/strong><br \/>\n(Imatges cedides pel grup \u2013 professors jubilats de l\u2019Institut Montilivi de Girona)[\/et_pb_text][\/et_pb_column][\/et_pb_row][\/et_pb_section][et_pb_section fb_built=\u00bb1&#8243; disabled_on=\u00bbon|on|on\u00bb _builder_version=\u00bb4.14.2&#8243; _module_preset=\u00bbdefault\u00bb disabled=\u00bbon\u00bb global_colors_info=\u00bb{}\u00bb][et_pb_row _builder_version=\u00bb4.14.2&#8243; _module_preset=\u00bbdefault\u00bb global_colors_info=\u00bb{}\u00bb][et_pb_column type=\u00bb4_4&#8243; _builder_version=\u00bb4.14.2&#8243; _module_preset=\u00bbdefault\u00bb global_colors_info=\u00bb{}\u00bb][et_pb_text _builder_version=\u00bb4.14.2&#8243; _module_preset=\u00bbdefault\u00bb global_colors_info=\u00bb{}\u00bb]Descobreix el patrimoni cultural de la m\u00e0 de l\u2019arque\u00f2leg i veur\u00e0s el patrimoni amb ulls de cient\u00edfic. Saps que l\u2019arqueologia tamb\u00e9 \u00e9s una ci\u00e8ncia? La paraula <b>arqueologia<\/b> procedeix del grec <i>archaios<\/i> (vell o antic), i de <i>logos<\/i> (ci\u00e8ncia). Tot un m\u00f3n per descobrir! Ens hi acompanyes?<\/p>\n<p><img loading=\"lazy\" decoding=\"async\" width=\"648\" height=\"648\" class=\"size-medium wp-image-678 aligncenter\" style=\"width: 100%;\" src=\"https:\/\/experienciesculturals.cat\/wp-content\/uploads\/2020\/06\/2019_arqueoleg_Llinas.jpg\" alt=\"2019_arqueoleg_Llinas\" srcset=\"https:\/\/www.experienciesculturals.cat\/wp-content\/uploads\/2020\/06\/2019_arqueoleg_Llinas.jpg 648w, https:\/\/www.experienciesculturals.cat\/wp-content\/uploads\/2020\/06\/2019_arqueoleg_Llinas-300x300.jpg 300w, https:\/\/www.experienciesculturals.cat\/wp-content\/uploads\/2020\/06\/2019_arqueoleg_Llinas-100x100.jpg 100w, https:\/\/www.experienciesculturals.cat\/wp-content\/uploads\/2020\/06\/2019_arqueoleg_Llinas-600x600.jpg 600w, https:\/\/www.experienciesculturals.cat\/wp-content\/uploads\/2020\/06\/2019_arqueoleg_Llinas-150x150.jpg 150w, https:\/\/www.experienciesculturals.cat\/wp-content\/uploads\/2020\/06\/2019_arqueoleg_Llinas-200x200.jpg 200w, https:\/\/www.experienciesculturals.cat\/wp-content\/uploads\/2020\/06\/2019_arqueoleg_Llinas-450x450.jpg 450w\" sizes=\"(max-width: 648px) 100vw, 648px\" \/><\/p>\n<p><a href=\"https:\/\/experienciesculturals.cat\/informacio-i-reserves\/\"><strong>INFORMACI\u00d3 I RESERVES:<\/strong><\/a><br \/>\nAtri Cultura i Patrimoni SLU<br \/>\nTel. 972.470.735 \/ 603.643.525 \/ 620.969.762 \/ info@atri.cat<\/p>\n<p>Les activitats en cat\u00e0leg es poden realitzar els dies programats o per a grups concertats (privats \/ particulars) amb reserva pr\u00e8via.<\/p>\n<p><img loading=\"lazy\" decoding=\"async\" class=\"aligncenter wp-image-674 size-full\" src=\"https:\/\/experienciesculturals.cat\/wp-content\/uploads\/2016\/06\/2020_logo_ExperienciesCulturals.jpg\" alt=\"2020_logo_ExperienciesCulturals\" width=\"571\" height=\"163\" srcset=\"https:\/\/www.experienciesculturals.cat\/wp-content\/uploads\/2016\/06\/2020_logo_ExperienciesCulturals.jpg 571w, https:\/\/www.experienciesculturals.cat\/wp-content\/uploads\/2016\/06\/2020_logo_ExperienciesCulturals-300x86.jpg 300w, https:\/\/www.experienciesculturals.cat\/wp-content\/uploads\/2016\/06\/2020_logo_ExperienciesCulturals-100x29.jpg 100w, https:\/\/www.experienciesculturals.cat\/wp-content\/uploads\/2016\/06\/2020_logo_ExperienciesCulturals-150x43.jpg 150w, https:\/\/www.experienciesculturals.cat\/wp-content\/uploads\/2016\/06\/2020_logo_ExperienciesCulturals-200x57.jpg 200w, https:\/\/www.experienciesculturals.cat\/wp-content\/uploads\/2016\/06\/2020_logo_ExperienciesCulturals-450x128.jpg 450w\" sizes=\"(max-width: 571px) 100vw, 571px\" \/>[\/et_pb_text][\/et_pb_column][\/et_pb_row][\/et_pb_section]<\/p>\n","protected":false},"excerpt":{"rendered":"<p>Visitas culturales con el arque\u00f3logoVols una visita diferent de veritat? Doncs no et pots perdre les nostres visites culturals amb l\u2019arque\u00f2leg!\u00a0 Qui diu que la hist\u00f2ria \u00e9s avorrida i que ja est\u00e0 tot escrit? Quan no tenim documents escrits, l\u2019arqueologia \u00e9s imprescindible per investigar i con\u00e8ixer el passat! Saps que l\u2019arqueologia tamb\u00e9 \u00e9s una ci\u00e8ncia? [&hellip;]<\/p>\n","protected":false},"author":1,"featured_media":0,"parent":0,"menu_order":0,"comment_status":"closed","ping_status":"closed","template":"","meta":{"_et_pb_use_builder":"on","_et_pb_old_content":"","_et_gb_content_width":"","footnotes":""},"class_list":["post-3136","page","type-page","status-publish","hentry"],"_links":{"self":[{"href":"https:\/\/www.experienciesculturals.cat\/es\/wp-json\/wp\/v2\/pages\/3136","targetHints":{"allow":["GET"]}}],"collection":[{"href":"https:\/\/www.experienciesculturals.cat\/es\/wp-json\/wp\/v2\/pages"}],"about":[{"href":"https:\/\/www.experienciesculturals.cat\/es\/wp-json\/wp\/v2\/types\/page"}],"author":[{"embeddable":true,"href":"https:\/\/www.experienciesculturals.cat\/es\/wp-json\/wp\/v2\/users\/1"}],"replies":[{"embeddable":true,"href":"https:\/\/www.experienciesculturals.cat\/es\/wp-json\/wp\/v2\/comments?post=3136"}],"version-history":[{"count":1,"href":"https:\/\/www.experienciesculturals.cat\/es\/wp-json\/wp\/v2\/pages\/3136\/revisions"}],"predecessor-version":[{"id":5210,"href":"https:\/\/www.experienciesculturals.cat\/es\/wp-json\/wp\/v2\/pages\/3136\/revisions\/5210"}],"wp:attachment":[{"href":"https:\/\/www.experienciesculturals.cat\/es\/wp-json\/wp\/v2\/media?parent=3136"}],"curies":[{"name":"wp","href":"https:\/\/api.w.org\/{rel}","templated":true}]}}