{"id":4048,"date":"2022-01-04T10:39:54","date_gmt":"2022-01-04T08:39:54","guid":{"rendered":"http:\/\/experienciesculturals.cat\/?page_id=4048"},"modified":"2025-07-22T07:48:47","modified_gmt":"2025-07-22T05:48:47","slug":"descobreix-caldes-i-viu-el-termalisme-caldes-de-malavella","status":"publish","type":"page","link":"https:\/\/www.experienciesculturals.cat\/es\/descobreix-caldes-i-viu-el-termalisme-caldes-de-malavella\/","title":{"rendered":"Descubre Caldes y Vive el termalismo (Caldes de Malavella)"},"content":{"rendered":"<p>[et_pb_section fb_built=\u00bb1&#8243; custom_padding_last_edited=\u00bbon|desktop\u00bb admin_label=\u00bbHeader\u00bb _builder_version=\u00bb4.16&#8243; background_color=\u00bb#FFFFFF\u00bb background_image=\u00bbhttps:\/\/www.experienciesculturals.cat\/wp-content\/uploads\/2021\/12\/rocas-dark.jpg\u00bb background_size=\u00bbcontain\u00bb background_position=\u00bbtop_center\u00bb custom_padding=\u00bb||0px||false|false\u00bb custom_padding_tablet=\u00bb0px||5vw\u00bb custom_padding_phone=\u00bb\u00bb box_shadow_vertical_tablet=\u00bb\u00bb box_shadow_vertical_phone=\u00bb\u00bb box_shadow_vertical_last_edited=\u00bbon|tablet\u00bb locked=\u00bboff\u00bb global_colors_info=\u00bb{}\u00bb][et_pb_row _builder_version=\u00bb4.16&#8243; module_alignment=\u00bbcenter\u00bb locked=\u00bboff\u00bb global_colors_info=\u00bb{}\u00bb][et_pb_column type=\u00bb4_4&#8243; _builder_version=\u00bb4.16&#8243; custom_padding=\u00bb|||\u00bb global_colors_info=\u00bb{}\u00bb custom_padding__hover=\u00bb|||\u00bb][et_pb_text _builder_version=\u00bb4.16&#8243; text_font=\u00bbLato||||||||\u00bb text_font_size=\u00bb22px\u00bb text_line_height=\u00bb1.8em\u00bb header_font=\u00bbPT Serif|700|||||||\u00bb header_font_size=\u00bb80px\u00bb header_line_height=\u00bb1.2em\u00bb background_layout=\u00bbdark\u00bb text_font_size_tablet=\u00bb\u00bb text_font_size_phone=\u00bb18px\u00bb text_font_size_last_edited=\u00bbon|phone\u00bb header_font_size_tablet=\u00bb60px\u00bb header_font_size_phone=\u00bb36px\u00bb header_font_size_last_edited=\u00bbon|phone\u00bb global_colors_info=\u00bb{}\u00bb]<\/p>\n<h1>Experiencia cultural<\/h1>\n<p>[\/et_pb_text][et_pb_divider color=\u00bb#ffffff\u00bb divider_weight=\u00bb5px\u00bb _builder_version=\u00bb4.16&#8243; max_width=\u00bb100px\u00bb locked=\u00bboff\u00bb global_colors_info=\u00bb{}\u00bb][\/et_pb_divider][\/et_pb_column][\/et_pb_row][\/et_pb_section][et_pb_section fb_built=\u00bb1&#8243; _builder_version=\u00bb4.16&#8243; _module_preset=\u00bbdefault\u00bb global_colors_info=\u00bb{}\u00bb][et_pb_row _builder_version=\u00bb4.16&#8243; _module_preset=\u00bbdefault\u00bb global_colors_info=\u00bb{}\u00bb][et_pb_column type=\u00bb4_4&#8243; _builder_version=\u00bb4.16&#8243; _module_preset=\u00bbdefault\u00bb global_colors_info=\u00bb{}\u00bb][et_pb_text _builder_version=\u00bb4.16&#8243; text_font=\u00bbLato||||||||\u00bb text_font_size=\u00bb22px\u00bb text_line_height=\u00bb1.8em\u00bb header_font=\u00bbPT Serif|700|||||||\u00bb header_font_size=\u00bb80px\u00bb header_line_height=\u00bb1.2em\u00bb header_2_font=\u00bbOpen Sans Condensed|700|||||||\u00bb header_2_text_color=\u00bb#000000&#8243; header_2_font_size=\u00bb38px\u00bb background_layout=\u00bbdark\u00bb custom_padding=\u00bb0px|||||\u00bb text_font_size_tablet=\u00bb\u00bb text_font_size_phone=\u00bb18px\u00bb text_font_size_last_edited=\u00bbon|phone\u00bb header_font_size_tablet=\u00bb60px\u00bb header_font_size_phone=\u00bb36px\u00bb header_font_size_last_edited=\u00bbon|phone\u00bb global_colors_info=\u00bb{}\u00bb]<\/p>\n<h2>Descubre Caldes y Vive el termalismo (Caldes de Malavella)<\/h2>\n<p>[\/et_pb_text][\/et_pb_column][\/et_pb_row][\/et_pb_section][et_pb_section fb_built=\u00bb1&#8243; _builder_version=\u00bb4.16&#8243; global_colors_info=\u00bb{}\u00bb][et_pb_row column_structure=\u00bb1_2,1_2&#8243; _builder_version=\u00bb4.16&#8243; background_size=\u00bbinitial\u00bb background_position=\u00bbtop_left\u00bb background_repeat=\u00bbrepeat\u00bb global_colors_info=\u00bb{}\u00bb][et_pb_column type=\u00bb1_2&#8243; _builder_version=\u00bb4.16&#8243; custom_padding=\u00bb|||\u00bb global_colors_info=\u00bb{}\u00bb custom_padding__hover=\u00bb|||\u00bb][et_pb_text _builder_version=\u00bb4.16&#8243; background_size=\u00bbinitial\u00bb background_position=\u00bbtop_left\u00bb background_repeat=\u00bbrepeat\u00bb global_colors_info=\u00bb{}\u00bb]<\/p>\n<p>A trav\u00e9s de las Experiencias Culturales de Atri Cultura os ofrecemos disfrutar de <strong>un viaje al pasado a trav\u00e9s del patrimonio, la historia y el paisaje de la Selva hist\u00f3rica<\/strong>. Son varias propuestas para que pod\u00e1is <strong>vivir o regalar una Experiencia Cultural<\/strong>, para adentraros <strong>en la Selva<\/strong> m\u00e1s sorprendente y desconocida, donde podr\u00e9is descubrir su patrimonio cultural y natural.<\/p>\n<p><strong><em>Una experiencia \u00fanica y muy especial, ideal para grupos privados y reducidos!<\/em><\/strong><\/p>\n<p><em>*Haciendo esta actividad \/ regalo est\u00e1is apoyando a peque\u00f1as empresas familiares, como nosotros, a la vez que dais a conocer la historia y la cultura de nuestro pa\u00eds.<\/em><\/p>\n<p>[\/et_pb_text][et_pb_text _builder_version=\u00bb4.16&#8243; _module_preset=\u00bbdefault\u00bb global_colors_info=\u00bb{}\u00bb]<\/p>\n<p><strong>Descripci\u00f3n:<\/strong> Pasearemos por Caldes de Malavella descubriendo sus or\u00edgenes termales a trav\u00e9s de las termas romanas\u00a0y conociendo la arquitectura modernista vinculada al termalismo y al veraneo. Joan Llin\u00e0s, arque\u00f3logo de las \u00faltimas excavaciones en las termas y en la Urbs de <em>Aquae Calidae<\/em>, nos revelar\u00e1 los secretos de uno de los edificios romanos mejor conservados de las comarcas de Girona y de las \u00faltimas excavaciones en la ciudad romana.<\/p>\n<p>Seguidamente, en el Balneario Vichy Catalan tendremos la opci\u00f3n de vivir el termalismo de diferentes maneras. Primeramente, podremos podemos vivir la experiencia de un circuito de aguas termales -bicarbonatadas y s\u00f3dicas- del Manantial Vichy Catalan a 37\u00baC. Finalmente, podremos redondear la jornada en el restaurante Delicius del mismo balneario, donde degustaremos un men\u00fa de cocina termal.<\/p>\n<p>[\/et_pb_text][\/et_pb_column][et_pb_column type=\u00bb1_2&#8243; _builder_version=\u00bb4.16&#8243; custom_padding=\u00bb|||\u00bb global_colors_info=\u00bb{}\u00bb custom_padding__hover=\u00bb|||\u00bb][et_pb_image src=\u00bbhttps:\/\/www.experienciesculturals.cat\/wp-content\/uploads\/2021\/12\/2021_EC_Descobreix_Caldes_Viu_termalisme_ok-828&#215;1024.jpg\u00bb title_text=\u00bb2021_EC_Descobreix_Caldes_Viu_termalisme_ok\u00bb _builder_version=\u00bb4.16&#8243; _module_preset=\u00bbdefault\u00bb global_colors_info=\u00bb{}\u00bb][\/et_pb_image][et_pb_button button_url=\u00bb@ET-DC@eyJkeW5hbWljIjp0cnVlLCJjb250ZW50IjoicG9zdF9saW5rX3VybF9wcm9kdWN0Iiwic2V0dGluZ3MiOnsicG9zdF9pZCI6IjIzMDcifX0=@\u00bb button_text=\u00bbFes la teva reserva\u00bb button_alignment=\u00bbcenter\u00bb disabled_on=\u00bbon|on|on\u00bb _builder_version=\u00bb4.16&#8243; _dynamic_attributes=\u00bbbutton_url\u00bb _module_preset=\u00bbdefault\u00bb disabled=\u00bbon\u00bb global_colors_info=\u00bb{}\u00bb][\/et_pb_button][\/et_pb_column][\/et_pb_row][et_pb_row _builder_version=\u00bb4.16&#8243; _module_preset=\u00bbdefault\u00bb global_colors_info=\u00bb{}\u00bb][et_pb_column type=\u00bb4_4&#8243; _builder_version=\u00bb4.16&#8243; _module_preset=\u00bbdefault\u00bb global_colors_info=\u00bb{}\u00bb][et_pb_text _builder_version=\u00bb4.16&#8243; _module_preset=\u00bbdefault\u00bb text_font=\u00bbOpen Sans Condensed|700|||||||\u00bb text_font_size=\u00bb32px\u00bb global_colors_info=\u00bb{}\u00bb]<\/p>\n<p>\u00a1Consulta les diferentes opciones y escoge la que m\u00e1s te guste!<\/p>\n<p>[\/et_pb_text][\/et_pb_column][\/et_pb_row][et_pb_row column_structure=\u00bb1_2,1_2&#8243; _builder_version=\u00bb4.16&#8243; _module_preset=\u00bbdefault\u00bb global_colors_info=\u00bb{}\u00bb][et_pb_column type=\u00bb1_2&#8243; _builder_version=\u00bb4.16&#8243; _module_preset=\u00bbdefault\u00bb global_colors_info=\u00bb{}\u00bb][et_pb_text _builder_version=\u00bb4.16&#8243; _module_preset=\u00bbdefault\u00bb header_3_line_height=\u00bb1.3em\u00bb custom_margin=\u00bb||7px|||\u00bb global_colors_info=\u00bb{}\u00bb]<\/p>\n<h3><em><strong>Opci\u00f3n 1:<\/strong><\/em><strong> <br \/>Visita cultural Caldes Termal y Modernista con el arque\u00f3logo de las excavaciones en las Termas Romanas y en la urbs de <em>Aquae Calidae<\/em><\/strong><\/h3>\n<p>[\/et_pb_text][et_pb_text _builder_version=\u00bb4.16&#8243; _module_preset=\u00bbdefault\u00bb global_colors_info=\u00bb{}\u00bb]<\/p>\n<p><strong>Precio de la actividad:<\/strong><\/p>\n<p>30\u20ac (grupos hasta de 2 persones), 45\u20ac (grupos hasta de 5 persones); 75\u20ac (grupos de hasta 10 persones). Para grupos m\u00e1s grandes, consultar.<\/p>\n<p>[\/et_pb_text][et_pb_button button_url=\u00bb@ET-DC@eyJkeW5hbWljIjp0cnVlLCJjb250ZW50IjoicG9zdF9saW5rX3VybF9wcm9kdWN0Iiwic2V0dGluZ3MiOnsicG9zdF9pZCI6IjIxMzkifX0=@\u00bb button_text=\u00bbHaz tu reserva\u00bb button_alignment=\u00bbcenter\u00bb _builder_version=\u00bb4.16&#8243; _dynamic_attributes=\u00bbbutton_url\u00bb _module_preset=\u00bbdefault\u00bb global_colors_info=\u00bb{}\u00bb][\/et_pb_button][\/et_pb_column][et_pb_column type=\u00bb1_2&#8243; _builder_version=\u00bb4.16&#8243; _module_preset=\u00bbdefault\u00bb global_colors_info=\u00bb{}\u00bb][et_pb_text _builder_version=\u00bb4.16&#8243; _module_preset=\u00bbdefault\u00bb header_3_line_height=\u00bb1.3em\u00bb custom_margin=\u00bb||7px|||\u00bb global_colors_info=\u00bb{}\u00bb]<\/p>\n<h3><em><strong>Opci\u00f3n 2:<\/strong><\/em><strong> <br \/>Visita cultural Caldes Termal y Modernista con el arque\u00f3logo de las excavaciones en las Termas Romanas y en la urbs d&#8217;<em>Aquae Calidae<\/em>\u00a0 + circuito termal en el Balneario Vichy Catalan.<\/strong><\/h3>\n<p>[\/et_pb_text][et_pb_text _builder_version=\u00bb4.16&#8243; _module_preset=\u00bbdefault\u00bb global_colors_info=\u00bb{}\u00bb]<\/p>\n<p><strong>Precio de la actividad:<\/strong><\/p>\n<p>39\u20ac (precio por persona.\u00a0 Compra m\u00ednima de 2 personas y m\u00e1xima de 6 personas)<\/p>\n<p><strong>Observaciones:<br \/><\/strong>&#8211; Se debe llevar ropa de ba\u00f1o para acceder al circuito termal.<\/p>\n<p>[\/et_pb_text][et_pb_button button_url=\u00bb@ET-DC@eyJkeW5hbWljIjp0cnVlLCJjb250ZW50IjoicG9zdF9saW5rX3VybF9wcm9kdWN0Iiwic2V0dGluZ3MiOnsicG9zdF9pZCI6IjQwNzAifX0=@\u00bb button_text=\u00bbHaz tu reserva\u00bb button_alignment=\u00bbcenter\u00bb _builder_version=\u00bb4.16&#8243; _dynamic_attributes=\u00bbbutton_url\u00bb _module_preset=\u00bbdefault\u00bb global_colors_info=\u00bb{}\u00bb][\/et_pb_button][\/et_pb_column][\/et_pb_row][et_pb_row column_structure=\u00bb1_3,1_3,1_3&#8243; _builder_version=\u00bb4.16&#8243; _module_preset=\u00bbdefault\u00bb global_colors_info=\u00bb{}\u00bb][et_pb_column type=\u00bb1_3&#8243; _builder_version=\u00bb4.16&#8243; _module_preset=\u00bbdefault\u00bb global_colors_info=\u00bb{}\u00bb][et_pb_text _builder_version=\u00bb4.16&#8243; _module_preset=\u00bbdefault\u00bb header_3_line_height=\u00bb1.3em\u00bb custom_margin=\u00bb||8px|||\u00bb global_colors_info=\u00bb{}\u00bb]<\/p>\n<h3><em><strong>Opci\u00f3n 3 (men\u00fa almuerzo):<\/strong><\/em><strong> <br \/><\/strong><strong>Visita cultural Caldes Termal y Modernista con el arque\u00f3logo de las excavaciones en las Termas Romanas y en la urbs de <em>Aquae Calidae<\/em> + circuito termal + men\u00fa en el restaurante Delicius del Balneario Vichy Catalan<\/strong><\/h3>\n<p>[\/et_pb_text][et_pb_text _builder_version=\u00bb4.16&#8243; _module_preset=\u00bbdefault\u00bb global_colors_info=\u00bb{}\u00bb]<\/p>\n<p><strong>Precio de la actividad:<\/strong><\/p>\n<p>70\u20ac (precio por persona con opci\u00f3n del men\u00fa de almuerzo.\u00a0 Compra m\u00ednima de 2 personas y m\u00e1xima de 6 personas).<\/p>\n<p><strong>Observaciones:<br \/><\/strong>&#8211; Se debe llevar ropa de ba\u00f1o para acceder al circuito termal.<br \/>&#8211; La opci\u00f3n con el men\u00fa de almuerzo incluye 1 bebida: agua o copa de vino, cerveza o refresco<\/p>\n<p>[\/et_pb_text][et_pb_button button_url=\u00bb@ET-DC@eyJkeW5hbWljIjp0cnVlLCJjb250ZW50IjoicG9zdF9saW5rX3VybF9wcm9kdWN0Iiwic2V0dGluZ3MiOnsicG9zdF9pZCI6IjQwOTMifX0=@\u00bb button_text=\u00bbHaz tu reserva\u00bb button_alignment=\u00bbcenter\u00bb _builder_version=\u00bb4.16&#8243; _dynamic_attributes=\u00bbbutton_url\u00bb _module_preset=\u00bbdefault\u00bb global_colors_info=\u00bb{}\u00bb][\/et_pb_button][\/et_pb_column][et_pb_column type=\u00bb1_3&#8243; _builder_version=\u00bb4.16&#8243; _module_preset=\u00bbdefault\u00bb global_colors_info=\u00bb{}\u00bb][et_pb_text _builder_version=\u00bb4.16&#8243; _module_preset=\u00bbdefault\u00bb header_3_line_height=\u00bb1.3em\u00bb custom_margin=\u00bb||9px|||\u00bb global_colors_info=\u00bb{}\u00bb]<\/p>\n<h3><em><strong>Opci\u00f3n 3 (men\u00fa cena):<\/strong><\/em><strong> <br \/>Visita cultural Caldes Termal y Modernista con el arque\u00f3logo de las excavaciones en las Termas Romanas y en la urbs de <em>Aquae Calidae<\/em> + circuito termal + men\u00fa en el restaurante Delicius del Balneario Vichy Catalan<\/strong><\/h3>\n<p>[\/et_pb_text][et_pb_text _builder_version=\u00bb4.16&#8243; _module_preset=\u00bbdefault\u00bb global_colors_info=\u00bb{}\u00bb]<\/p>\n<p><strong>Precio de la actividad:<\/strong><\/p>\n<p>75\u20ac (precio por persona con opci\u00f3n del men\u00fa de cena. Compra m\u00ednima de 2 personas y m\u00e1xima de 6 personas). La opci\u00f3n con el men\u00fa de cena s\u00f3lo incluye 1 agua. Precios con IVA incluido.<\/p>\n<p><strong>Observaciones:<br \/><\/strong>&#8211; Se debe llevar ropa de ba\u00f1o para acceder al circuito termal.<br \/>&#8211; La opci\u00f3n con el men\u00fa de cena s\u00f3lo incluye 1 agua.<\/p>\n<p>[\/et_pb_text][et_pb_button button_url=\u00bb@ET-DC@eyJkeW5hbWljIjp0cnVlLCJjb250ZW50IjoicG9zdF9saW5rX3VybF9wcm9kdWN0Iiwic2V0dGluZ3MiOnsicG9zdF9pZCI6IjQxMTgifX0=@\u00bb button_text=\u00bbHaz tu reserva\u00bb button_alignment=\u00bbcenter\u00bb _builder_version=\u00bb4.16&#8243; _dynamic_attributes=\u00bbbutton_url\u00bb _module_preset=\u00bbdefault\u00bb global_colors_info=\u00bb{}\u00bb][\/et_pb_button][\/et_pb_column][et_pb_column type=\u00bb1_3&#8243; _builder_version=\u00bb4.16&#8243; _module_preset=\u00bbdefault\u00bb global_colors_info=\u00bb{}\u00bb][et_pb_image src=\u00bbhttps:\/\/www.experienciesculturals.cat\/wp-content\/uploads\/2021\/12\/EC_03_Descobreix_Caldes_Viu_Termalisme_5r.jpg\u00bb title_text=\u00bbEC_03_Descobreix_Caldes_Viu_Termalisme_5r\u00bb _builder_version=\u00bb4.16&#8243; _module_preset=\u00bbdefault\u00bb global_colors_info=\u00bb{}\u00bb][\/et_pb_image][\/et_pb_column][\/et_pb_row][et_pb_row _builder_version=\u00bb4.16&#8243; _module_preset=\u00bbdefault\u00bb custom_padding=\u00bb42px|||||\u00bb global_colors_info=\u00bb{}\u00bb][et_pb_column type=\u00bb4_4&#8243; _builder_version=\u00bb4.16&#8243; _module_preset=\u00bbdefault\u00bb global_colors_info=\u00bb{}\u00bb][et_pb_text _builder_version=\u00bb4.16&#8243; _module_preset=\u00bbdefault\u00bb text_font=\u00bbOpen Sans Condensed|700|||||||\u00bb text_font_size=\u00bb30px\u00bb custom_margin=\u00bb||-10px|||\u00bb global_colors_info=\u00bb{}\u00bb]<\/p>\n<p>Informaci\u00f3n<\/p>\n<p>[\/et_pb_text][\/et_pb_column][\/et_pb_row][et_pb_row column_structure=\u00bb1_2,1_2&#8243; _builder_version=\u00bb4.16&#8243; _module_preset=\u00bbdefault\u00bb global_colors_info=\u00bb{}\u00bb][et_pb_column type=\u00bb1_2&#8243; _builder_version=\u00bb4.16&#8243; _module_preset=\u00bbdefault\u00bb global_colors_info=\u00bb{}\u00bb][et_pb_text _builder_version=\u00bb4.27.4&#8243; _module_preset=\u00bbdefault\u00bb hover_enabled=\u00bb0&#8243; global_colors_info=\u00bb{}\u00bb sticky_enabled=\u00bb0&#8243;]<\/p>\n<p><strong>Observaciones:<\/strong> para la opci\u00f3n 2 y 3 se debe traer ropa de ba\u00f1o para acceder al circuito termal.<\/p>\n<p><strong>Municipio de la Experiencia Cultural:<\/strong> Caldes de Malavella (la Selva, Girona).<\/p>\n<p><strong>Incluye:<\/strong><\/p>\n<ul>\n<li>La realizaci\u00f3n de la Experiencia Cultural escogida con un historiador y\/o arque\u00f3logo profesional.<\/li>\n<li>Seg\u00fan la opci\u00f3n escogida (1, 2 o 3): visita, circuito termal en Balneario Vichy Catalan y almuerzo o cena en el Restaurante Delicius del mismo balneario.<\/li>\n<li>El vale se podr\u00e1 canjear hasta el 30 de noviembre del a\u00f1o en curso en una fecha concertada (grupo privado) y seg\u00fan fechas de apertura del Balneario Vichy Catalan.<\/li>\n<\/ul>\n<p><strong>Condiciones de las actividades:<\/strong><\/p>\n<p>Experiencia acondicionada en los horarios y fechas de apertura del Balneario Vichy Catalan.<br \/>Las actividades ya est\u00e1n a la venta y se pueden realizar en formato de vale regalo. Los vales son v\u00e1lidos hasta el 30 de noviembre del a\u00f1o en curso.<br \/>\u2013 Es necesario realizar la reserva con cierta antelaci\u00f3n. El mismo d\u00eda que se realiza la visita con el arque\u00f3logo se realiza el circuito termal. Nosotros gestionamos la reserva del circuito termal y\/o el comida\/cena con el Balneario Vichy Catalan de Caldes (seg\u00fan la opci\u00f3n escogida).<br \/>.\u2013 <strong>Experiencias Culturales<\/strong>: nuestras exclusivas <strong>Experiencias Culturales, son propuestas<\/strong> para vivir y descubrir la comarca de la Selva de una forma diferente y \u00fanica, de primera mano con los expertos, historiadores y arque\u00f3logos locales, donde combinamos visitas o rutas culturales con actividades l\u00fadicas o gastron\u00f3micas locales.<br \/>\u2013 Para llegar al punto de encuentro del inicio de la actividad, se puede realizar en veh\u00edculo particular o en transporte p\u00fablico (tren o autob\u00fas), no incluido en el precio de la actividad.<br \/>\u2013 Seg\u00fan la opci\u00f3n escogida de la experiencia cultural, debe tenerse en cuenta:<br \/>\u00b7 Es necesario llevar ropa de ba\u00f1o para acceder al circuito termal.<br \/>\u00b7 La opci\u00f3n con el men\u00fa de comida o cena incluye incluye aguas de Vichy Catalan (Vichy propiamente y sin gas) y servicio de pan.<br \/>\u00b7 La duraci\u00f3n de la actividad es de 1,5h aprox. (opci\u00f3n 1); 2,5h aprox. (opci\u00f3n 2); 2,5h aprox.+ comida (opci\u00f3n 3).<\/p>\n<p>[\/et_pb_text][\/et_pb_column][et_pb_column type=\u00bb1_2&#8243; _builder_version=\u00bb4.16&#8243; _module_preset=\u00bbdefault\u00bb global_colors_info=\u00bb{}\u00bb][et_pb_image src=\u00bbhttps:\/\/www.experienciesculturals.cat\/wp-content\/uploads\/2021\/12\/sight-seeing-44.png\u00bb title_text=\u00bbsight-seeing-44&#8243; _builder_version=\u00bb4.16&#8243; _module_preset=\u00bbdefault\u00bb background_image=\u00bbhttps:\/\/www.experienciesculturals.cat\/wp-content\/uploads\/2021\/12\/Caldes_arc_roma_termes.jpg\u00bb height=\u00bb798px\u00bb global_colors_info=\u00bb{}\u00bb][\/et_pb_image][\/et_pb_column][\/et_pb_row][\/et_pb_section][et_pb_section fb_built=\u00bb1&#8243; _builder_version=\u00bb4.16&#8243; _module_preset=\u00bbdefault\u00bb global_colors_info=\u00bb{}\u00bb][et_pb_row _builder_version=\u00bb4.16&#8243; _module_preset=\u00bbdefault\u00bb global_colors_info=\u00bb{}\u00bb][et_pb_column type=\u00bb4_4&#8243; _builder_version=\u00bb4.16&#8243; _module_preset=\u00bbdefault\u00bb global_colors_info=\u00bb{}\u00bb][et_pb_text _builder_version=\u00bb4.16&#8243; _module_preset=\u00bbdefault\u00bb global_colors_info=\u00bb{}\u00bb]<\/p>\n<p><strong>C\u00f3mo hacer la compra de la actividad?<\/strong><\/p>\n<p>En la secci\u00f3n de la tienda. Consultar m\u00e1s detalles en el apartado <a href=\"http:\/\/experienciesculturals.cat\/informacio-i-reserves\/\">informaci\u00f3n y reservas<\/a>.<\/p>\n<p><strong>SOBRE NOSOTROS:<\/strong><\/p>\n<ul>\n<li>Somos una empresa familiar -de historiadores, arque\u00f3logos y documentalistas- dedicada a los servicios t\u00e9cnicos, arqueol\u00f3gicos, culturales y tur\u00edsticos desde 2013.<\/li>\n<li>Estamos especializados y somos anfitriones en actividades de turismo cultural en la comarca de la Selva i en la Selva hist\u00f3rica (parte del Giron\u00e8s y del Maresme).<\/li>\n<li>Nuestra misi\u00f3n es acercar y descubrir lugares e historias poco conocidas y con un gran valor cultural, hist\u00f3rico y paisaj\u00edstico.<\/li>\n<\/ul>\n<p><strong>\u00a0<\/strong><\/p>\n<p><strong>PER QU\u00c9 CON ATRI CULTURA?<\/strong><\/p>\n<ul>\n<li>Porque nuestra autenticidad es no vender humo. Tenemos lo que tenemos y nos gusta explicarlo y transmitirlo tal como es, de forma divulgativa para todos los p\u00fablicos y con rigor cient\u00edfico.<\/li>\n<li>Porque las actividades se realizan de la mano de historiadores y arque\u00f3logos, que cuentan con una larga trayectoria como profesionales de la divulgaci\u00f3n hist\u00f3rica, arqueol\u00f3gica y patrimonial.<\/li>\n<li>Porque hace a\u00f1os que realizamos excavaciones arqueol\u00f3gicas, estudios, publicaciones e investigaciones hist\u00f3ricas, y hay cosas \u00fanicas que solo nosotros os podemos explicar de primera mano.<\/li>\n<li>Porque valoramos la comarca donde hemos nacido y donde vivimos, la conocemos, y velamos para transmitir sus peque\u00f1os secretos patrimoniales y sus valores naturales y paisaj\u00edsticos.<\/li>\n<li>Porque visitando la comarca hist\u00f3rica de la Selva tambi\u00e9n favorecemos la econom\u00eda local y el producto local de proximidad.<\/li>\n<\/ul>\n<p><strong>\u00a0<\/strong><\/p>\n<p><strong>\u21d2<\/strong><strong> Generamos conocimiento local<\/strong><\/p>\n<p>Descubrir nuestro entorno y nuestra historia es la mayor garant\u00eda de su conservaci\u00f3n, pervivencia y transmisi\u00f3n a las pr\u00f3ximas generaciones.<\/p>\n<p>Colaboramos con peque\u00f1as empresas y productores del territorio, y hacemos divulgaci\u00f3n sobre los valores patrimoniales de la comarca.<\/p>\n<p><strong>\u21d2<\/strong><strong> El arraigo al territorio<\/strong><\/p>\n<p>Ser anfitriones en nuestra tierra, donde os llevamos a descubrir rincones poco conocidos en espacios naturales y de inter\u00e9s hist\u00f3rico. Despertaros la curiosidad por nuestro pasado hist\u00f3rico colectivo y valorar porqu\u00e9 somos un pa\u00eds con mucha historia.<\/p>\n<p><strong>\u21d2<\/strong><strong> Sostenibilidad<\/strong><\/p>\n<p>En algunas visitas culturales se puede llegar en transporte p\u00fablico (principalmente tren).<br \/>En otras no, porque son en espacios naturales de las Guilleries o en el macizo de Cadiretes, pero al ser actividades en grupos muy reducidos, tambi\u00e9n tenemos en cuenta la conservaci\u00f3n, preservaci\u00f3n y difusi\u00f3n del entorno natural.<\/p>\n<p>[\/et_pb_text][\/et_pb_column][\/et_pb_row][\/et_pb_section]<\/p>\n","protected":false},"excerpt":{"rendered":"<p>Experiencia culturalDescubre Caldes y Vive el termalismo (Caldes de Malavella)A trav\u00e9s de las Experiencias Culturales de Atri Cultura os ofrecemos disfrutar de un viaje al pasado a trav\u00e9s del patrimonio, la historia y el paisaje de la Selva hist\u00f3rica. Son varias propuestas para que pod\u00e1is vivir o regalar una Experiencia Cultural, para adentraros en la [&hellip;]<\/p>\n","protected":false},"author":1,"featured_media":0,"parent":0,"menu_order":0,"comment_status":"closed","ping_status":"closed","template":"","meta":{"_et_pb_use_builder":"on","_et_pb_old_content":"<p><strong>DESCRIPCI\u00d3:<\/strong> Visitarem les termes romanes de Caldes de Malavella, de la m\u00e0 de Joan Llin\u00e0s, arque\u00f2leg i historiador, descobrirem les restes arqueol\u00f2giques de l\u2019antiga Aquae Calidae i passejarem pel nucli medieval per saber com era aquesta ciutat bimil\u00b7len\u00e0ria, tot descobrint la seva hist\u00f2ria i les seves llegendes.<\/p><p><img class=\"aligncenter wp-image-2963\" src=\"https:\/\/www.experienciesculturals.cat\/wp-content\/uploads\/2021\/12\/VC_arqueoleg_caldes_romana_medieval-1024x819.jpg\" alt=\"\" width=\"512\" height=\"410\" \/><\/p><p><strong>Condicions de l'activitat:<\/strong><\/p><p>\u2013 Activitat disponible tot l\u2019any per a grups privats amb reserva pr\u00e8via. Contacteu amb nosaltres per a m\u00e9s informaci\u00f3.<br \/>\u2013 \u00c9s necessari fer la reserva amb certa antelaci\u00f3.<\/p><p>\u2013 La durada de la visita \u00e9s de 1,5h aprox.<\/p><p>\u2013 <strong>Visites culturals:<\/strong> la majoria s\u00f3n en entorns urbans, amb predomini dels exteriors, i s\u00f3n id\u00f2nies tot l\u2019any. El mitj\u00e0 de locomoci\u00f3 \u00e9s a peu i en general s\u00f3n aptes per a tots els p\u00fablics. Per arribar al punt de trobada de l\u2019inici d\u2019aquesta activitat es pot fer en vehicle particular o en transport p\u00fablic (autob\u00fas o tren), no incl\u00f2s al preu de l\u2019activitat.<\/p><p>\u00a0<\/p><p><em>*Fent aquesta activitat esteu recolzant a petites empreses familiars, com nosaltres, alhora que doneu a con\u00e8ixer la hist\u00f2ria i la cultura del nostre pa\u00eds.<\/em><\/p><p><strong>Per a m\u00e9s informaci\u00f3 i reserves, consulteu: <\/strong><a href=\"http:\/\/experienciesculturals.cat\/informacio-i-reserves\/\">http:\/\/experienciesculturals.cat\/informacio-i-reserves\/<\/a><\/p><p>Disponible per a grups privats o concertats.<\/p>","_et_gb_content_width":"","footnotes":""},"class_list":["post-4048","page","type-page","status-publish","hentry"],"_links":{"self":[{"href":"https:\/\/www.experienciesculturals.cat\/es\/wp-json\/wp\/v2\/pages\/4048","targetHints":{"allow":["GET"]}}],"collection":[{"href":"https:\/\/www.experienciesculturals.cat\/es\/wp-json\/wp\/v2\/pages"}],"about":[{"href":"https:\/\/www.experienciesculturals.cat\/es\/wp-json\/wp\/v2\/types\/page"}],"author":[{"embeddable":true,"href":"https:\/\/www.experienciesculturals.cat\/es\/wp-json\/wp\/v2\/users\/1"}],"replies":[{"embeddable":true,"href":"https:\/\/www.experienciesculturals.cat\/es\/wp-json\/wp\/v2\/comments?post=4048"}],"version-history":[{"count":4,"href":"https:\/\/www.experienciesculturals.cat\/es\/wp-json\/wp\/v2\/pages\/4048\/revisions"}],"predecessor-version":[{"id":6114,"href":"https:\/\/www.experienciesculturals.cat\/es\/wp-json\/wp\/v2\/pages\/4048\/revisions\/6114"}],"wp:attachment":[{"href":"https:\/\/www.experienciesculturals.cat\/es\/wp-json\/wp\/v2\/media?parent=4048"}],"curies":[{"name":"wp","href":"https:\/\/api.w.org\/{rel}","templated":true}]}}